{"id":48138,"date":"2021-03-21T12:53:18","date_gmt":"2021-03-21T11:53:18","guid":{"rendered":"https:\/\/nabytoklaguna.sk\/sk\/?post_type=product&#038;p=48138"},"modified":"2026-02-23T13:01:34","modified_gmt":"2026-02-23T12:01:34","slug":"kondela-aurelia","status":"publish","type":"product","link":"https:\/\/nabytoklaguna.sk\/sk\/produkt\/kondela-aurelia\/","title":{"rendered":"K AURELIA"},"content":{"rendered":"<p><strong>Dizajnov\u00e1 pohovka Aurelia<\/strong> je \u010dal\u00fanen\u00e1 l\u00e1tkou Alfa v jemn\u00fdch pastelov\u00fdch farb\u00e1ch. Pohovka <strong>je rozkladacia<\/strong> a ur\u010dite ocen\u00edte aj <strong>ve\u013ekorys\u00fd \u00falo\u017en\u00fd<\/strong> <strong>priestor<\/strong>, ktor\u00fd t\u00e1to kr\u00e1ska pon\u00faka. Stoj\u00ed na dreven\u00fdch no\u017ei\u010dk\u00e1ch.<strong> AURELIA<\/strong> sa stane dominantou va\u0161ej ob\u00fdvacej izby, a z\u00e1rove\u0148 posl\u00fa\u017ei pri oddychu, z\u00e1bave, ale i pri pr\u00e1ci. Ob\u013e\u00faben\u00e1 je najm\u00e4 medzi milovn\u00edkmi <strong>\u0161kandin\u00e1vskeho \u0161t\u00fdlu<\/strong>. V\u00fd\u0161ka spodn\u00e9ho priestoru od podlahy je 13 cm.<\/p>\n<h3 class=\"page-product-heading\"><strong>VLASTNOSTI<\/strong><\/h3>\n<table class=\"table-data-sheet\">\n<tbody>\n<tr class=\"odd\">\n<td>H\u013abka<\/td>\n<td>100 cm<\/td>\n<\/tr>\n<tr class=\"even\">\n<td>\u0160\u00edrka<\/td>\n<td>216 cm<\/td>\n<\/tr>\n<tr class=\"odd\">\n<td>V\u00fd\u0161ka<\/td>\n<td>74 cm<\/td>\n<\/tr>\n<tr class=\"even\">\n<td>Vhodn\u00e1 miestnos\u0165<\/td>\n<td>ob\u00fdva\u010dka, spolo\u010densk\u00e1 miestnos\u0165, hotely, kaviarne<\/td>\n<\/tr>\n<tr class=\"odd\">\n<td>Typ n\u00e1bytku<\/td>\n<td>pohovka<\/td>\n<\/tr>\n<tr class=\"even\">\n<td>\u0160t\u00fdl n\u00e1bytku<\/td>\n<td>modern\u00fd<\/td>\n<\/tr>\n<tr class=\"odd\">\n<td>Z\u00e1ruka<\/td>\n<td>2 roky<\/td>\n<\/tr>\n<tr class=\"even\">\n<td>Sp\u00f4sob dodania<\/td>\n<td>demont v jednom bal\u00edku<\/td>\n<\/tr>\n<tr class=\"odd\">\n<td>Hmotnos\u0165<\/td>\n<td>120 kg<\/td>\n<\/tr>\n<tr class=\"even\">\n<td>\u00dalo\u017en\u00fd priestor<\/td>\n<td>\u00e1no<\/td>\n<\/tr>\n<tr class=\"odd\">\n<td>Rohov\u00e9 prevedenie<\/td>\n<td>nie<\/td>\n<\/tr>\n<tr class=\"even\">\n<td>V\u00fd\u0161ka sed\u00e1ka<\/td>\n<td>46 cm<\/td>\n<\/tr>\n<tr class=\"odd\">\n<td>V\u00fd\u0161ka zadn\u00e9ho \u010dela<\/td>\n<td>max.74 cm<\/td>\n<\/tr>\n<tr class=\"even\">\n<td>Mo\u017enos\u0165 rozkladania<\/td>\n<td>\u00e1no<\/td>\n<\/tr>\n<tr class=\"odd\">\n<td>Plocha po rozlo\u017een\u00ed<\/td>\n<td>155\u00d7190 cm<\/td>\n<\/tr>\n<tr class=\"even\">\n<td>Kon\u0161trukcia<\/td>\n<td>DTD<\/td>\n<\/tr>\n<tr class=\"odd\">\n<td>No\u017eky<\/td>\n<td>drevo<\/td>\n<\/tr>\n<tr class=\"even\">\n<td>Obsahuje vank\u00fa\u0161e<\/td>\n<td>\u00e1no<\/td>\n<\/tr>\n<tr class=\"odd\">\n<td>Nastavenie opierok<\/td>\n<td>nie<\/td>\n<\/tr>\n<tr class=\"even\">\n<td>V\u00fdpl\u0148 seda\u010dky<\/td>\n<td>pena+ pru\u017eina<\/td>\n<\/tr>\n<\/tbody>\n<\/table>\n<p>&nbsp;<\/p>\n<p>&nbsp;<\/p>\n<p>&nbsp;<\/p>\n","protected":false},"excerpt":{"rendered":"<p>Dizajnov\u00e1 pohovka Aurelia je \u010dal\u00fanen\u00e1 l\u00e1tkou Alfa v jemn\u00fdch pastelov\u00fdch farb\u00e1ch. Pohovka je rozkladacia a ur\u010dite ocen\u00edte aj ve\u013ekorys\u00fd \u00falo\u017en\u00fd priestor, ktor\u00fd t\u00e1to kr\u00e1ska pon\u00faka. Stoj\u00ed na dreven\u00fdch no\u017ei\u010dk\u00e1ch. AURELIA sa stane dominantou va\u0161ej ob\u00fdvacej izby, a z\u00e1rove\u0148 posl\u00fa\u017ei pri oddychu, z\u00e1bave, ale i pri pr\u00e1ci. Ob\u013e\u00faben\u00e1 je najm\u00e4 medzi milovn\u00edkmi \u0161kandin\u00e1vskeho \u0161t\u00fdlu. V\u00fd\u0161ka spodn\u00e9ho&#8230;<\/p>\n","protected":false},"featured_media":91372,"comment_status":"closed","ping_status":"closed","template":"","meta":{"_seopress_robots_primary_cat":"219","_seopress_titles_title":"","_seopress_titles_desc":"","_seopress_robots_index":""},"product_brand":[],"product_cat":[219],"product_tag":[],"class_list":{"0":"post-48138","1":"product","2":"type-product","3":"status-publish","4":"has-post-thumbnail","6":"product_cat-pohovky","7":"pa_farba-mentolova","8":"pa_farba-siva","9":"pa_farba-staroruzova","11":"first","12":"onbackorder","13":"shipping-taxable","14":"purchasable","15":"product-type-variable"},"_links":{"self":[{"href":"https:\/\/nabytoklaguna.sk\/sk\/wp-json\/wp\/v2\/product\/48138","targetHints":{"allow":["GET"]}}],"collection":[{"href":"https:\/\/nabytoklaguna.sk\/sk\/wp-json\/wp\/v2\/product"}],"about":[{"href":"https:\/\/nabytoklaguna.sk\/sk\/wp-json\/wp\/v2\/types\/product"}],"replies":[{"embeddable":true,"href":"https:\/\/nabytoklaguna.sk\/sk\/wp-json\/wp\/v2\/comments?post=48138"}],"wp:featuredmedia":[{"embeddable":true,"href":"https:\/\/nabytoklaguna.sk\/sk\/wp-json\/wp\/v2\/media\/91372"}],"wp:attachment":[{"href":"https:\/\/nabytoklaguna.sk\/sk\/wp-json\/wp\/v2\/media?parent=48138"}],"wp:term":[{"taxonomy":"product_brand","embeddable":true,"href":"https:\/\/nabytoklaguna.sk\/sk\/wp-json\/wp\/v2\/product_brand?post=48138"},{"taxonomy":"product_cat","embeddable":true,"href":"https:\/\/nabytoklaguna.sk\/sk\/wp-json\/wp\/v2\/product_cat?post=48138"},{"taxonomy":"product_tag","embeddable":true,"href":"https:\/\/nabytoklaguna.sk\/sk\/wp-json\/wp\/v2\/product_tag?post=48138"}],"curies":[{"name":"wp","href":"https:\/\/api.w.org\/{rel}","templated":true}]}}