{"id":49431,"date":"2021-03-21T12:53:18","date_gmt":"2021-03-21T11:53:18","guid":{"rendered":"https:\/\/nabytoklaguna.sk\/sk\/?post_type=product&#038;p=49431"},"modified":"2025-02-13T13:04:24","modified_gmt":"2025-02-13T12:04:24","slug":"amore-2","status":"publish","type":"product","link":"https:\/\/nabytoklaguna.sk\/sk\/produkt\/amore-2\/","title":{"rendered":"STG AMORE"},"content":{"rendered":"<p><strong>Elegantn\u00e1 rohov\u00e1<\/strong> sedacia s\u00faprava <strong>ROMA<\/strong>\u00a0 s rozkladom a \u00falo\u017en\u00fdm priestorom. <strong>Komfortn\u00e9 sedenie<\/strong> V\u00e1m zaru\u010dia <strong>v\u00fd\u0161kovo nastavite\u013en\u00e9 podr\u00fa\u010dky,<\/strong> v\u00fd\u0161ko nastavite\u013en\u00e9 a pos\u00favn\u00e9 opierky. Sedacia s\u00faprava je vybaven\u00e1 pru\u017einami <strong>FALISTE,<\/strong> ktor\u00e9 v kombin\u00e1cii s polyuret\u00e1novou penou zabezpe\u010duj\u00fa <strong>vysok\u00fd komfort sedenia<\/strong> &#8211; stredne m\u00e4kk\u00e9 sedenie. <strong>Kovov\u00e9 nohy<\/strong>. Mo\u017enos\u0165 v\u00fdberu prav\u00e9ho a \u013eav\u00e9ho prevedenia. Vank\u00fa\u0161e nie s\u00fa s\u00fa\u010das\u0165ou sedacej s\u00fapravy. Mo\u017enos\u0165 dok\u00fapi\u0165 <strong>taburet\u00a0<\/strong> s rozmerom 145x85cm za cenu 269 EUR<\/p>\n<p><strong>VZORKOVN\u00cdK L\u00c1TOK<\/strong><\/p>\n<p><a href=\"https:\/\/nabytoklaguna.sk\/sk\/wp-content\/uploads\/2021\/02\/stagra-vzorkovniky.docx\"><img loading=\"lazy\" decoding=\"async\" class=\"alignnone size-full wp-image-100592\" src=\"https:\/\/nabytoklaguna.sk\/sk\/wp-content\/uploads\/2021\/01\/tlacidlo-vzorkovnik-latok-2.jpg\" alt=\"tlacidlo vzorkovnik latok (2)\" width=\"100\" height=\"100\" \/><\/a><\/p>\n<p>Ceny s\u00fa platn\u00e9 pre po\u0165ahov\u00e9 l\u00e1tky v cenovej skupine 0.<\/p>\n<h3 class=\"page-product-heading\">VLASTNOSTI<\/h3>\n<table class=\"table-data-sheet\">\n<tbody>\n<tr class=\"odd\">\n<td>H\u013abka<\/td>\n<td>\u00a0190 cm<\/td>\n<\/tr>\n<tr class=\"even\">\n<td>\u0160\u00edrka<\/td>\n<td>310 cm<\/td>\n<\/tr>\n<tr class=\"odd\">\n<td>V\u00fd\u0161ka<\/td>\n<td>91-105 cm<\/td>\n<\/tr>\n<tr class=\"even\">\n<td>Vhodn\u00e1 miestnos\u0165<\/td>\n<td>ob\u00fdva\u010dka, spolo\u010densk\u00e1 miestnos\u0165, hotely, kaviarne<\/td>\n<\/tr>\n<tr class=\"odd\">\n<td>Typ n\u00e1bytku<\/td>\n<td>rohov\u00e1 sedacia s\u00faprava<\/td>\n<\/tr>\n<tr class=\"even\">\n<td>\u0160t\u00fdl n\u00e1bytku<\/td>\n<td>modern\u00fd<\/td>\n<\/tr>\n<tr class=\"odd\">\n<td>Z\u00e1ruka<\/td>\n<td>2 roky<\/td>\n<\/tr>\n<tr class=\"even\">\n<td>Sp\u00f4sob dodania<\/td>\n<td>demont v dvoch bal\u00edkoch<\/td>\n<\/tr>\n<tr class=\"odd\">\n<td>Hmotnos\u0165<\/td>\n<td>138 kg<\/td>\n<\/tr>\n<tr class=\"even\">\n<td>\u00dalo\u017en\u00fd priestor<\/td>\n<td>\u00e1no<\/td>\n<\/tr>\n<tr class=\"odd\">\n<td>Rohov\u00e9 prevedenie<\/td>\n<td>\u00e1no<\/td>\n<\/tr>\n<tr class=\"even\">\n<td>V\u00fd\u0161ka sed\u00e1ka<\/td>\n<td>43 cm<\/td>\n<\/tr>\n<tr class=\"odd\">\n<td>V\u00fd\u0161ka zadn\u00e9ho \u010dela<\/td>\n<td>max. 105cm<\/td>\n<\/tr>\n<tr class=\"even\">\n<td>Mo\u017enos\u0165 rozkladania<\/td>\n<td>\u00e1no<\/td>\n<\/tr>\n<tr class=\"odd\">\n<td>Plocha po rozlo\u017een\u00ed<\/td>\n<td>140\u00d7250 cm<\/td>\n<\/tr>\n<tr class=\"even\">\n<td>Kon\u0161trukcia<\/td>\n<td>mas\u00edv<\/td>\n<\/tr>\n<tr class=\"odd\">\n<td>N\u00f4\u017eky<\/td>\n<td>kov<\/td>\n<\/tr>\n<tr class=\"even\">\n<td>Obsahuje vank\u00fa\u0161e<\/td>\n<td>nie<\/td>\n<\/tr>\n<tr class=\"odd\">\n<td>Nastavenie opierok<\/td>\n<td>\u00e1no<\/td>\n<\/tr>\n<tr class=\"even\">\n<td>V\u00fdpl\u0148 seda\u010dky<\/td>\n<td>pena+ pru\u017eina<\/td>\n<\/tr>\n<\/tbody>\n<\/table>\n<p style=\"text-align: left;\">\n","protected":false},"excerpt":{"rendered":"<p>Elegantn\u00e1 rohov\u00e1 sedacia s\u00faprava ROMA\u00a0 s rozkladom a \u00falo\u017en\u00fdm priestorom. Komfortn\u00e9 sedenie V\u00e1m zaru\u010dia v\u00fd\u0161kovo nastavite\u013en\u00e9 podr\u00fa\u010dky, v\u00fd\u0161ko nastavite\u013en\u00e9 a pos\u00favn\u00e9 opierky. Sedacia s\u00faprava je vybaven\u00e1 pru\u017einami FALISTE, ktor\u00e9 v kombin\u00e1cii s polyuret\u00e1novou penou zabezpe\u010duj\u00fa vysok\u00fd komfort sedenia &#8211; stredne m\u00e4kk\u00e9 sedenie. Kovov\u00e9 nohy. Mo\u017enos\u0165 v\u00fdberu prav\u00e9ho a \u013eav\u00e9ho prevedenia. Vank\u00fa\u0161e nie s\u00fa s\u00fa\u010das\u0165ou sedacej&#8230;<\/p>\n","protected":false},"featured_media":56258,"comment_status":"closed","ping_status":"closed","template":"","meta":{"_seopress_robots_primary_cat":"140","_seopress_titles_title":"","_seopress_titles_desc":"","_seopress_robots_index":""},"product_brand":[],"product_cat":[255,140],"product_tag":[],"class_list":{"0":"post-49431","1":"product","2":"type-product","3":"status-publish","4":"has-post-thumbnail","6":"product_cat-rohove-supravy","7":"product_cat-sedacie-supravy","9":"first","10":"onbackorder","11":"shipping-taxable","12":"purchasable","13":"product-type-variable"},"_links":{"self":[{"href":"https:\/\/nabytoklaguna.sk\/sk\/wp-json\/wp\/v2\/product\/49431","targetHints":{"allow":["GET"]}}],"collection":[{"href":"https:\/\/nabytoklaguna.sk\/sk\/wp-json\/wp\/v2\/product"}],"about":[{"href":"https:\/\/nabytoklaguna.sk\/sk\/wp-json\/wp\/v2\/types\/product"}],"replies":[{"embeddable":true,"href":"https:\/\/nabytoklaguna.sk\/sk\/wp-json\/wp\/v2\/comments?post=49431"}],"wp:featuredmedia":[{"embeddable":true,"href":"https:\/\/nabytoklaguna.sk\/sk\/wp-json\/wp\/v2\/media\/56258"}],"wp:attachment":[{"href":"https:\/\/nabytoklaguna.sk\/sk\/wp-json\/wp\/v2\/media?parent=49431"}],"wp:term":[{"taxonomy":"product_brand","embeddable":true,"href":"https:\/\/nabytoklaguna.sk\/sk\/wp-json\/wp\/v2\/product_brand?post=49431"},{"taxonomy":"product_cat","embeddable":true,"href":"https:\/\/nabytoklaguna.sk\/sk\/wp-json\/wp\/v2\/product_cat?post=49431"},{"taxonomy":"product_tag","embeddable":true,"href":"https:\/\/nabytoklaguna.sk\/sk\/wp-json\/wp\/v2\/product_tag?post=49431"}],"curies":[{"name":"wp","href":"https:\/\/api.w.org\/{rel}","templated":true}]}}