{"id":49485,"date":"2021-03-21T12:53:18","date_gmt":"2021-03-21T11:53:18","guid":{"rendered":"https:\/\/nabytoklaguna.sk\/sk\/?post_type=product&#038;p=49485"},"modified":"2025-02-13T12:12:16","modified_gmt":"2025-02-13T11:12:16","slug":"ratio","status":"publish","type":"product","link":"https:\/\/nabytoklaguna.sk\/sk\/produkt\/ratio\/","title":{"rendered":"STG RATIO"},"content":{"rendered":"<p><strong>Elegantn\u00e1 sedacia<\/strong> s\u00faprava<strong> RATIO <\/strong>\u00a0<strong>s rozkladom a \u00falo\u017en\u00fdm priestorom<\/strong>. <strong>Komfortn\u00e9 sedenie<\/strong> zvy\u0161uje <strong>polohovanie opierky<\/strong> hlavy. Je ide\u00e1lnym rie\u0161en\u00edm pre osoby, ktor\u00e9 si nadov\u0161etko cenia ka\u017edodenn\u00e9 <strong>pohodlie<\/strong>, ale aj\u00a0<strong>elegantn\u00e9<\/strong>, diskr\u00e9tne tvary. Sedacia s\u00faprava je vybaven\u00e1 pru\u017einami <strong>FALISTE,<\/strong> ktor\u00e9 v kombin\u00e1cii s polyuret\u00e1novou penou zabezpe\u010duj\u00fa <strong>vysok\u00fd komfort sedenia<\/strong> &#8211; stredne m\u00e4kk\u00e9 sedenie. Nohy na sedacej s\u00faprave s\u00fa <strong>kovov\u00e9.<\/strong> Mo\u017enos\u0165 v\u00fdberu prav\u00e9ho alebo \u013eav\u00e9ho prevedenia. Ak h\u013ead\u00e1te\u00a0<strong>dokonal\u00fd relax<\/strong> sedacia sprava\u00a0<strong>RATIO<\/strong> je tou pravou vo\u013ebou o v\u00e1\u0161ho modern\u00e9ho interi\u00e9ru.<\/p>\n<p><img decoding=\"async\" src=\"https:\/\/encrypted-tbn0.gstatic.com\/images?q=tbn:ANd9GcSmpTmjNieO1QIvzZngjEoXTv7_gC6BR5LoWfLzxOeK6NDFbAc2XunKXpsDsmv3PoatUI8&amp;usqp=CAU\" alt=\"po\u0165ahov\u00e1 l\u00e1tka | Zltahala.sk\" \/><\/p>\n<p><em><strong>Pre zobrazenie vzorkovn\u00edka l\u00e1tok kliknite tu: <\/strong><\/em><a href=\"https:\/\/nabytoklaguna.sk\/sk\/wp-content\/uploads\/2021\/02\/STG-Potahove-latky.pdf\">STG Po\u0165ahov\u00e9 l\u00e1tky<\/a><\/p>\n<h3 class=\"page-product-heading\">VLASTNOSTI<\/h3>\n<table class=\"table-data-sheet\">\n<tbody>\n<tr class=\"odd\">\n<td>H\u013abka<\/td>\n<td>225 cm<\/td>\n<\/tr>\n<tr class=\"even\">\n<td>\u0160\u00edrka<\/td>\n<td>275 cm<\/td>\n<\/tr>\n<tr class=\"odd\">\n<td>V\u00fd\u0161ka<\/td>\n<td>76-96cm<\/td>\n<\/tr>\n<tr class=\"even\">\n<td>Vhodn\u00e1 miestnos\u0165<\/td>\n<td>ob\u00fdva\u010dka, spolo\u010densk\u00e1 miestnos\u0165, hotely, kaviarne<\/td>\n<\/tr>\n<tr class=\"odd\">\n<td>Typ n\u00e1bytku<\/td>\n<td>rohov\u00e1 sedacia s\u00faprava<\/td>\n<\/tr>\n<tr class=\"even\">\n<td>\u0160t\u00fdl n\u00e1bytku<\/td>\n<td>modern\u00fd<\/td>\n<\/tr>\n<tr class=\"odd\">\n<td>Z\u00e1ruka<\/td>\n<td>2 roky<\/td>\n<\/tr>\n<tr class=\"even\">\n<td>Sp\u00f4sob dodania<\/td>\n<td>demont v dvoch bal\u00edkoch<\/td>\n<\/tr>\n<tr class=\"odd\">\n<td>Hmotnos\u0165<\/td>\n<td>155 kg<\/td>\n<\/tr>\n<tr class=\"even\">\n<td>\u00dalo\u017en\u00fd priestor<\/td>\n<td>\u00e1no<\/td>\n<\/tr>\n<tr class=\"odd\">\n<td>Rohov\u00e9 prevedenie<\/td>\n<td>\u00e1no<\/td>\n<\/tr>\n<tr class=\"even\">\n<td>V\u00fd\u0161ka sed\u00e1ka<\/td>\n<td>46 cm<\/td>\n<\/tr>\n<tr class=\"odd\">\n<td>V\u00fd\u0161ka zadn\u00e9ho \u010dela<\/td>\n<td>86 cm-max. 96 cm<\/td>\n<\/tr>\n<tr class=\"even\">\n<td>Mo\u017enos\u0165 rozkladania<\/td>\n<td>\u00e1no<\/td>\n<\/tr>\n<tr class=\"odd\">\n<td>Plocha po rozlo\u017een\u00ed<\/td>\n<td>135&#215;205<\/td>\n<\/tr>\n<tr class=\"even\">\n<td>Kon\u0161trukcia<\/td>\n<td>mas\u00edv<\/td>\n<\/tr>\n<tr class=\"odd\">\n<td>N\u00f4\u017eky<\/td>\n<td>kov<\/td>\n<\/tr>\n<tr class=\"even\">\n<td>Obsahuje vank\u00fa\u0161e<\/td>\n<td>nie<\/td>\n<\/tr>\n<tr class=\"odd\">\n<td>Nastavenie opierok<\/td>\n<td>\u00e1no<\/td>\n<\/tr>\n<tr class=\"even\">\n<td>V\u00fdpl\u0148 seda\u010dky<\/td>\n<td>pena+ pru\u017eina<\/td>\n<\/tr>\n<\/tbody>\n<\/table>\n<p>&nbsp;<\/p>\n<p>&nbsp;<\/p>\n","protected":false},"excerpt":{"rendered":"<p>Elegantn\u00e1 sedacia s\u00faprava RATIO \u00a0s rozkladom a \u00falo\u017en\u00fdm priestorom. Komfortn\u00e9 sedenie zvy\u0161uje polohovanie opierky hlavy. Je ide\u00e1lnym rie\u0161en\u00edm pre osoby, ktor\u00e9 si nadov\u0161etko cenia ka\u017edodenn\u00e9 pohodlie, ale aj\u00a0elegantn\u00e9, diskr\u00e9tne tvary. Sedacia s\u00faprava je vybaven\u00e1 pru\u017einami FALISTE, ktor\u00e9 v kombin\u00e1cii s polyuret\u00e1novou penou zabezpe\u010duj\u00fa vysok\u00fd komfort sedenia &#8211; stredne m\u00e4kk\u00e9 sedenie. Nohy na sedacej s\u00faprave s\u00fa&#8230;<\/p>\n","protected":false},"featured_media":55643,"comment_status":"closed","ping_status":"closed","template":"","meta":{"_seopress_robots_primary_cat":"140","_seopress_titles_title":"","_seopress_titles_desc":"","_seopress_robots_index":""},"product_brand":[],"product_cat":[255,140],"product_tag":[],"class_list":{"0":"post-49485","1":"product","2":"type-product","3":"status-publish","4":"has-post-thumbnail","6":"product_cat-rohove-supravy","7":"product_cat-sedacie-supravy","8":"pa_typ-produktu-potahova-latka-skupina-0","9":"pa_typ-produktu-potahova-latka-skupina-1","10":"pa_typ-produktu-potahova-latka-skupina-2","12":"first","13":"instock","14":"shipping-taxable","15":"purchasable","16":"product-type-variable"},"_links":{"self":[{"href":"https:\/\/nabytoklaguna.sk\/sk\/wp-json\/wp\/v2\/product\/49485","targetHints":{"allow":["GET"]}}],"collection":[{"href":"https:\/\/nabytoklaguna.sk\/sk\/wp-json\/wp\/v2\/product"}],"about":[{"href":"https:\/\/nabytoklaguna.sk\/sk\/wp-json\/wp\/v2\/types\/product"}],"replies":[{"embeddable":true,"href":"https:\/\/nabytoklaguna.sk\/sk\/wp-json\/wp\/v2\/comments?post=49485"}],"wp:featuredmedia":[{"embeddable":true,"href":"https:\/\/nabytoklaguna.sk\/sk\/wp-json\/wp\/v2\/media\/55643"}],"wp:attachment":[{"href":"https:\/\/nabytoklaguna.sk\/sk\/wp-json\/wp\/v2\/media?parent=49485"}],"wp:term":[{"taxonomy":"product_brand","embeddable":true,"href":"https:\/\/nabytoklaguna.sk\/sk\/wp-json\/wp\/v2\/product_brand?post=49485"},{"taxonomy":"product_cat","embeddable":true,"href":"https:\/\/nabytoklaguna.sk\/sk\/wp-json\/wp\/v2\/product_cat?post=49485"},{"taxonomy":"product_tag","embeddable":true,"href":"https:\/\/nabytoklaguna.sk\/sk\/wp-json\/wp\/v2\/product_tag?post=49485"}],"curies":[{"name":"wp","href":"https:\/\/api.w.org\/{rel}","templated":true}]}}