{"id":5001,"date":"2021-02-13T11:35:32","date_gmt":"2021-02-13T10:35:32","guid":{"rendered":"http:\/\/nabytoklaguna.sk\/sk\/?post_type=product&#038;p=5001"},"modified":"2026-02-04T16:09:10","modified_gmt":"2026-02-04T15:09:10","slug":"modern","status":"publish","type":"product","link":"https:\/\/nabytoklaguna.sk\/sk\/produkt\/modern\/","title":{"rendered":"MODERN ko\u017een\u00e1 sedacia s\u00faprava"},"content":{"rendered":"<p>Jednoduch\u00e1 no elegantn\u00e1 <strong>ko\u017een\u00e1 rohov\u00e1 sedacia s\u00faprava<\/strong> <strong>MODERN<\/strong> si ur\u010dite n\u00e1jde miesto v ka\u017edej modernej \u010di tradi\u010dnej dom\u00e1cnosti. Sedacia s\u00faprava<strong>\u00a0je \u010dal\u00fanen\u00e1 kvalitnou talianskou hov\u00e4dzou ko\u017eou<\/strong>. Sedacia s\u00faprava disponuje <strong>funkciou rozkladu<\/strong>. Za p\u00e1r sek\u00fand premen\u00edte seda\u010dku na plochu pre pr\u00edle\u017eitostn\u00e9 spanie pre V\u00e1s \u010di Va\u0161u n\u00e1v\u0161tevu. <strong>\u00dalo\u017en\u00e9ho priestoru<\/strong> nie je nikdy dos\u0165, n\u00e1jdete ho v kon\u0161trukcii seda\u010dky. Pohodln\u00e9 sedenie zabezpe\u010duj\u00fa pru\u017einy BONELL.<strong> No\u017ei\u010dky<\/strong> s\u00fa vyroben\u00e9 z<strong> mas\u00edvneho<\/strong> dreva a zabezpe\u010duj\u00fa stabilitu seda\u010dky. Sedaciu s\u00fapravu je mo\u017en\u00e9 objedna\u0165 v <strong>pravom alebo v \u013eavom<\/strong> preveden\u00ed. Zadn\u00e1 \u010das\u0165 seda\u010dky je o\u010dal\u00fanen\u00e1 univerz\u00e1lnou l\u00e1tkou. Za pr\u00edplatok je mo\u017en\u00e9 ju o\u010dal\u00fani\u0165 ko\u017eou tej istej farby ako sedacia s\u00faprava<\/p>\n<p>&nbsp;<\/p>\n<h3 class=\"page-product-heading\">VLASTNOSTI<\/h3>\n<table class=\"table-data-sheet\">\n<tbody>\n<tr class=\"odd\">\n<td>H\u013abka<\/td>\n<td>170 cm,\u00a0 \u00a0h\u013abka sedu\u00a0 52 cm<\/td>\n<\/tr>\n<tr class=\"even\">\n<td>\u0160\u00edrka<\/td>\n<td>230 cm<\/td>\n<\/tr>\n<tr class=\"odd\">\n<td>V\u00fd\u0161ka<\/td>\n<td>92 cm<\/td>\n<\/tr>\n<tr class=\"even\">\n<td>Vhodn\u00e1 miestnos\u0165<\/td>\n<td>ob\u00fdva\u010dka, spolo\u010densk\u00e1 miestnos\u0165, hotely, kaviarne<\/td>\n<\/tr>\n<tr class=\"odd\">\n<td>Typ n\u00e1bytku<\/td>\n<td>rohov\u00e1 sedacia s\u00faprava<\/td>\n<\/tr>\n<tr class=\"even\">\n<td>\u0160t\u00fdl n\u00e1bytku<\/td>\n<td>modern\u00fd<\/td>\n<\/tr>\n<tr class=\"odd\">\n<td>Z\u00e1ruka<\/td>\n<td>2 roky<\/td>\n<\/tr>\n<tr class=\"even\">\n<td>Sp\u00f4sob dodania<\/td>\n<td>demont v\u00a0 bal\u00edkoch<\/td>\n<\/tr>\n<tr class=\"odd\">\n<td>Hmotnos\u0165<\/td>\n<td>150 kg<\/td>\n<\/tr>\n<tr class=\"even\">\n<td>\u00dalo\u017en\u00fd priestor<\/td>\n<td>\u00e1no<\/td>\n<\/tr>\n<tr class=\"odd\">\n<td>Rohov\u00e9 prevedenie<\/td>\n<td>\u00e1no<\/td>\n<\/tr>\n<tr class=\"even\">\n<td><\/td>\n<td><\/td>\n<\/tr>\n<tr class=\"odd\">\n<td>V\u00fd\u0161ka zadn\u00e9ho \u010dela<\/td>\n<td>90 cm-max. 92cm<\/td>\n<\/tr>\n<tr class=\"even\">\n<td>Mo\u017enos\u0165 rozkladania<\/td>\n<td>\u00e1no<\/td>\n<\/tr>\n<tr class=\"odd\">\n<td>Plocha po rozlo\u017een\u00ed<\/td>\n<td>123\u00d7200<\/td>\n<\/tr>\n<tr class=\"even\">\n<td>Kon\u0161trukcia<\/td>\n<td>mas\u00edv<\/td>\n<\/tr>\n<tr class=\"odd\">\n<td><\/td>\n<td><\/td>\n<\/tr>\n<tr class=\"even\">\n<td>Obsahuje vank\u00fa\u0161e<\/td>\n<td>nie<\/td>\n<\/tr>\n<tr class=\"odd\">\n<td>Nastavenie opierok<\/td>\n<td>nie<\/td>\n<\/tr>\n<tr class=\"even\">\n<td>V\u00fdpl\u0148 seda\u010dky<\/td>\n<td>\u00a0pru\u017eina<\/td>\n<\/tr>\n<\/tbody>\n<\/table>\n<ul>\n<li>Farebn\u00e9 prevedenie dreva a ko\u017ee sa na z\u00e1klade nastavenia jasu na Va\u0161ej obrazovke m\u00f4\u017ee l\u00ed\u0161i\u0165<\/li>\n<\/ul>\n","protected":false},"excerpt":{"rendered":"<p>Jednoduch\u00e1 no elegantn\u00e1 ko\u017een\u00e1 rohov\u00e1 sedacia s\u00faprava MODERN si ur\u010dite n\u00e1jde miesto v ka\u017edej modernej \u010di tradi\u010dnej dom\u00e1cnosti. Sedacia s\u00faprava\u00a0je \u010dal\u00fanen\u00e1 kvalitnou talianskou hov\u00e4dzou ko\u017eou. Sedacia s\u00faprava disponuje funkciou rozkladu. Za p\u00e1r sek\u00fand premen\u00edte seda\u010dku na plochu pre pr\u00edle\u017eitostn\u00e9 spanie pre V\u00e1s \u010di Va\u0161u n\u00e1v\u0161tevu. \u00dalo\u017en\u00e9ho priestoru nie je nikdy dos\u0165, n\u00e1jdete ho v kon\u0161trukcii&#8230;<\/p>\n","protected":false},"featured_media":105208,"comment_status":"closed","ping_status":"closed","template":"","meta":{"_seopress_robots_primary_cat":"214","_seopress_titles_title":"","_seopress_titles_desc":"","_seopress_robots_index":""},"product_brand":[],"product_cat":[255,140,214],"product_tag":[],"class_list":{"0":"post-5001","1":"product","2":"type-product","3":"status-publish","4":"has-post-thumbnail","6":"product_cat-rohove-supravy","7":"product_cat-sedacie-supravy","8":"product_cat-kozene-sedacie-supravy","10":"first","11":"onbackorder","12":"sale","13":"shipping-taxable","14":"purchasable","15":"product-type-variable"},"_links":{"self":[{"href":"https:\/\/nabytoklaguna.sk\/sk\/wp-json\/wp\/v2\/product\/5001","targetHints":{"allow":["GET"]}}],"collection":[{"href":"https:\/\/nabytoklaguna.sk\/sk\/wp-json\/wp\/v2\/product"}],"about":[{"href":"https:\/\/nabytoklaguna.sk\/sk\/wp-json\/wp\/v2\/types\/product"}],"replies":[{"embeddable":true,"href":"https:\/\/nabytoklaguna.sk\/sk\/wp-json\/wp\/v2\/comments?post=5001"}],"wp:featuredmedia":[{"embeddable":true,"href":"https:\/\/nabytoklaguna.sk\/sk\/wp-json\/wp\/v2\/media\/105208"}],"wp:attachment":[{"href":"https:\/\/nabytoklaguna.sk\/sk\/wp-json\/wp\/v2\/media?parent=5001"}],"wp:term":[{"taxonomy":"product_brand","embeddable":true,"href":"https:\/\/nabytoklaguna.sk\/sk\/wp-json\/wp\/v2\/product_brand?post=5001"},{"taxonomy":"product_cat","embeddable":true,"href":"https:\/\/nabytoklaguna.sk\/sk\/wp-json\/wp\/v2\/product_cat?post=5001"},{"taxonomy":"product_tag","embeddable":true,"href":"https:\/\/nabytoklaguna.sk\/sk\/wp-json\/wp\/v2\/product_tag?post=5001"}],"curies":[{"name":"wp","href":"https:\/\/api.w.org\/{rel}","templated":true}]}}