{"id":5744,"date":"2021-02-13T11:35:32","date_gmt":"2021-02-13T10:35:32","guid":{"rendered":"http:\/\/nabytoklaguna.sk\/sk\/?post_type=product&#038;p=5744"},"modified":"2025-05-27T16:56:15","modified_gmt":"2025-05-27T14:56:15","slug":"prado","status":"publish","type":"product","link":"https:\/\/nabytoklaguna.sk\/sk\/produkt\/prado\/","title":{"rendered":"K PRADO"},"content":{"rendered":"<p>Z\u00e1kladn\u00e1 zostava modernej lesklej kuchynskej linky v preveden\u00ed dvierka: MDF kr\u00e9mov\u00fd extra vysok\u00fd lesk high gloss, korpus: siv\u00e1, alebo MDF biely extra vysok\u00fd lesk high gloss, korpus: siv\u00e1, alebo\u00a0 dvierka: MDF kr\u00e9mov\u00fd extra vysok\u00fd lesk high gloss\/MDF siv\u00fd extra vysok\u00fd lesk high gloss, korpus: siv\u00fd. Hr\u00fabka pracovnej dosky je 28 mm. Syst\u00e9m tich\u00e9ho dorazu z\u00e1suviek, syst\u00e9m tich\u00e9ho zatv\u00e1rania dvierok. Skrinky z\u00e1kladnej zostavy s\u00fa dod\u00e1van\u00e9 bez pracovnej dosky vr\u00e1tane dolnej li\u0161ty. Pracovn\u00fa dosku je mo\u017en\u00e9 doobjedna\u0165, cena pracovnej dosky je 59,- \u20ac\/bm.<\/p>\n<p>Dod\u00e1van\u00e9 v demonte.<\/p>\n","protected":false},"excerpt":{"rendered":"<p><a href=\"mailto:nabytok.laguna@zoznam.sk\"><img loading=\"lazy\" decoding=\"async\" class=\"alignnone size-full wp-image-5342\" src=\"http:\/\/nabytoklaguna.sk\/sk\/wp-content\/uploads\/2017\/01\/N\u00e1vrh.png\" alt=\"\" width=\"366\" height=\"107\" \/><\/a><\/p>\n","protected":false},"featured_media":34248,"comment_status":"closed","ping_status":"closed","template":"","meta":{"_seopress_robots_primary_cat":"248","_seopress_titles_title":"","_seopress_titles_desc":"","_seopress_robots_index":""},"product_brand":[],"product_cat":[248],"product_tag":[],"class_list":{"0":"post-5744","1":"product","2":"type-product","3":"status-publish","4":"has-post-thumbnail","6":"product_cat-kuchyne-sektor","7":"pa_typ-produktu-30-d-zak-bb","8":"pa_typ-produktu-30-g-zak-72","9":"pa_typ-produktu-30-g-72","10":"pa_typ-produktu-40-d-45-zb","11":"pa_typ-produktu-40-d-4s-bb","12":"pa_typ-produktu-40-dk-210-2f","13":"pa_typ-produktu-40-g-72","14":"pa_typ-produktu-60-d-1f-zb","15":"pa_typ-produktu-60-dg-bb","16":"pa_typ-produktu-60-gu-72","17":"pa_typ-produktu-60-ok-40","18":"pa_typ-produktu-6060-n-g-72","19":"pa_typ-produktu-80-d-2f-zb","20":"pa_typ-produktu-80-gu-72","21":"pa_typ-produktu-80-zl-2f-bb","22":"pa_typ-produktu-9090-dn-zb","24":"first","25":"instock","26":"shipping-taxable","27":"purchasable","28":"product-type-variable"},"_links":{"self":[{"href":"https:\/\/nabytoklaguna.sk\/sk\/wp-json\/wp\/v2\/product\/5744","targetHints":{"allow":["GET"]}}],"collection":[{"href":"https:\/\/nabytoklaguna.sk\/sk\/wp-json\/wp\/v2\/product"}],"about":[{"href":"https:\/\/nabytoklaguna.sk\/sk\/wp-json\/wp\/v2\/types\/product"}],"replies":[{"embeddable":true,"href":"https:\/\/nabytoklaguna.sk\/sk\/wp-json\/wp\/v2\/comments?post=5744"}],"wp:featuredmedia":[{"embeddable":true,"href":"https:\/\/nabytoklaguna.sk\/sk\/wp-json\/wp\/v2\/media\/34248"}],"wp:attachment":[{"href":"https:\/\/nabytoklaguna.sk\/sk\/wp-json\/wp\/v2\/media?parent=5744"}],"wp:term":[{"taxonomy":"product_brand","embeddable":true,"href":"https:\/\/nabytoklaguna.sk\/sk\/wp-json\/wp\/v2\/product_brand?post=5744"},{"taxonomy":"product_cat","embeddable":true,"href":"https:\/\/nabytoklaguna.sk\/sk\/wp-json\/wp\/v2\/product_cat?post=5744"},{"taxonomy":"product_tag","embeddable":true,"href":"https:\/\/nabytoklaguna.sk\/sk\/wp-json\/wp\/v2\/product_tag?post=5744"}],"curies":[{"name":"wp","href":"https:\/\/api.w.org\/{rel}","templated":true}]}}