{"id":59548,"date":"2021-04-30T11:04:14","date_gmt":"2021-04-30T09:04:14","guid":{"rendered":"https:\/\/nabytoklaguna.sk\/sk\/?post_type=product&#038;p=59548"},"modified":"2025-06-03T13:29:38","modified_gmt":"2025-06-03T11:29:38","slug":"bardo-rohova-sedacia-suprava","status":"publish","type":"product","link":"https:\/\/nabytoklaguna.sk\/sk\/produkt\/bardo-rohova-sedacia-suprava\/","title":{"rendered":"P BARDO ROHOV\u00c1 SEDACIA S\u00daPRAVA"},"content":{"rendered":"<p>Modern\u00e1 rohov\u00e1 sedacia s\u00faprava <strong>BARDO<\/strong> s<strong> regulovate\u013en\u00fdmi z\u00e1hlavn\u00edkm<\/strong>i. Sedacia s\u00faprava je vhodn\u00e1 do v\u00e4\u010d\u0161ej ale aj men\u0161ej ob\u00fdvacej izby. Komfortn\u00e9 sedenie zaru\u010duje pru\u017eina<strong> FALISTA+PUR PENA<\/strong>. O\u010dar\u00ed V\u00e1s svoj\u00edm <strong>pre\u0161it\u00edm na sed\u00e1ku<\/strong>, \u010d\u00edm dod\u00e1va sedacej s\u00faprava eleganciu. Sedacia s\u00faprava m\u00e1 <strong>funkciu rozkladu <\/strong>a<strong> taktie\u017e \u00falo\u017en\u00fd priestor<\/strong>. Rozlo\u017een\u00edm V\u00e1m vznikne plocha na spanie 125x190cm. Mo\u017enos\u0165 v\u00fdberu prav\u00e9ho alebo \u013eav\u00e9ho prevedenie<\/p>\n<p><strong>Z\u00e1hlavn\u00edky nie s\u00fa v cene sedacej s\u00fapravy. Je mo\u017en\u00e9 si ich zak\u00fapi\u0165 1ks\/50,- EUR<\/strong><\/p>\n<p>Sedaciu s\u00fapravu si m\u00f4\u017eete objedna\u0165 v jednej po\u0165ahovej l\u00e1tke &#8211; bez kombin\u00e1cie. Mo\u017enos\u0165 v\u00fdberu po\u0165ahov\u00fdch l\u00e1tok. V ponuke s\u00fa po\u0165ahov\u00e9 l\u00e1tky Soro, Inari, Orinoco a vodeodoln\u00e1 l\u00e1tka Monolith. Vybran\u00fa l\u00e1tku uve\u010fte v pozn\u00e1mke.<\/p>\n<h3 class=\"page-product-heading\">VLASTNOSTI<\/h3>\n<table class=\"table-data-sheet\">\n<tbody>\n<tr class=\"odd\">\n<td>H\u013abka<\/td>\n<td>170 cm<\/td>\n<\/tr>\n<tr class=\"even\">\n<td>\u0160\u00edrka<\/td>\n<td>235 cm<\/td>\n<\/tr>\n<tr class=\"odd\">\n<td>V\u00fd\u0161ka<\/td>\n<td>86-105 cm<\/td>\n<\/tr>\n<tr class=\"even\">\n<td>Vhodn\u00e1 miestnos\u0165<\/td>\n<td>ob\u00fdva\u010dka, spolo\u010densk\u00e1 miestnos\u0165, hotely, kaviarne<\/td>\n<\/tr>\n<tr class=\"odd\">\n<td>Typ n\u00e1bytku<\/td>\n<td>rohov\u00e1 sedacia s\u00faprava<\/td>\n<\/tr>\n<tr class=\"even\">\n<td>\u0160t\u00fdl n\u00e1bytku<\/td>\n<td>modern\u00fd<\/td>\n<\/tr>\n<tr class=\"odd\">\n<td>Z\u00e1ruka<\/td>\n<td>2 roky<\/td>\n<\/tr>\n<tr class=\"even\">\n<td>Sp\u00f4sob dodania<\/td>\n<td>demont v dvoch bal\u00edkoch<\/td>\n<\/tr>\n<tr class=\"odd\">\n<td>Hmotnos\u0165<\/td>\n<td>145 kg<\/td>\n<\/tr>\n<tr class=\"even\">\n<td>\u00dalo\u017en\u00fd priestor<\/td>\n<td>\u00e1no<\/td>\n<\/tr>\n<tr class=\"odd\">\n<td>Rohov\u00e9 prevedenie<\/td>\n<td>\u00e1no<\/td>\n<\/tr>\n<tr class=\"even\">\n<td>V\u00fd\u0161ka sed\u00e1ka<\/td>\n<td>45 cm<\/td>\n<\/tr>\n<tr class=\"odd\">\n<td>V\u00fd\u0161ka zadn\u00e9ho \u010dela<\/td>\n<td>max.105cm<\/td>\n<\/tr>\n<tr class=\"even\">\n<td>Mo\u017enos\u0165 rozkladania<\/td>\n<td>\u00e1no<\/td>\n<\/tr>\n<tr class=\"odd\">\n<td>Plocha po rozlo\u017een\u00ed<\/td>\n<td>125\u00d7190 cm<\/td>\n<\/tr>\n<tr class=\"even\">\n<td>Kon\u0161trukcia<\/td>\n<td>mas\u00edv<\/td>\n<\/tr>\n<tr class=\"odd\">\n<td>N\u00f4\u017eky<\/td>\n<td>chr\u00f3m<\/td>\n<\/tr>\n<tr class=\"even\">\n<td>Obsahuje vank\u00fa\u0161e<\/td>\n<td>nie<\/td>\n<\/tr>\n<tr class=\"odd\">\n<td>Nastavenie opierok<\/td>\n<td>\u00e1no<\/td>\n<\/tr>\n<tr class=\"even\">\n<td>V\u00fdpl\u0148 seda\u010dky<\/td>\n<td>pena+ pru\u017eina<\/td>\n<\/tr>\n<\/tbody>\n<\/table>\n","protected":false},"excerpt":{"rendered":"<p>Modern\u00e1 rohov\u00e1 sedacia s\u00faprava BARDO s regulovate\u013en\u00fdmi z\u00e1hlavn\u00edkmi. Sedacia s\u00faprava je vhodn\u00e1 do v\u00e4\u010d\u0161ej ale aj men\u0161ej ob\u00fdvacej izby. Komfortn\u00e9 sedenie zaru\u010duje pru\u017eina FALISTA+PUR PENA. O\u010dar\u00ed V\u00e1s svoj\u00edm pre\u0161it\u00edm na sed\u00e1ku, \u010d\u00edm dod\u00e1va sedacej s\u00faprava eleganciu. Sedacia s\u00faprava m\u00e1 funkciu rozkladu a taktie\u017e \u00falo\u017en\u00fd priestor. Rozlo\u017een\u00edm V\u00e1m vznikne plocha na spanie 125x190cm. Mo\u017enos\u0165 v\u00fdberu prav\u00e9ho&#8230;<\/p>\n","protected":false},"featured_media":59565,"comment_status":"closed","ping_status":"closed","template":"","meta":{"_seopress_robots_primary_cat":"140","_seopress_titles_title":"","_seopress_titles_desc":"","_seopress_robots_index":""},"product_brand":[],"product_cat":[255,140],"product_tag":[],"class_list":{"0":"post-59548","1":"product","2":"type-product","3":"status-publish","4":"has-post-thumbnail","6":"product_cat-rohove-supravy","7":"product_cat-sedacie-supravy","9":"first","10":"onbackorder","11":"shipping-taxable","12":"purchasable","13":"product-type-variable"},"_links":{"self":[{"href":"https:\/\/nabytoklaguna.sk\/sk\/wp-json\/wp\/v2\/product\/59548","targetHints":{"allow":["GET"]}}],"collection":[{"href":"https:\/\/nabytoklaguna.sk\/sk\/wp-json\/wp\/v2\/product"}],"about":[{"href":"https:\/\/nabytoklaguna.sk\/sk\/wp-json\/wp\/v2\/types\/product"}],"replies":[{"embeddable":true,"href":"https:\/\/nabytoklaguna.sk\/sk\/wp-json\/wp\/v2\/comments?post=59548"}],"wp:featuredmedia":[{"embeddable":true,"href":"https:\/\/nabytoklaguna.sk\/sk\/wp-json\/wp\/v2\/media\/59565"}],"wp:attachment":[{"href":"https:\/\/nabytoklaguna.sk\/sk\/wp-json\/wp\/v2\/media?parent=59548"}],"wp:term":[{"taxonomy":"product_brand","embeddable":true,"href":"https:\/\/nabytoklaguna.sk\/sk\/wp-json\/wp\/v2\/product_brand?post=59548"},{"taxonomy":"product_cat","embeddable":true,"href":"https:\/\/nabytoklaguna.sk\/sk\/wp-json\/wp\/v2\/product_cat?post=59548"},{"taxonomy":"product_tag","embeddable":true,"href":"https:\/\/nabytoklaguna.sk\/sk\/wp-json\/wp\/v2\/product_tag?post=59548"}],"curies":[{"name":"wp","href":"https:\/\/api.w.org\/{rel}","templated":true}]}}