{"id":59606,"date":"2021-04-30T11:04:14","date_gmt":"2021-04-30T09:04:14","guid":{"rendered":"https:\/\/nabytoklaguna.sk\/sk\/?post_type=product&#038;p=59606"},"modified":"2025-03-10T15:02:34","modified_gmt":"2025-03-10T14:02:34","slug":"primomini-rohova-sedacia-suprava","status":"publish","type":"product","link":"https:\/\/nabytoklaguna.sk\/sk\/produkt\/primomini-rohova-sedacia-suprava\/","title":{"rendered":"P PRIMO MINI rohov\u00e1 sedacia s\u00faprava"},"content":{"rendered":"<p><strong>Modern\u00e1 rohov\u00e1<\/strong> sedacia s\u00faprava <strong>PRIMO MINI<\/strong> s <strong>polohovate\u013en\u00fdmi<\/strong> <strong>z\u00e1hlavn\u00edkmi.<\/strong> Sedaciu s\u00faprava je vhodn\u00e1 do v\u00e4\u010d\u0161ej ale aj men\u0161ej ob\u00fdvacej izby. Vn\u00fatro sedacej s\u00fapravy je tvoren\u00e9 pru\u017einou <strong>FALISTA<\/strong>+ pur pena, \u010do V\u00e1m zaru\u010d\u00ed <strong>pohodln\u00e9\u00a0 sedenie<\/strong> a pr\u00edjemn\u00fd <strong>relax.<\/strong> Sedacia s\u00faprava <strong>m\u00e1 funkciu rozkladu<\/strong> a taktie\u017e <strong>\u00falo\u017en\u00fd priestor<\/strong>. \u00dalo\u017en\u00fd priestor sa nach\u00e1dza v <strong>otomane<\/strong> sedacej s\u00fapravy, kde si m\u00f4\u017ete uskladni\u0165 veci ktor\u00e9 budete ma\u0165 hne\u010f po ruke. Jednoduch\u00fdmi krokmi si m\u00f4\u017ete <strong>sedaciu s\u00fapravu rozlo\u017ei\u0165<\/strong>, \u010d\u00edm V\u00e1m vznikne plocha pre pr\u00edle\u017eitostn\u00e9 spanie s rozmerom 124&#215;210. <strong>Modern\u00e1<\/strong> sedacia s\u00faprava <strong>PRIMO<\/strong> <strong>MINI<\/strong> m\u00e1 <strong>\u010dal\u00fanen\u00fd chrb\u00e1t<\/strong>. V\u010faka tomu ju <strong>umiestnite<\/strong> <strong>do priestoru.\u00a0 <\/strong>V\u00fdberu prav\u00e9ho alebo \u013eav\u00e9ho prevedenia je samozrejmos\u0165ou.<\/p>\n<p>Mo\u017enos\u0165 v\u00fdberu po\u0165ahov\u00fdch l\u00e1tok bez pr\u00edplatku. V ponuke s\u00fa po\u0165ahov\u00e9 l\u00e1tky Soro, Inari, Orinoco a vodeodoln\u00e1 l\u00e1tka Monolith. Vybran\u00fa l\u00e1tku uve\u010fte v pozn\u00e1mke.<\/p>\n<h3 class=\"page-product-heading\">VLASTNOSTI<\/h3>\n<table class=\"table-data-sheet\">\n<tbody>\n<tr class=\"odd\">\n<td>H\u013abka<\/td>\n<td>195 cm<\/td>\n<\/tr>\n<tr class=\"even\">\n<td>\u0160\u00edrka<\/td>\n<td>270 cm<\/td>\n<\/tr>\n<tr class=\"odd\">\n<td>V\u00fd\u0161ka<\/td>\n<td>78-95 cm<\/td>\n<\/tr>\n<tr class=\"even\">\n<td>Vhodn\u00e1 miestnos\u0165<\/td>\n<td>ob\u00fdva\u010dka, spolo\u010densk\u00e1 miestnos\u0165, hotely, kaviarne<\/td>\n<\/tr>\n<tr class=\"odd\">\n<td>Typ n\u00e1bytku<\/td>\n<td>rohov\u00e1 sedacia s\u00faprava<\/td>\n<\/tr>\n<tr class=\"even\">\n<td>\u0160t\u00fdl n\u00e1bytku<\/td>\n<td>modern\u00fd<\/td>\n<\/tr>\n<tr class=\"odd\">\n<td>Z\u00e1ruka<\/td>\n<td>2 roky<\/td>\n<\/tr>\n<tr class=\"even\">\n<td>Sp\u00f4sob dodania<\/td>\n<td>demont v dvoch bal\u00edkoch<\/td>\n<\/tr>\n<tr class=\"odd\">\n<td>Hmotnos\u0165<\/td>\n<td>145 kg<\/td>\n<\/tr>\n<tr class=\"even\">\n<td>\u00dalo\u017en\u00fd priestor<\/td>\n<td>\u00e1no<\/td>\n<\/tr>\n<tr class=\"odd\">\n<td>Rohov\u00e9 prevedenie<\/td>\n<td>\u00e1no<\/td>\n<\/tr>\n<tr class=\"even\">\n<td>V\u00fd\u0161ka sed\u00e1ka<\/td>\n<td>41 cm<\/td>\n<\/tr>\n<tr class=\"odd\">\n<td>V\u00fd\u0161ka zadn\u00e9ho \u010dela<\/td>\n<td>max. 95 cm<\/td>\n<\/tr>\n<tr class=\"even\">\n<td>Mo\u017enos\u0165 rozkladania<\/td>\n<td>\u00e1no<\/td>\n<\/tr>\n<tr class=\"odd\">\n<td>Plocha po rozlo\u017een\u00ed<\/td>\n<td>124\u00d7210 cm<\/td>\n<\/tr>\n<tr class=\"even\">\n<td><\/td>\n<td><\/td>\n<\/tr>\n<tr class=\"odd\">\n<td>N\u00f4\u017eky<\/td>\n<td>chr\u00f3m<\/td>\n<\/tr>\n<tr class=\"even\">\n<td>Obsahuje vank\u00fa\u0161e<\/td>\n<td>nie<\/td>\n<\/tr>\n<tr class=\"odd\">\n<td>Nastavenie opierok<\/td>\n<td>\u00e1no<\/td>\n<\/tr>\n<tr class=\"even\">\n<td>V\u00fdpl\u0148 seda\u010dky<\/td>\n<td>pena+ pru\u017eina<\/td>\n<\/tr>\n<\/tbody>\n<\/table>\n","protected":false},"excerpt":{"rendered":"<p>Modern\u00e1 rohov\u00e1 sedacia s\u00faprava PRIMO MINI s polohovate\u013en\u00fdmi z\u00e1hlavn\u00edkmi. Sedaciu s\u00faprava je vhodn\u00e1 do v\u00e4\u010d\u0161ej ale aj men\u0161ej ob\u00fdvacej izby. Vn\u00fatro sedacej s\u00fapravy je tvoren\u00e9 pru\u017einou FALISTA+ pur pena, \u010do V\u00e1m zaru\u010d\u00ed pohodln\u00e9\u00a0 sedenie a pr\u00edjemn\u00fd relax. Sedacia s\u00faprava m\u00e1 funkciu rozkladu a taktie\u017e \u00falo\u017en\u00fd priestor. \u00dalo\u017en\u00fd priestor sa nach\u00e1dza v otomane sedacej s\u00fapravy, kde&#8230;<\/p>\n","protected":false},"featured_media":59648,"comment_status":"closed","ping_status":"closed","template":"","meta":{"_seopress_robots_primary_cat":"140","_seopress_titles_title":"","_seopress_titles_desc":"","_seopress_robots_index":""},"product_brand":[],"product_cat":[255,140],"product_tag":[],"class_list":{"0":"post-59606","1":"product","2":"type-product","3":"status-publish","4":"has-post-thumbnail","6":"product_cat-rohove-supravy","7":"product_cat-sedacie-supravy","9":"first","10":"onbackorder","11":"shipping-taxable","12":"purchasable","13":"product-type-variable"},"_links":{"self":[{"href":"https:\/\/nabytoklaguna.sk\/sk\/wp-json\/wp\/v2\/product\/59606","targetHints":{"allow":["GET"]}}],"collection":[{"href":"https:\/\/nabytoklaguna.sk\/sk\/wp-json\/wp\/v2\/product"}],"about":[{"href":"https:\/\/nabytoklaguna.sk\/sk\/wp-json\/wp\/v2\/types\/product"}],"replies":[{"embeddable":true,"href":"https:\/\/nabytoklaguna.sk\/sk\/wp-json\/wp\/v2\/comments?post=59606"}],"wp:featuredmedia":[{"embeddable":true,"href":"https:\/\/nabytoklaguna.sk\/sk\/wp-json\/wp\/v2\/media\/59648"}],"wp:attachment":[{"href":"https:\/\/nabytoklaguna.sk\/sk\/wp-json\/wp\/v2\/media?parent=59606"}],"wp:term":[{"taxonomy":"product_brand","embeddable":true,"href":"https:\/\/nabytoklaguna.sk\/sk\/wp-json\/wp\/v2\/product_brand?post=59606"},{"taxonomy":"product_cat","embeddable":true,"href":"https:\/\/nabytoklaguna.sk\/sk\/wp-json\/wp\/v2\/product_cat?post=59606"},{"taxonomy":"product_tag","embeddable":true,"href":"https:\/\/nabytoklaguna.sk\/sk\/wp-json\/wp\/v2\/product_tag?post=59606"}],"curies":[{"name":"wp","href":"https:\/\/api.w.org\/{rel}","templated":true}]}}