{"id":59966,"date":"2021-04-30T11:04:14","date_gmt":"2021-04-30T09:04:14","guid":{"rendered":"https:\/\/nabytoklaguna.sk\/sk\/?post_type=product&#038;p=59966"},"modified":"2023-10-18T12:24:00","modified_gmt":"2023-10-18T10:24:00","slug":"leon-obyvacia-stena-adrk","status":"publish","type":"product","link":"https:\/\/nabytoklaguna.sk\/sk\/produkt\/leon-obyvacia-stena-adrk\/","title":{"rendered":"NOEL ob\u00fdvacia stena"},"content":{"rendered":"<p><strong>Elegantn\u00e1<\/strong> ob\u00fdvacia zostava poskytuje ve\u013ea \u00falo\u017en\u00e9ho priestoru, ale z\u00e1rove\u0148 vytvor\u00ed z Va\u0161ej ob\u00fdvacej izby <strong>modern\u00fd<\/strong> priestor.\u00a0<strong>N<\/strong><b>ad\u010dasov\u00e9 l\u00ednie<\/b>\u00a0pod\u010diarkuje pr\u00edjemn\u00e9\u00a0<b>LED osvetlenie.<\/b>\u00a0Zostava je vyroben\u00e1 z laminovanej<b>\u00a0drevotriesky<\/b>, ob\u013e\u00faben\u00e9 a modern\u00e9 farebn\u00e9 prevedenie v <strong>\u010diernej<\/strong> alebo <strong>bielej<\/strong> v <strong>matnom<\/strong> alebo <strong>lesklom<\/strong> preveden\u00ed\u00a0\u013eahko skombinujete s ak\u00fdmko\u013evek n\u00e1bytkom. Zostava\u00a0sa sklad\u00e1 z\u00a0<b>RTV stol\u00edka<\/b>, ktor\u00fd m\u00e1\u00a0<b>otvoren\u00fd \u00falo\u017en\u00fd priestor<\/b>\u00a0a dve <strong>zatv\u00e1racie<\/strong> skrinky, zo <strong>z<\/strong><b>\u00e1vesnej vitr\u00edny <\/b>o\u017eivenej s\u010dasti <strong>presklenn\u00fdmi<\/strong> dvierkami\u00a0a zo\u00a0stojacej vitr\u00edny, takisto o\u017eivenej <strong>sklom<\/strong>. K zostave patr\u00ed aj <strong>polica<\/strong> ur\u010den\u00e1 napr\u00edklad na dekorat\u00edvne predmety, knihy, \u010di CD nosi\u010de.<\/p>\n<ul>\n<li><b>Materi\u00e1l:<\/b>\u00a0laminovan\u00e1 DTD<\/li>\n<li><b>Farba:<\/b>\u00a0biela alebo \u010dierna<\/li>\n<li><strong>\u00daprava:<\/strong> Matn\u00e1 alebo leskl\u00e1<\/li>\n<li><b>Rozmery z\u00e1vesnej vitr\u00edny (\u0160xVxH): <\/b>59 x 113 x 31 cm<\/li>\n<li><b>Rozmery stojacej vitr\u00edny (\u0160xVxH)<\/b>: 59 x 115 x 31 cm<\/li>\n<li><b>Rozmery RTV stol\u00edka (\u0160xVxH):<\/b>\u00a0176 x 28 x 40 cm<\/li>\n<li><b>Rozmery police (\u0160xVxH):<\/b>\u00a0102 x 16 x 18 cm<\/li>\n<li>Dod\u00e1van\u00e9 s LED osvetlen\u00edm<\/li>\n<li>Dod\u00e1van\u00e9 v demonte<\/li>\n<\/ul>\n","protected":false},"excerpt":{"rendered":"<p>Elegantn\u00e1 ob\u00fdvacia zostava poskytuje ve\u013ea \u00falo\u017en\u00e9ho priestoru, ale z\u00e1rove\u0148 vytvor\u00ed z Va\u0161ej ob\u00fdvacej izby modern\u00fd priestor.\u00a0Nad\u010dasov\u00e9 l\u00ednie\u00a0pod\u010diarkuje pr\u00edjemn\u00e9\u00a0LED osvetlenie.\u00a0Zostava je vyroben\u00e1 z laminovanej\u00a0drevotriesky, ob\u013e\u00faben\u00e9 a modern\u00e9 farebn\u00e9 prevedenie v \u010diernej alebo bielej v matnom alebo lesklom preveden\u00ed\u00a0\u013eahko skombinujete s ak\u00fdmko\u013evek n\u00e1bytkom. Zostava\u00a0sa sklad\u00e1 z\u00a0RTV stol\u00edka, ktor\u00fd m\u00e1\u00a0otvoren\u00fd \u00falo\u017en\u00fd priestor\u00a0a dve zatv\u00e1racie skrinky, zo z\u00e1vesnej vitr\u00edny&#8230;<\/p>\n","protected":false},"featured_media":59989,"comment_status":"closed","ping_status":"closed","template":"","meta":{"_seopress_robots_primary_cat":"182","_seopress_titles_title":"                                    ","_seopress_titles_desc":"                                    ","_seopress_robots_index":""},"product_brand":[],"product_cat":[182,251],"product_tag":[],"class_list":{"0":"post-59966","1":"product","2":"type-product","3":"status-publish","4":"has-post-thumbnail","6":"product_cat-obyvacie-steny","7":"product_cat-steny","8":"pa_farba-leskla-biela","9":"pa_farba-leskla-cierna","10":"pa_farba-matna-biela","11":"pa_farba-matna-cierna","13":"first","14":"instock","15":"sale","16":"shipping-taxable","17":"purchasable","18":"product-type-variable"},"_links":{"self":[{"href":"https:\/\/nabytoklaguna.sk\/sk\/wp-json\/wp\/v2\/product\/59966","targetHints":{"allow":["GET"]}}],"collection":[{"href":"https:\/\/nabytoklaguna.sk\/sk\/wp-json\/wp\/v2\/product"}],"about":[{"href":"https:\/\/nabytoklaguna.sk\/sk\/wp-json\/wp\/v2\/types\/product"}],"replies":[{"embeddable":true,"href":"https:\/\/nabytoklaguna.sk\/sk\/wp-json\/wp\/v2\/comments?post=59966"}],"wp:featuredmedia":[{"embeddable":true,"href":"https:\/\/nabytoklaguna.sk\/sk\/wp-json\/wp\/v2\/media\/59989"}],"wp:attachment":[{"href":"https:\/\/nabytoklaguna.sk\/sk\/wp-json\/wp\/v2\/media?parent=59966"}],"wp:term":[{"taxonomy":"product_brand","embeddable":true,"href":"https:\/\/nabytoklaguna.sk\/sk\/wp-json\/wp\/v2\/product_brand?post=59966"},{"taxonomy":"product_cat","embeddable":true,"href":"https:\/\/nabytoklaguna.sk\/sk\/wp-json\/wp\/v2\/product_cat?post=59966"},{"taxonomy":"product_tag","embeddable":true,"href":"https:\/\/nabytoklaguna.sk\/sk\/wp-json\/wp\/v2\/product_tag?post=59966"}],"curies":[{"name":"wp","href":"https:\/\/api.w.org\/{rel}","templated":true}]}}