{"id":60116,"date":"2021-04-30T11:04:14","date_gmt":"2021-04-30T09:04:14","guid":{"rendered":"https:\/\/nabytoklaguna.sk\/sk\/?post_type=product&#038;p=60116"},"modified":"2023-02-24T14:28:26","modified_gmt":"2023-02-24T13:28:26","slug":"avila-detska-postel-adrk","status":"publish","type":"product","link":"https:\/\/nabytoklaguna.sk\/sk\/produkt\/avila-detska-postel-adrk\/","title":{"rendered":"AVILA detsk\u00e1 poste\u013e ADRK"},"content":{"rendered":"<p><strong>K\u00fazeln\u00e1<\/strong> poste\u013e <strong>Avila<\/strong> je vhodn\u00e1 do ka\u017edej <strong>detskej<\/strong> izbi\u010dky. V\u010faka mo\u017enosti v\u00fdberu z r\u00f4znych <strong>farebn\u00fdch<\/strong> <strong>preveden\u00ed<\/strong> je vhodn\u00e1 ako pre <strong>diev\u010datko<\/strong>, tak aj pre <strong>chlapca<\/strong>. Taktie\u017e je mo\u017en\u00e9 vybra\u0165 si <strong>r\u00e1m postele<\/strong>\u00a0v <strong>pr\u00edrodnom<\/strong> <strong>dreve<\/strong>, alebo <strong>bielej<\/strong> <strong>farbe<\/strong>. \u010eal\u0161ou v\u00fdhodou je <strong>pr\u00edstelka<\/strong>, ktor\u00e1 umo\u017en\u00ed prespanie detskej <strong>n\u00e1v\u0161teve<\/strong> V\u00e1\u0161ho die\u0165a\u0165a, pr\u00edpadne bude <strong>skladnou<\/strong> mo\u017enos\u0165ou pre <strong>viac<\/strong> <strong>det\u00ed<\/strong> v rodine. Taktie\u017e ur\u010dite vyu\u017eijete <strong>odkladac\u00ed<\/strong> <strong>priestor<\/strong> v podobe <strong>dvoch<\/strong> <strong>z\u00e1suviek<\/strong> umiestnen\u00fdch pod poste\u013eou. Poste\u013e sa dod\u00e1va <b>vr\u00e1tane matracov<\/b><b>.<\/b><\/p>\n<p><strong>Rozmery \u0160xVxH: <\/strong>188 x 80 x 81 cm<\/p>\n<ul>\n<li><b>Materi\u00e1l:<\/b>\u00a0laminovan\u00e1 DTD<\/li>\n<li><b>Farba: <\/b>modr\u00e1, oran\u017eov\u00e1, ru\u017eov\u00e1,\u00a0zelen\u00e1<\/li>\n<li><strong>Farba r\u00e1mu: <\/strong>biela, pr\u00edrodn\u00e9 drevo<\/li>\n<li><b>Rozmery (\u0160xVxH): <\/b>188\u00a0x 80 x 81 cm<\/li>\n<li>Dod\u00e1van\u00e9 v demonte<\/li>\n<\/ul>\n","protected":false},"excerpt":{"rendered":"<p>K\u00fazeln\u00e1 poste\u013e Avila je vhodn\u00e1 do ka\u017edej detskej izbi\u010dky. V\u010faka mo\u017enosti v\u00fdberu z r\u00f4znych farebn\u00fdch preveden\u00ed je vhodn\u00e1 ako pre diev\u010datko, tak aj pre chlapca. Taktie\u017e je mo\u017en\u00e9 vybra\u0165 si r\u00e1m postele\u00a0v pr\u00edrodnom dreve, alebo bielej farbe. \u010eal\u0161ou v\u00fdhodou je pr\u00edstelka, ktor\u00e1 umo\u017en\u00ed prespanie detskej n\u00e1v\u0161teve V\u00e1\u0161ho die\u0165a\u0165a, pr\u00edpadne bude skladnou mo\u017enos\u0165ou pre viac det\u00ed&#8230;<\/p>\n","protected":false},"featured_media":60161,"comment_status":"closed","ping_status":"closed","template":"","meta":{"_seopress_robots_primary_cat":"209","_seopress_titles_title":"                                    ","_seopress_titles_desc":"                                    ","_seopress_robots_index":""},"product_brand":[],"product_cat":[233,234,209],"product_tag":[],"class_list":{"0":"post-60116","1":"product","2":"type-product","3":"status-publish","4":"has-post-thumbnail","6":"product_cat-poschodove-postele","7":"product_cat-detske-postele","8":"product_cat-detske-izby","10":"first","11":"onbackorder","12":"shipping-taxable","13":"purchasable","14":"product-type-variable"},"_links":{"self":[{"href":"https:\/\/nabytoklaguna.sk\/sk\/wp-json\/wp\/v2\/product\/60116","targetHints":{"allow":["GET"]}}],"collection":[{"href":"https:\/\/nabytoklaguna.sk\/sk\/wp-json\/wp\/v2\/product"}],"about":[{"href":"https:\/\/nabytoklaguna.sk\/sk\/wp-json\/wp\/v2\/types\/product"}],"replies":[{"embeddable":true,"href":"https:\/\/nabytoklaguna.sk\/sk\/wp-json\/wp\/v2\/comments?post=60116"}],"wp:featuredmedia":[{"embeddable":true,"href":"https:\/\/nabytoklaguna.sk\/sk\/wp-json\/wp\/v2\/media\/60161"}],"wp:attachment":[{"href":"https:\/\/nabytoklaguna.sk\/sk\/wp-json\/wp\/v2\/media?parent=60116"}],"wp:term":[{"taxonomy":"product_brand","embeddable":true,"href":"https:\/\/nabytoklaguna.sk\/sk\/wp-json\/wp\/v2\/product_brand?post=60116"},{"taxonomy":"product_cat","embeddable":true,"href":"https:\/\/nabytoklaguna.sk\/sk\/wp-json\/wp\/v2\/product_cat?post=60116"},{"taxonomy":"product_tag","embeddable":true,"href":"https:\/\/nabytoklaguna.sk\/sk\/wp-json\/wp\/v2\/product_tag?post=60116"}],"curies":[{"name":"wp","href":"https:\/\/api.w.org\/{rel}","templated":true}]}}