{"id":62923,"date":"2021-04-30T11:04:14","date_gmt":"2021-04-30T09:04:14","guid":{"rendered":"https:\/\/nabytoklaguna.sk\/sk\/?post_type=product&#038;p=62923"},"modified":"2025-11-24T11:24:20","modified_gmt":"2025-11-24T10:24:20","slug":"ivica-top-exclusive","status":"publish","type":"product","link":"https:\/\/nabytoklaguna.sk\/sk\/produkt\/ivica-top-exclusive\/","title":{"rendered":"IVICA TOP EXCLUSIVE"},"content":{"rendered":"<p><strong>TOP EXCLUSIVE<\/strong>\u00a0je modelov\u00e1 rada postel\u00ed, ktor\u00e1 sa vyzna\u010duje\u00a0<strong>osobit\u00fdm<\/strong>\u00a0<strong>vzh\u013eadom<\/strong>\u00a0a\u00a0<strong>starostliv\u00fdm<\/strong>\u00a0spracovan\u00edm do toho najmen\u0161ieho\u00a0<strong>detailu<\/strong>. Podstatnou, nie v\u0161ak jedinou v\u00fdhodou modelov\u00e9ho radu je, \u017ee Vami vybran\u00fa\u00a0<strong>skladbu<\/strong>\u00a0<strong>ro\u0161tu<\/strong>,\u00a0<strong>matraca<\/strong>\u00a0a\u00a0<strong>dennej<\/strong>\u00a0<strong>deky <\/strong>mo\u017eno po nieko\u013ekoro\u010dnom pou\u017e\u00edvan\u00ed\u00a0<strong>vymeni\u0165<\/strong>, \u010do predstavuje\u00a0<strong>ekonomick\u00fd<\/strong>,\u00a0<strong>komfortn\u00fd<\/strong>\u00a0a\u00a0<strong>hygienick\u00fd<\/strong>\u00a0pr\u00edstup u\u017e\u00edvania postel\u00ed. Ka\u017ed\u00fa poste\u013e tejto rady je mo\u017en\u00e9\u00a0<strong>prisp\u00f4sobi\u0165<\/strong>\u00a0pre v\u00e1\u0161 interi\u00e9r. Postele typu\u00a0<strong>TOP EXCLUSIVE\u00a0<\/strong>maj\u00fa\u00a0<strong>mas\u00edvny<\/strong>\u00a0dreven\u00fd r\u00e1m s lamelami umo\u017e\u0148uj\u00faci\u00a0<strong>pr\u00edstup<\/strong>\u00a0k \u00falo\u017en\u00e9mu priestoru\u00a0<strong>od n\u00f4h<\/strong>, alebo\u00a0<strong>zboku<\/strong>.\u00a0<strong>Po\u0165ahov\u00fa<\/strong>\u00a0l\u00e1tku si m\u00f4\u017eete\u00a0<strong>vybra\u0165<\/strong>\u00a0v r\u00f4znych\u00a0<strong>farb\u00e1ch<\/strong>\u00a0a\u00a0<strong>\u0161t\u00fdloch<\/strong>. Farbu\u00a0n\u00f4h si m\u00f4\u017eete vybra\u0165 z\u00a0piatich\u00a0variantov \u2013 buk, \u010dere\u0161\u0148a, orech, strieborn\u00e1 a \u010dierna. Takisto je mo\u017en\u00e9 vybra\u0165 si\u00a0typ n\u00f4h, a to zo\u00a0\u0161iestich\u00a0variantov (v\u00fd\u0161ka 6 alebo 12 cm). Farbu a typ no\u017ei\u010diek pros\u00edm uve\u010fte v\u00a0pozn\u00e1mke\u00a0objedn\u00e1vky. Poste\u013e je dod\u00e1van\u00e1 v dvoch \u0161\u00edrkach:\u00a0160\u00a0a\u00a0180\u00a0cm.\u00a0V\u00fd\u0161ka lo\u017enej plochy je 52\/57\/58\/63 cm (z\u00e1le\u017e\u00ed od typu n\u00f4h a matraca). Dok\u00fapte si takisto \u0161t\u00fdlov\u00e9 a kvalitn\u00e9\u00a0vank\u00fa\u0161iky\u00a0v\u00a0super\u00a0cene.<\/p>\n<p><strong>L\u00c1TKU pros\u00edm vyberte tu:<\/strong><\/p>\n<p><a href=\"https:\/\/nabytoklaguna.sk\/sk\/wp-content\/uploads\/2020\/05\/ND-Vzorkovn%C3%ADk-l%C3%A1tok.pdf\">ND-Vzorkovn\u00edk-l\u00e1tok.pdf<\/a><\/p>\n<p>Nastavenie displeja m\u00f4\u017ee sp\u00f4sobi\u0165 odch\u00fdlku vo farbe vzoriek po\u0165ahov\u00fdch l\u00e1tok.<\/p>\n<p>Vank\u00fa\u0161e a pl\u00e9d nie s\u00fa v cene postele, mo\u017enos\u0165 dok\u00fapi\u0165 pl\u00e9d, denn\u00fa deku, taburetku\u00a0 a vank\u00fa\u0161e (potrebn\u00e9 uvies\u0165 v pozn\u00e1mke objedn\u00e1vky)<strong><br \/>\n<\/strong><\/p>\n<table class=\"table-data-sheet\" style=\"height: 310px;\">\n<tbody>\n<tr class=\"odd\" style=\"height: 50px;\">\n<td style=\"width: 277px; height: 50px;\"><strong>Rozmery postele:<\/strong>\u00a0(\u0160xVxH)<\/td>\n<td style=\"width: 480px; height: 50px;\">192 x 102 x 218 cm, Plocha na spanie: 180 x 200 cm<\/td>\n<\/tr>\n<tr class=\"even\" style=\"height: 50px;\">\n<td style=\"width: 277px; height: 50px;\"><\/td>\n<td style=\"width: 480px; height: 50px;\">172 x 102 x 218 cm, Plocha na spanie: 160 x 200 cm<\/td>\n<\/tr>\n<tr class=\"odd\" style=\"height: 50px;\">\n<td style=\"width: 277px; height: 50px;\"><strong>V\u00fd\u0161ka lo\u017enej plochy<\/strong>:<\/td>\n<td style=\"width: 480px; height: 50px;\">57 \/ 63 cm (pod\u013ea typu n\u00f4h a matraca)<\/td>\n<\/tr>\n<tr class=\"even\" style=\"height: 50px;\">\n<td style=\"width: 277px; height: 50px;\"><strong>Max. nosnos\u0165 postele<\/strong>:<\/td>\n<td style=\"width: 480px; height: 50px;\">max.130kg<\/td>\n<\/tr>\n<tr class=\"odd\" style=\"height: 50px;\">\n<td style=\"width: 277px; height: 50px;\"><strong>Prevedenie n\u00f4h:<\/strong><\/td>\n<td style=\"width: 480px; height: 50px;\">v\u00fd\u0161ka 6 cm (typ 1, 2) alebo 12 cm (typ 3, 4, 5, 6)<\/td>\n<\/tr>\n<tr class=\"even\" style=\"height: 50px;\">\n<td style=\"width: 277px; height: 50px;\"><\/td>\n<td style=\"width: 480px; height: 50px;\"><\/td>\n<\/tr>\n<tr style=\"height: 10px;\">\n<td style=\"width: 277px; height: 10px;\"><\/td>\n<td style=\"width: 480px; height: 10px;\"><\/td>\n<\/tr>\n<\/tbody>\n<\/table>\n<p><strong>Typy ro\u0161tov:<\/strong><\/p>\n<p>&nbsp;<\/p>\n<p><strong>Typy matracov:<\/strong><\/p>\n<p><u><strong>Ro\u0161ty:<\/strong><\/u><\/p>\n<table border=\"0\" width=\"672\" cellspacing=\"1\" cellpadding=\"1\">\n<tbody>\n<tr>\n<td><img loading=\"lazy\" decoding=\"async\" class=\"alignnone wp-image-116035\" src=\"https:\/\/nabytoklaguna.sk\/sk\/wp-content\/uploads\/2021\/05\/ND3-500x407.jpg\" alt=\"\" width=\"399\" height=\"325\" srcset=\"https:\/\/nabytoklaguna.sk\/sk\/wp-content\/uploads\/2021\/05\/ND3-500x407.jpg 500w, https:\/\/nabytoklaguna.sk\/sk\/wp-content\/uploads\/2021\/05\/ND3-768x625.jpg 768w, https:\/\/nabytoklaguna.sk\/sk\/wp-content\/uploads\/2021\/05\/ND3-610x496.jpg 610w, https:\/\/nabytoklaguna.sk\/sk\/wp-content\/uploads\/2021\/05\/ND3.jpg 983w\" sizes=\"auto, (max-width: 399px) 100vw, 399px\" \/><\/td>\n<td><u><strong>Ro\u0161t ND3:<\/strong><\/u><\/p>\n<ul>\n<li>ro\u0161t ur\u010den\u00fd pre bo\u010dn\u00fd pr\u00edstup k \u00falo\u017en\u00e9mu priestoru<\/li>\n<li>piestov\u00fd mechanizmus<\/li>\n<li>po\u010det lamiel: 28+5 kusov kvalitn\u00fdch lamiel nastavenia tuhosti + spev\u0148uj\u00faci popruh<\/li>\n<li>p\u00fazdra: v\u00fdkyvn\u00e9 zdvojen\u00e9<\/li>\n<li>max. za\u0165a\u017eenie: do130 kg<\/li>\n<\/ul>\n<\/td>\n<\/tr>\n<tr>\n<td><img loading=\"lazy\" decoding=\"async\" class=\"alignnone wp-image-116036\" src=\"https:\/\/nabytoklaguna.sk\/sk\/wp-content\/uploads\/2021\/05\/ND4-500x265.jpg\" alt=\"\" width=\"456\" height=\"242\" srcset=\"https:\/\/nabytoklaguna.sk\/sk\/wp-content\/uploads\/2021\/05\/ND4-500x265.jpg 500w, https:\/\/nabytoklaguna.sk\/sk\/wp-content\/uploads\/2021\/05\/ND4-1024x542.jpg 1024w, https:\/\/nabytoklaguna.sk\/sk\/wp-content\/uploads\/2021\/05\/ND4-768x407.jpg 768w, https:\/\/nabytoklaguna.sk\/sk\/wp-content\/uploads\/2021\/05\/ND4-610x323.jpg 610w, https:\/\/nabytoklaguna.sk\/sk\/wp-content\/uploads\/2021\/05\/ND4.jpg 1500w\" sizes=\"auto, (max-width: 456px) 100vw, 456px\" \/><\/td>\n<td><strong><u>Ro\u0161t ND4:<\/u><\/strong><\/p>\n<ul>\n<li>ve\u013emi dobr\u00fd pr\u00edstup k \u00falo\u017en\u00e9mu priestoru<\/li>\n<li>5 pol\u00f4h pod hlavou + relaxa\u010dn\u00e1 poloha pre nohy<\/li>\n<li>piestov\u00fd mechanizmus<\/li>\n<li>po\u010det lamiel: 28+5 kusov kvalitn\u00fdch lamiel nastavenia tuhosti + spev\u0148uj\u00faci popruh<\/li>\n<li>p\u00fazdr\u00e1: v\u00fdkyvn\u00e9 zdvojen\u00e9<\/li>\n<li>max. za\u0165a\u017eenie: do 130 kg<\/li>\n<\/ul>\n<\/td>\n<\/tr>\n<tr>\n<td><img loading=\"lazy\" decoding=\"async\" class=\"alignnone wp-image-89407 size-medium\" src=\"https:\/\/nabytoklaguna.sk\/sk\/wp-content\/uploads\/2019\/05\/c-item-128409-calunena-postel-vita-180x200--500x361.jpg\" alt=\"\" width=\"500\" height=\"361\" srcset=\"https:\/\/nabytoklaguna.sk\/sk\/wp-content\/uploads\/2019\/05\/c-item-128409-calunena-postel-vita-180x200--500x361.jpg 500w, https:\/\/nabytoklaguna.sk\/sk\/wp-content\/uploads\/2019\/05\/c-item-128409-calunena-postel-vita-180x200--610x441.jpg 610w, https:\/\/nabytoklaguna.sk\/sk\/wp-content\/uploads\/2019\/05\/c-item-128409-calunena-postel-vita-180x200--768x555.jpg 768w, https:\/\/nabytoklaguna.sk\/sk\/wp-content\/uploads\/2019\/05\/c-item-128409-calunena-postel-vita-180x200-.jpg 1024w\" sizes=\"auto, (max-width: 500px) 100vw, 500px\" \/><\/td>\n<td><strong><u>Ro\u0161t LR1:<\/u><\/strong><\/p>\n<ul>\n<li>dobr\u00fd pr\u00edstup k \u00falo\u017en\u00e9mu priestoru<\/li>\n<li>ro\u0161ty spojen\u00e9 napevno s \u00falo\u017en\u00fdm priestorom<\/li>\n<li>r\u00e1my ro\u0161tov vyroben\u00e9 zo smrekov\u00e9ho dreva a osaden\u00e9 predpet\u00fdmi lamelami v plastov\u00fdch p\u00fazdrach<\/li>\n<li>max. za\u0165a\u017eenie: do 130 kg<\/li>\n<\/ul>\n<\/td>\n<\/tr>\n<\/tbody>\n<\/table>\n<p>&nbsp;<\/p>\n<p><strong>Typy matracov:<\/strong><\/p>\n<table style=\"width: 100%;\" border=\"0\" width=\"759\" cellspacing=\"1\" cellpadding=\"1\">\n<tbody>\n<tr>\n<td style=\"width: 42.1836%;\"><img loading=\"lazy\" decoding=\"async\" class=\"alignnone wp-image-61910\" src=\"https:\/\/i1.wp.com\/nabytoklaguna.sk\/sk\/wp-content\/uploads\/2017\/05\/BAZI.jpg?resize=500%2C310&amp;ssl=1\" alt=\"\" width=\"367\" height=\"228\" srcset=\"https:\/\/nabytoklaguna.sk\/sk\/wp-content\/uploads\/2017\/05\/BAZI.jpg 1292w, https:\/\/nabytoklaguna.sk\/sk\/wp-content\/uploads\/2017\/05\/BAZI-610x378.jpg 610w, https:\/\/nabytoklaguna.sk\/sk\/wp-content\/uploads\/2017\/05\/BAZI-500x310.jpg 500w, https:\/\/nabytoklaguna.sk\/sk\/wp-content\/uploads\/2017\/05\/BAZI-768x476.jpg 768w, https:\/\/nabytoklaguna.sk\/sk\/wp-content\/uploads\/2017\/05\/BAZI-1024x634.jpg 1024w\" sizes=\"auto, (max-width: 367px) 100vw, 367px\" \/><\/td>\n<td style=\"width: 57.6923%;\"><strong><u>Matrac BAZI:<\/u><\/strong><\/p>\n<ul>\n<li>v\u00fd\u0161ka matraca: cca 16 cm<\/li>\n<li>nosnos\u0165 matraca: do 110 kg<\/li>\n<li>po\u0165ah: frot\u00e9, pranie na 60\u00b0C<\/li>\n<li>5-z\u00f3nov\u00fd matrac sa sklad\u00e1 z polyuret\u00e1novej peny, kon\u0161trukcie sendvi\u010dov\u00e9ho typu<\/li>\n<li>obojstrann\u00fd matrac s 2 druhmi tuhost\u00ed<\/li>\n<li>farby jadier matracov s\u00fa len orienta\u010dn\u00e9<\/li>\n<\/ul>\n<\/td>\n<\/tr>\n<tr>\n<td style=\"width: 42.1836%;\"><img loading=\"lazy\" decoding=\"async\" class=\"alignnone wp-image-61913\" src=\"https:\/\/i2.wp.com\/nabytoklaguna.sk\/sk\/wp-content\/uploads\/2017\/05\/SABI.jpg?resize=500%2C310&amp;ssl=1\" alt=\"\" width=\"366\" height=\"227\" srcset=\"https:\/\/nabytoklaguna.sk\/sk\/wp-content\/uploads\/2017\/05\/SABI.jpg 1292w, https:\/\/nabytoklaguna.sk\/sk\/wp-content\/uploads\/2017\/05\/SABI-610x378.jpg 610w, https:\/\/nabytoklaguna.sk\/sk\/wp-content\/uploads\/2017\/05\/SABI-500x310.jpg 500w, https:\/\/nabytoklaguna.sk\/sk\/wp-content\/uploads\/2017\/05\/SABI-768x476.jpg 768w, https:\/\/nabytoklaguna.sk\/sk\/wp-content\/uploads\/2017\/05\/SABI-1024x634.jpg 1024w\" sizes=\"auto, (max-width: 366px) 100vw, 366px\" \/><\/td>\n<td style=\"width: 57.6923%;\"><strong><u>Matrac SABI:<\/u><\/strong><\/p>\n<ul>\n<li>v\u00fd\u0161ka matraca: cca 16 cm<\/li>\n<li>nosnos\u0165 matraca: do 110 kg<\/li>\n<li>po\u0165ah: frot\u00e9, pranie na 60\u00b0C<\/li>\n<li>sendvi\u010dov\u00fd 7-z\u00f3nov\u00fd matrac, stred zo spojen\u00e9ho polyuret\u00e1nu a dve dosky a mas\u00e1\u017enymi nopmi, ktor\u00e9 zabezpe\u010duj\u00fa vzdu\u0161nos\u0165 a ve\u013emi kvalitn\u00fd sp\u00e1nkov\u00fd komfort<\/li>\n<\/ul>\n<\/td>\n<\/tr>\n<tr>\n<td style=\"width: 42.1836%;\"><img loading=\"lazy\" decoding=\"async\" class=\"alignnone wp-image-61912\" src=\"https:\/\/i1.wp.com\/nabytoklaguna.sk\/sk\/wp-content\/uploads\/2017\/05\/INFLEX.jpg?resize=500%2C310&amp;ssl=1\" alt=\"\" width=\"371\" height=\"230\" srcset=\"https:\/\/nabytoklaguna.sk\/sk\/wp-content\/uploads\/2017\/05\/INFLEX.jpg 1292w, https:\/\/nabytoklaguna.sk\/sk\/wp-content\/uploads\/2017\/05\/INFLEX-610x378.jpg 610w, https:\/\/nabytoklaguna.sk\/sk\/wp-content\/uploads\/2017\/05\/INFLEX-500x310.jpg 500w, https:\/\/nabytoklaguna.sk\/sk\/wp-content\/uploads\/2017\/05\/INFLEX-768x476.jpg 768w, https:\/\/nabytoklaguna.sk\/sk\/wp-content\/uploads\/2017\/05\/INFLEX-1024x634.jpg 1024w\" sizes=\"auto, (max-width: 371px) 100vw, 371px\" \/><\/td>\n<td style=\"width: 57.6923%;\"><strong><u>Matrac INFLEX:<\/u><\/strong><\/p>\n<ul>\n<li>v\u00fd\u0161ka matraca: cca 21 cm<\/li>\n<li>nosnos\u0165 matraca: do 130 kg<\/li>\n<li>po\u0165ah: \u00fapletov\u00fd po\u0165ah aloe vera, pranie na 60\u00b0C<\/li>\n<li>7-z\u00f3nov\u00fd matrac je vyroben\u00fd zo studenej HR peny s vysokou gram\u00e1\u017eou.<\/li>\n<li>obojstrann\u00fd matrac s 2 druhmi tuhost\u00ed<\/li>\n<li>matrac zais\u0165uje ide\u00e1lnu sp\u00e1nkov\u00fa kl\u00edmu, komfort sp\u00e1nku a dlh\u00fa \u017eivotnos\u0165<\/li>\n<\/ul>\n<p><strong>\u00a0<\/strong><\/td>\n<\/tr>\n<tr>\n<td style=\"width: 42.1836%;\"><img loading=\"lazy\" decoding=\"async\" class=\"alignnone wp-image-61914\" src=\"https:\/\/i2.wp.com\/nabytoklaguna.sk\/sk\/wp-content\/uploads\/2017\/05\/TERAFLEX.jpg?resize=500%2C310&amp;ssl=1\" alt=\"\" width=\"379\" height=\"235\" srcset=\"https:\/\/nabytoklaguna.sk\/sk\/wp-content\/uploads\/2017\/05\/TERAFLEX.jpg 1292w, https:\/\/nabytoklaguna.sk\/sk\/wp-content\/uploads\/2017\/05\/TERAFLEX-610x378.jpg 610w, https:\/\/nabytoklaguna.sk\/sk\/wp-content\/uploads\/2017\/05\/TERAFLEX-500x310.jpg 500w, https:\/\/nabytoklaguna.sk\/sk\/wp-content\/uploads\/2017\/05\/TERAFLEX-768x476.jpg 768w, https:\/\/nabytoklaguna.sk\/sk\/wp-content\/uploads\/2017\/05\/TERAFLEX-1024x634.jpg 1024w\" sizes=\"auto, (max-width: 379px) 100vw, 379px\" \/><\/td>\n<td style=\"width: 57.6923%;\"><strong><u>Matrac TERAFLEX:<\/u><\/strong><\/p>\n<ul>\n<li>v\u00fd\u0161ka matraca: cca 21 cm<\/li>\n<li>nosnos\u0165 matraca: do 130 kg<\/li>\n<li>obsahuje visco pam\u00e4\u0165ov\u00fa penu<\/li>\n<li>po\u0165ah: \u00fapletov\u00fd po\u0165ah aloe vera, pranie na 60\u00b0C<\/li>\n<li>sendvi\u010dov\u00fd 7-z\u00f3nov\u00fd matrac je vyroben\u00fd zo studenej HR peny s vysokou gram\u00e1\u017eou, na ktorej spo\u010d\u00edva doska z visco peny s mas\u00e1\u017enymi nopmi.<\/li>\n<li>obojstrann\u00fd matrac s 2 druhmi tuhost\u00ed<\/li>\n<li>matrac zais\u0165uje ide\u00e1lnu sp\u00e1nkov\u00fa kl\u00edmu, komfort sp\u00e1nku a dlh\u00fa \u017eivotnos\u0165<\/li>\n<\/ul>\n<\/td>\n<\/tr>\n<tr>\n<td style=\"width: 42.1836%;\"><img loading=\"lazy\" decoding=\"async\" class=\"alignnone wp-image-61911\" src=\"https:\/\/i0.wp.com\/nabytoklaguna.sk\/sk\/wp-content\/uploads\/2017\/05\/CONTINENTAL.jpg?resize=500%2C310&amp;ssl=1\" alt=\"\" width=\"379\" height=\"235\" srcset=\"https:\/\/nabytoklaguna.sk\/sk\/wp-content\/uploads\/2017\/05\/CONTINENTAL.jpg 1292w, https:\/\/nabytoklaguna.sk\/sk\/wp-content\/uploads\/2017\/05\/CONTINENTAL-610x378.jpg 610w, https:\/\/nabytoklaguna.sk\/sk\/wp-content\/uploads\/2017\/05\/CONTINENTAL-500x310.jpg 500w, https:\/\/nabytoklaguna.sk\/sk\/wp-content\/uploads\/2017\/05\/CONTINENTAL-768x476.jpg 768w, https:\/\/nabytoklaguna.sk\/sk\/wp-content\/uploads\/2017\/05\/CONTINENTAL-1024x634.jpg 1024w\" sizes=\"auto, (max-width: 379px) 100vw, 379px\" \/><\/td>\n<td style=\"width: 57.6923%;\"><strong><u>Matrac CONTINENTAL:<\/u><\/strong><\/p>\n<ul>\n<li>v\u00fd\u0161ka matraca: cca 21 cm<\/li>\n<li>nosnos\u0165 matraca: do 130 kg<\/li>\n<li>po\u0165ah: \u00fapletov\u00fd po\u0165ah aloe vera, pranie na 60\u00b0C<\/li>\n<li>matrac obsahuje vzdu\u0161n\u00e9 ta\u0161ti\u010dkov\u00e9 jadro vyroben\u00e9 z 390 pru\u017e\u00edn. Ka\u017ed\u00e1 pru\u017eina je za\u0161it\u00e1 v textilnej ta\u0161ke.<\/li>\n<li>obojstrann\u00fd matrac s dvomatypmi tuhosti, z ktor\u00fdch jedna strana obsahuje visco 7-z\u00f3nov\u00fa pam\u00e4\u0165ov\u00fa penu s mas\u00e1\u017en\u00fdmi nopmi a druh\u00e1 strana 7-z\u00f3nov\u00fa HR studen\u00fa penu s mas\u00e1\u017enymi nopmi vysokej z\u00e1\u0165a\u017ee.<\/li>\n<li>\u0161tyry odvetr\u00e1vaj\u00face otvory v bokoch matraca zais\u0165uj\u00fa ide\u00e1lne odvetr\u00e1vanie a komfort sp\u00e1nku<\/li>\n<\/ul>\n<p><strong>\u00a0<\/strong><\/td>\n<\/tr>\n<tr>\n<td style=\"width: 42.1836%;\"><img loading=\"lazy\" decoding=\"async\" class=\"alignnone wp-image-61908\" src=\"https:\/\/i2.wp.com\/nabytoklaguna.sk\/sk\/wp-content\/uploads\/2017\/05\/AQUAFLEX.jpg?resize=500%2C310&amp;ssl=1\" alt=\"\" width=\"376\" height=\"233\" srcset=\"https:\/\/nabytoklaguna.sk\/sk\/wp-content\/uploads\/2017\/05\/AQUAFLEX.jpg 1292w, https:\/\/nabytoklaguna.sk\/sk\/wp-content\/uploads\/2017\/05\/AQUAFLEX-610x378.jpg 610w, https:\/\/nabytoklaguna.sk\/sk\/wp-content\/uploads\/2017\/05\/AQUAFLEX-500x310.jpg 500w, https:\/\/nabytoklaguna.sk\/sk\/wp-content\/uploads\/2017\/05\/AQUAFLEX-768x476.jpg 768w, https:\/\/nabytoklaguna.sk\/sk\/wp-content\/uploads\/2017\/05\/AQUAFLEX-1024x634.jpg 1024w\" sizes=\"auto, (max-width: 376px) 100vw, 376px\" \/><\/td>\n<td style=\"width: 57.6923%;\"><strong><u>Matrac AQUAFLEX:<\/u><\/strong><\/p>\n<ul>\n<li>v\u00fd\u0161ka matraca cca 21 cm<\/li>\n<li>nosnos\u0165 matraca: do 130 kg<\/li>\n<li>po\u0165ah: \u00fapletov\u00fd po\u0165ah aloe vera, pranie na 60\u00b0C<\/li>\n<li>tento luxusn\u00fd matrac zais\u0165uje ide\u00e1lnu kl\u00edmu a komfort.<\/li>\n<li>matrac sa sklad\u00e1 z vysoko objemov\u00fdch pien, ktor\u00e9 s\u00fa chr\u00e1nen\u00e9 ochrannou zn\u00e1mkou PANTERA\u00ae a CELLFLEX\u00ae.<\/li>\n<\/ul>\n<p><strong>\u00a0<\/strong><\/td>\n<\/tr>\n<\/tbody>\n<\/table>\n<p><u>Farebnos\u0165 pien u matracov sa m\u00f4\u017ee l\u00ed\u0161i\u0165 na z\u00e1klade v\u00fdrobnej \u0161ar\u017ee alebo zmenou dod\u00e1vate\u013ea. Farba nem\u00e1 vplyv na kvalitu matraca.<\/u><\/p>\n<p><u><strong>Farebn\u00e9 prevedenie\u00a0 a typy n\u00f4h \u2013 v cene postele (uve\u010fte pros\u00edm v pozn\u00e1mke objedn\u00e1vky):<\/strong><\/u><\/p>\n<p><img loading=\"lazy\" decoding=\"async\" class=\"alignnone size-medium wp-image-82336\" src=\"https:\/\/i1.wp.com\/nabytoklaguna.sk\/sk\/wp-content\/uploads\/2020\/05\/nd-nohy.jpg?resize=500%2C330&amp;ssl=1\" alt=\"\" width=\"500\" height=\"330\" srcset=\"https:\/\/nabytoklaguna.sk\/sk\/wp-content\/uploads\/2020\/05\/nd-nohy.jpg 839w, https:\/\/nabytoklaguna.sk\/sk\/wp-content\/uploads\/2020\/05\/nd-nohy-610x402.jpg 610w, https:\/\/nabytoklaguna.sk\/sk\/wp-content\/uploads\/2020\/05\/nd-nohy-500x330.jpg 500w, https:\/\/nabytoklaguna.sk\/sk\/wp-content\/uploads\/2020\/05\/nd-nohy-768x506.jpg 768w\" sizes=\"auto, (max-width: 500px) 100vw, 500px\" \/><\/p>\n<p>&nbsp;<\/p>\n<p><strong>Mo\u017enos\u0165 dok\u00fapi\u0165 vank\u00fa\u0161iky (uve\u010fte pros\u00edm v pozn\u00e1mke objedn\u00e1vky):<\/strong><\/p>\n<p><strong>A: 40 x 40 cm \u2013 12 \u20ac<\/strong><\/p>\n<p><strong>B: 60 x 60 cm \u2013 20 \u20ac<\/strong><\/p>\n<p><strong>C: 70 x 28 cm \u2013 15 \u20ac<\/strong><\/p>\n<p><img loading=\"lazy\" decoding=\"async\" class=\"alignnone size-medium wp-image-61674\" src=\"https:\/\/i0.wp.com\/nabytoklaguna.sk\/sk\/wp-content\/uploads\/2017\/06\/vankuse.jpg?resize=500%2C310&amp;ssl=1\" alt=\"\" width=\"500\" height=\"310\" data-attachment-id=\"61674\" data-permalink=\"https:\/\/nabytoklaguna.sk\/sk\/?attachment_id=61674\" data-orig-file=\"https:\/\/i0.wp.com\/nabytoklaguna.sk\/sk\/wp-content\/uploads\/2017\/06\/vankuse.jpg?fit=1290%2C800&amp;ssl=1\" data-orig-size=\"1290,800\" data-comments-opened=\"0\" data-image-meta=\"{&quot;aperture&quot;:&quot;0&quot;,&quot;credit&quot;:&quot;&quot;,&quot;camera&quot;:&quot;&quot;,&quot;caption&quot;:&quot;&quot;,&quot;created_timestamp&quot;:&quot;0&quot;,&quot;copyright&quot;:&quot;&quot;,&quot;focal_length&quot;:&quot;0&quot;,&quot;iso&quot;:&quot;0&quot;,&quot;shutter_speed&quot;:&quot;0&quot;,&quot;title&quot;:&quot;&quot;,&quot;orientation&quot;:&quot;0&quot;}\" data-image-title=\"vankuse\" data-image-description=\"\" data-medium-file=\"https:\/\/i0.wp.com\/nabytoklaguna.sk\/sk\/wp-content\/uploads\/2017\/06\/vankuse.jpg?fit=500%2C310&amp;ssl=1\" data-large-file=\"https:\/\/i0.wp.com\/nabytoklaguna.sk\/sk\/wp-content\/uploads\/2017\/06\/vankuse.jpg?fit=980%2C608&amp;ssl=1\" srcset=\"https:\/\/nabytoklaguna.sk\/sk\/wp-content\/uploads\/2017\/06\/vankuse.jpg 1290w, https:\/\/nabytoklaguna.sk\/sk\/wp-content\/uploads\/2017\/06\/vankuse-610x378.jpg 610w, https:\/\/nabytoklaguna.sk\/sk\/wp-content\/uploads\/2017\/06\/vankuse-500x310.jpg 500w, https:\/\/nabytoklaguna.sk\/sk\/wp-content\/uploads\/2017\/06\/vankuse-768x476.jpg 768w, https:\/\/nabytoklaguna.sk\/sk\/wp-content\/uploads\/2017\/06\/vankuse-1024x635.jpg 1024w\" sizes=\"auto, (max-width: 500px) 100vw, 500px\" \/><\/p>\n<p>&nbsp;<\/p>\n<p><strong>Denn\u00e1 deka v l\u00e1tke pod\u013ea vlastn\u00e9ho v\u00fdberu \u2013 153- \u20ac (rozmery 230\u00d7240 cm):<\/strong><\/p>\n<p><img loading=\"lazy\" decoding=\"async\" class=\"alignnone wp-image-62747\" src=\"https:\/\/i1.wp.com\/nabytoklaguna.sk\/sk\/wp-content\/uploads\/2017\/06\/Denn%C3%AD-deka.jpg?resize=308%2C227&amp;ssl=1\" alt=\"\" width=\"308\" height=\"227\" \/><\/p>\n<p><strong>Taburet v po\u0165ahovej l\u00e1tke postele pod\u013ea vlastn\u00e9ho v\u00fdberu \u2013 92,- \u20ac (rozmery 40x101x33 cm):<\/strong><\/p>\n<p><img loading=\"lazy\" decoding=\"async\" class=\"alignnone wp-image-62749\" src=\"https:\/\/i2.wp.com\/nabytoklaguna.sk\/sk\/wp-content\/uploads\/2017\/06\/Harme.jpg?resize=288%2C201&amp;ssl=1\" alt=\"\" width=\"288\" height=\"201\" srcset=\"https:\/\/nabytoklaguna.sk\/sk\/wp-content\/uploads\/2017\/06\/Harme.jpg 1146w, https:\/\/nabytoklaguna.sk\/sk\/wp-content\/uploads\/2017\/06\/Harme-610x426.jpg 610w, https:\/\/nabytoklaguna.sk\/sk\/wp-content\/uploads\/2017\/06\/Harme-500x349.jpg 500w, https:\/\/nabytoklaguna.sk\/sk\/wp-content\/uploads\/2017\/06\/Harme-768x536.jpg 768w, https:\/\/nabytoklaguna.sk\/sk\/wp-content\/uploads\/2017\/06\/Harme-1024x715.jpg 1024w\" sizes=\"auto, (max-width: 288px) 100vw, 288px\" \/><\/p>\n<p>&nbsp;<\/p>\n<p><strong>Pl\u00e9d v po\u0165ahovej l\u00e1tke pod\u013ea vlastn\u00e9ho v\u00fdberu \u2013 53,- \u20ac (rozmery 250\u00d770 cm):<\/strong><\/p>\n<p><img loading=\"lazy\" decoding=\"async\" class=\"alignnone size-medium wp-image-62750\" src=\"https:\/\/i0.wp.com\/nabytoklaguna.sk\/sk\/wp-content\/uploads\/2017\/06\/Pl%C3%A9d.jpg?resize=500%2C290&amp;ssl=1\" alt=\"\" width=\"500\" height=\"290\" \/><\/p>\n<p>Farebnos\u0165 pien u matracov sa m\u00f4\u017ee l\u00ed\u0161i\u0165 na z\u00e1klade v\u00fdrobnej \u0161ar\u017ee alebo zmenou dod\u00e1vate\u013ea. Farba nem\u00e1 vplyv na kvalitu matraca.<\/p>\n<p>&nbsp;<\/p>\n<p><strong>Jednoduch\u00fd no\u010dn\u00fd stol\u00edk \u2013 54,- \u20ac \u00a0(rozmery 50x35xXX cm \u2013 v\u00fd\u0161ka pod\u013ea typu postele):<\/strong><\/p>\n<p><img loading=\"lazy\" decoding=\"async\" class=\"alignnone wp-image-62748\" src=\"https:\/\/i1.wp.com\/nabytoklaguna.sk\/sk\/wp-content\/uploads\/2017\/06\/Elo-stolik.jpg?resize=288%2C202&amp;ssl=1\" alt=\"\" width=\"288\" height=\"202\" srcset=\"https:\/\/nabytoklaguna.sk\/sk\/wp-content\/uploads\/2017\/06\/Elo-stolik.jpg 1144w, https:\/\/nabytoklaguna.sk\/sk\/wp-content\/uploads\/2017\/06\/Elo-stolik-610x427.jpg 610w, https:\/\/nabytoklaguna.sk\/sk\/wp-content\/uploads\/2017\/06\/Elo-stolik-500x350.jpg 500w, https:\/\/nabytoklaguna.sk\/sk\/wp-content\/uploads\/2017\/06\/Elo-stolik-768x537.jpg 768w, https:\/\/nabytoklaguna.sk\/sk\/wp-content\/uploads\/2017\/06\/Elo-stolik-1024x716.jpg 1024w\" sizes=\"auto, (max-width: 288px) 100vw, 288px\" \/><\/p>\n","protected":false},"excerpt":{"rendered":"<p><img loading=\"lazy\" decoding=\"async\" class=\"alignnone size-full wp-image-85474\" src=\"https:\/\/nabytoklaguna.sk\/sk\/wp-content\/uploads\/2017\/05\/logo-\u010desk\u00fd-v\u00fdrobok.png\" alt=\"\" width=\"264\" height=\"191\" \/><\/p>\n","protected":false},"featured_media":89406,"comment_status":"closed","ping_status":"closed","template":"","meta":{"_seopress_robots_primary_cat":"228","_seopress_titles_title":"","_seopress_titles_desc":"","_seopress_robots_index":""},"product_brand":[],"product_cat":[4012,228],"product_tag":[],"class_list":{"0":"post-62923","1":"product","2":"type-product","3":"status-publish","4":"has-post-thumbnail","6":"product_cat-postele","7":"product_cat-calunene-postele","8":"pa_typ-produktu-bez-matraca","9":"pa_typ-produktu-s-matracom-aquaflex","10":"pa_typ-produktu-s-matracom-bazi","11":"pa_typ-produktu-s-matracom-continental","12":"pa_typ-produktu-s-matracom-inflex","13":"pa_typ-produktu-s-matracom-sabi","14":"pa_typ-produktu-s-matracom-teraflex","16":"first","17":"onbackorder","18":"sale","19":"shipping-taxable","20":"purchasable","21":"product-type-variable"},"_links":{"self":[{"href":"https:\/\/nabytoklaguna.sk\/sk\/wp-json\/wp\/v2\/product\/62923","targetHints":{"allow":["GET"]}}],"collection":[{"href":"https:\/\/nabytoklaguna.sk\/sk\/wp-json\/wp\/v2\/product"}],"about":[{"href":"https:\/\/nabytoklaguna.sk\/sk\/wp-json\/wp\/v2\/types\/product"}],"replies":[{"embeddable":true,"href":"https:\/\/nabytoklaguna.sk\/sk\/wp-json\/wp\/v2\/comments?post=62923"}],"wp:featuredmedia":[{"embeddable":true,"href":"https:\/\/nabytoklaguna.sk\/sk\/wp-json\/wp\/v2\/media\/89406"}],"wp:attachment":[{"href":"https:\/\/nabytoklaguna.sk\/sk\/wp-json\/wp\/v2\/media?parent=62923"}],"wp:term":[{"taxonomy":"product_brand","embeddable":true,"href":"https:\/\/nabytoklaguna.sk\/sk\/wp-json\/wp\/v2\/product_brand?post=62923"},{"taxonomy":"product_cat","embeddable":true,"href":"https:\/\/nabytoklaguna.sk\/sk\/wp-json\/wp\/v2\/product_cat?post=62923"},{"taxonomy":"product_tag","embeddable":true,"href":"https:\/\/nabytoklaguna.sk\/sk\/wp-json\/wp\/v2\/product_tag?post=62923"}],"curies":[{"name":"wp","href":"https:\/\/api.w.org\/{rel}","templated":true}]}}