{"id":6392,"date":"2021-02-13T11:35:32","date_gmt":"2021-02-13T10:35:32","guid":{"rendered":"http:\/\/nabytoklaguna.sk\/sk\/?post_type=product&#038;p=6392"},"modified":"2025-11-18T11:32:45","modified_gmt":"2025-11-18T10:32:45","slug":"apollo-mini","status":"publish","type":"product","link":"https:\/\/nabytoklaguna.sk\/sk\/produkt\/apollo-mini\/","title":{"rendered":"L PAOLLO MINI sedacia s\u00faprava"},"content":{"rendered":"<p>Luxusn\u00e1 sedacia s\u00faprava <strong>L PAOLLO MINI<\/strong> je rohov\u00e1 sedacia s\u00faprava s <strong>polohovate\u013en\u00fdmi z\u00e1hlavn\u00edkmi<\/strong> a\u00a0 vynikaj\u00facou kvalitou spracovania. Dominantn\u00fd a pritom nevtierav\u00fd a vkusn\u00fd doplnok interi\u00e9ru. Priestrann\u00fd <strong>\u00falo\u017en\u00fd priestor<\/strong>. Mo\u017enos\u0165 <strong>rozlo\u017eenia<\/strong>\u00a0sedacej s\u00fapravy, po rozlo\u017een\u00ed vnikne plocha na spanie s rozmerom 128x224cm. Vn\u00fatro sedacej s\u00fapravy je vyrobene z vlnitej pru\u017einy a<strong> HR peny<\/strong>. V\u010faka tejto v\u00fdplne bude Va\u0161e sedenie <strong>komfortnej\u0161ie<\/strong> a taktie\u017e \u017eivotnos\u0165 sedacej s\u00fapravy je ove\u013ea dlh\u0161ia. Kon\u0161trukcia sedacej s\u00fapravy je vyroben\u00e1 z<strong> mas\u00edvu.<\/strong> Sedaciu s\u00fapravu je mo\u017en\u00e9 umiestni\u0165 <strong>aj do priestoru<\/strong> preto\u017ee je<strong> o\u010dalunen\u00e1<\/strong> aj zo zadnej strany. Mo\u017enos\u0165 v\u00fdberu prav\u00e9ho alebo \u013eav\u00e9ho prevedenia. K sedacej s\u00faprave je mo\u017en\u00e9 doobjedna\u0165 <strong>kreslo<\/strong> za cenu <strong>399 EUR<\/strong><\/p>\n<p><strong>SEDACIU S\u00daPRAVU JE MO\u017dN\u00c9 VYROBI\u0164 NA MIERU<\/strong>, pod\u013ea Va\u0161\u00edch predst\u00e1v a po\u017eiadaviek &#8211; pri bli\u017e\u0161ie inform\u00e1cie a pomoc s v\u00fdberom n\u00e1s kontaktujte <a href=\"mailto:nabytok.laguna@zoznam.sk\">emailom <\/a>alebo telefonicky na 0911 918 143<\/p>\n<p>Mo\u017enos\u0165 v\u00fdberu farebn\u00e9ho prevedenia zo vzorkovn\u00edka l\u00e1tok. \u00a0Odpor\u00fa\u010dame l\u00e1tky:<strong>\u00a0MONOLITH, POWER, QUATRO, LEA.<\/strong><\/p>\n<p>Mo\u017enos\u0165 vo\u013eby\u00a0<strong>vysok\u00fdch dreven\u00fdch no\u017ei\u010diek<\/strong>\u00a0 \u2013 12 cm\u00a0 vo farbe\u00a0<strong>biela<\/strong>,\u00a0<strong>pr\u00edrodn\u00e1<\/strong>\u00a0hned\u00e1 a\u00a0<strong>\u010dierna\u00a0<\/strong>\u00a0v cene 40 eur.<\/p>\n<p><a href=\"https:\/\/nabytoklaguna.sk\/sk\/farebne-prevedenia\/\">VZORKOVN\u00cdK L\u00c1TOK N\u00c1JDETE TU<\/a><\/p>\n<p>&nbsp;<\/p>\n<h3 class=\"page-product-heading\">VLASTNOSTI<\/h3>\n<table class=\"table-data-sheet\" style=\"width: 100%; height: 1148px;\">\n<tbody>\n<tr class=\"odd\" style=\"height: 52px;\">\n<td style=\"height: 52px;\">H\u013abka<\/td>\n<td style=\"height: 52px;\">173 cm<\/td>\n<\/tr>\n<tr class=\"even\" style=\"height: 52px;\">\n<td style=\"height: 52px;\">\u0160\u00edrka<\/td>\n<td style=\"height: 52px;\">275 cm<\/td>\n<\/tr>\n<tr class=\"odd\" style=\"height: 52px;\">\n<td style=\"height: 52px;\">V\u00fd\u0161ka<\/td>\n<td style=\"height: 52px;\">78-96 cm<\/td>\n<\/tr>\n<tr class=\"even\" style=\"height: 76px;\">\n<td style=\"height: 76px;\">Vhodn\u00e1 miestnos\u0165<\/td>\n<td style=\"height: 76px;\">ob\u00fdva\u010dka, spolo\u010densk\u00e1 miestnos\u0165, hotely, kaviarne<\/td>\n<\/tr>\n<tr class=\"odd\" style=\"height: 52px;\">\n<td style=\"height: 52px;\">Typ n\u00e1bytku<\/td>\n<td style=\"height: 52px;\">\u00a0Rohov\u00e1 sedacia s\u00faprava<\/td>\n<\/tr>\n<tr class=\"even\" style=\"height: 52px;\">\n<td style=\"height: 52px;\">\u0160t\u00fdl n\u00e1bytku<\/td>\n<td style=\"height: 52px;\">modern\u00fd<\/td>\n<\/tr>\n<tr class=\"odd\" style=\"height: 52px;\">\n<td style=\"height: 52px;\">Z\u00e1ruka<\/td>\n<td style=\"height: 52px;\">2 roky<\/td>\n<\/tr>\n<tr class=\"even\" style=\"height: 65px;\">\n<td style=\"height: 65px;\">Sp\u00f4sob dodania<\/td>\n<td style=\"height: 65px;\">v dvoch bal\u00edkoch<\/td>\n<\/tr>\n<tr class=\"odd\" style=\"height: 28px;\">\n<td style=\"height: 28px;\"><\/td>\n<td style=\"height: 28px;\"><\/td>\n<\/tr>\n<tr class=\"even\" style=\"height: 52px;\">\n<td style=\"height: 52px;\">\u00dalo\u017en\u00fd priestor<\/td>\n<td style=\"height: 52px;\">\u00e1no<\/td>\n<\/tr>\n<tr class=\"odd\" style=\"height: 76px;\">\n<td style=\"height: 76px;\">Rohov\u00e9 prevedenie<\/td>\n<td style=\"height: 76px;\">\u00e1no<\/td>\n<\/tr>\n<tr class=\"even\" style=\"height: 52px;\">\n<td style=\"height: 52px;\"><\/td>\n<td style=\"height: 52px;\"><\/td>\n<\/tr>\n<tr class=\"odd\" style=\"height: 52px;\">\n<td style=\"height: 52px;\"><\/td>\n<td style=\"height: 52px;\"><\/td>\n<\/tr>\n<tr class=\"even\" style=\"height: 76px;\">\n<td style=\"height: 76px;\">Mo\u017enos\u0165 rozkladania<\/td>\n<td style=\"height: 76px;\">\u00e1no<\/td>\n<\/tr>\n<tr class=\"odd\" style=\"height: 76px;\">\n<td style=\"height: 76px;\">Plocha po rozlo\u017een\u00ed<\/td>\n<td style=\"height: 76px;\">130\u00d7200 cm<\/td>\n<\/tr>\n<tr class=\"even\" style=\"height: 52px;\">\n<td style=\"height: 52px;\">Kon\u0161trukcia<\/td>\n<td style=\"height: 52px;\">mas\u00edv<\/td>\n<\/tr>\n<tr class=\"odd\" style=\"height: 52px;\">\n<td style=\"height: 52px;\"><\/td>\n<td style=\"height: 52px;\"><\/td>\n<\/tr>\n<tr class=\"even\" style=\"height: 52px;\">\n<td style=\"height: 52px;\">Obsahuje vank\u00fa\u0161e<\/td>\n<td style=\"height: 52px;\">nie<\/td>\n<\/tr>\n<tr class=\"odd\" style=\"height: 76px;\">\n<td style=\"height: 76px;\">Nastavenie opierok<\/td>\n<td style=\"height: 76px;\">\u00e1no<\/td>\n<\/tr>\n<tr class=\"even\" style=\"height: 51px;\">\n<td style=\"height: 51px;\">V\u00fdpl\u0148 seda\u010dky<\/td>\n<td style=\"height: 51px;\">pena+ pru\u017eina<\/td>\n<\/tr>\n<\/tbody>\n<\/table>\n","protected":false},"excerpt":{"rendered":"<p>Luxusn\u00e1 sedacia s\u00faprava L PAOLLO MINI je rohov\u00e1 sedacia s\u00faprava s polohovate\u013en\u00fdmi z\u00e1hlavn\u00edkmi a\u00a0 vynikaj\u00facou kvalitou spracovania. Dominantn\u00fd a pritom nevtierav\u00fd a vkusn\u00fd doplnok interi\u00e9ru. Priestrann\u00fd \u00falo\u017en\u00fd priestor. Mo\u017enos\u0165 rozlo\u017eenia\u00a0sedacej s\u00fapravy, po rozlo\u017een\u00ed vnikne plocha na spanie s rozmerom 128x224cm. Vn\u00fatro sedacej s\u00fapravy je vyrobene z vlnitej pru\u017einy a HR peny. V\u010faka tejto v\u00fdplne bude&#8230;<\/p>\n","protected":false},"featured_media":61408,"comment_status":"closed","ping_status":"closed","template":"","meta":{"_seopress_robots_primary_cat":"250","_seopress_titles_title":"","_seopress_titles_desc":"","_seopress_robots_index":""},"product_brand":[],"product_cat":[255,250],"product_tag":[],"class_list":{"0":"post-6392","1":"product","2":"type-product","3":"status-publish","4":"has-post-thumbnail","6":"product_cat-rohove-supravy","7":"product_cat-namieru","9":"first","10":"onbackorder","11":"sale","12":"shipping-taxable","13":"purchasable","14":"product-type-variable"},"_links":{"self":[{"href":"https:\/\/nabytoklaguna.sk\/sk\/wp-json\/wp\/v2\/product\/6392","targetHints":{"allow":["GET"]}}],"collection":[{"href":"https:\/\/nabytoklaguna.sk\/sk\/wp-json\/wp\/v2\/product"}],"about":[{"href":"https:\/\/nabytoklaguna.sk\/sk\/wp-json\/wp\/v2\/types\/product"}],"replies":[{"embeddable":true,"href":"https:\/\/nabytoklaguna.sk\/sk\/wp-json\/wp\/v2\/comments?post=6392"}],"wp:featuredmedia":[{"embeddable":true,"href":"https:\/\/nabytoklaguna.sk\/sk\/wp-json\/wp\/v2\/media\/61408"}],"wp:attachment":[{"href":"https:\/\/nabytoklaguna.sk\/sk\/wp-json\/wp\/v2\/media?parent=6392"}],"wp:term":[{"taxonomy":"product_brand","embeddable":true,"href":"https:\/\/nabytoklaguna.sk\/sk\/wp-json\/wp\/v2\/product_brand?post=6392"},{"taxonomy":"product_cat","embeddable":true,"href":"https:\/\/nabytoklaguna.sk\/sk\/wp-json\/wp\/v2\/product_cat?post=6392"},{"taxonomy":"product_tag","embeddable":true,"href":"https:\/\/nabytoklaguna.sk\/sk\/wp-json\/wp\/v2\/product_tag?post=6392"}],"curies":[{"name":"wp","href":"https:\/\/api.w.org\/{rel}","templated":true}]}}