{"id":65781,"date":"2021-05-30T11:04:14","date_gmt":"2021-05-30T09:04:14","guid":{"rendered":"https:\/\/nabytoklaguna.sk\/sk\/?post_type=product&#038;p=65781"},"modified":"2025-06-03T12:09:58","modified_gmt":"2025-06-03T10:09:58","slug":"tempo-kondela-evangelin","status":"publish","type":"product","link":"https:\/\/nabytoklaguna.sk\/sk\/produkt\/tempo-kondela-evangelin\/","title":{"rendered":"K EVANGELIN"},"content":{"rendered":"<p>Prednosti, ktor\u00e9 m\u00e1 sedacia s\u00faprava <strong>EVANGELIN<\/strong> s\u00fa \u010dist\u00e9 l\u00ednie, v\u00fdnimo\u010dn\u00e9 prevedenie a prec\u00edzne vyhotovenie. P\u00fd\u0161i sa modern\u00fdm dizajnom, dokonal\u00fdmi detailmi a elegancie. <strong>Roz\u017eiari cel\u00fd priestor<\/strong> hor\u010dicovou farbou. <strong>Je celo\u010dal\u00fanen\u00e1<\/strong> a je aj v sivom farebnom preveden\u00ed. V\u010faka jednoduchej funkcii <strong>rozkladu<\/strong> premen\u00edte seda\u010dku na <strong>pohodln\u00e9 l\u00f4\u017eko<\/strong> s plochou na spanie v rozmeroch 197x126cm. Tato seda\u010dka poskytuje<strong> \u00falo\u017en\u00fd priestor<\/strong>. Seda\u010dka <strong>pon\u00faka opierky chrbta<\/strong> a tie\u017e ja <strong>polohovacie opierky hlavy.<\/strong> Pon\u00fakame V\u00e1m ju v kvalitnej po\u0165ahovej l\u00e1tke Soro.<\/p>\n<p>L\u00e1tku\u00a0<b>Soro<\/b> rad\u00edme medzi vel\u00farovu tkaninu. Jedn\u00e1 sa o tkaninu podobn\u00fa ply\u0161u s kr\u00e1tkym vlasom, ktor\u00e1 sa vyzna\u010duje <strong>zamatovo jemn\u00fdm povrchom<\/strong>.\u00a0<b>L\u00e1tka Soro<\/b>\u00a0vyroben\u00e1 zo 100% polyesteru s vidite\u013en\u00fdm pleten\u00fdm vzorom je m\u00e4kk\u00e1, priedu\u0161n\u00fd, \u013eahko absorbuje vlhkos\u0165 a r\u00fdchlo schne. Odol\u00e1va tie\u017e denn\u00e9mu svetlu a<strong> netvor\u00ed \u017emolky.<\/strong><\/p>\n<h3 class=\"page-product-heading\">VLASTNOSTI<\/h3>\n<table class=\"table-data-sheet\">\n<tbody>\n<tr class=\"odd\">\n<td>H\u013abka<\/td>\n<td>164 cm<\/td>\n<\/tr>\n<tr class=\"even\">\n<td>\u0160\u00edrka<\/td>\n<td>258 cm<\/td>\n<\/tr>\n<tr class=\"odd\">\n<td>V\u00fd\u0161ka<\/td>\n<td>86\/102 cm<\/td>\n<\/tr>\n<tr class=\"even\">\n<td>Vhodn\u00e1 miestnos\u0165<\/td>\n<td>ob\u00fdva\u010dka, spolo\u010densk\u00e1 miestnos\u0165, hotely, kaviarne<\/td>\n<\/tr>\n<tr class=\"odd\">\n<td>Typ n\u00e1bytku<\/td>\n<td>rohov\u00e1 sedacia s\u00faprava<\/td>\n<\/tr>\n<tr class=\"even\">\n<td>\u0160t\u00fdl n\u00e1bytku<\/td>\n<td>modern\u00fd<\/td>\n<\/tr>\n<tr class=\"odd\">\n<td>Z\u00e1ruka<\/td>\n<td>2 roky<\/td>\n<\/tr>\n<tr class=\"even\">\n<td>Sp\u00f4sob dodania<\/td>\n<td>demont v dvoch bal\u00edkoch<\/td>\n<\/tr>\n<tr class=\"odd\">\n<td>Hmotnos\u0165<\/td>\n<td>130 kg<\/td>\n<\/tr>\n<tr class=\"even\">\n<td>\u00dalo\u017en\u00fd priestor<\/td>\n<td>\u00e1no<\/td>\n<\/tr>\n<tr class=\"odd\">\n<td>Rohov\u00e9 prevedenie<\/td>\n<td>\u00e1no<\/td>\n<\/tr>\n<tr class=\"even\">\n<td>V\u00fd\u0161ka sed\u00e1ka<\/td>\n<td>41 cm<\/td>\n<\/tr>\n<tr class=\"odd\">\n<td>V\u00fd\u0161ka zadn\u00e9ho \u010dela<\/td>\n<td>max. 102 cm<\/td>\n<\/tr>\n<tr class=\"even\">\n<td>Mo\u017enos\u0165 rozkladania<\/td>\n<td>\u00e1no<\/td>\n<\/tr>\n<tr class=\"odd\">\n<td>Plocha po rozlo\u017een\u00ed<\/td>\n<td>126&#215;197 cm<\/td>\n<\/tr>\n<tr class=\"even\">\n<td>Kon\u0161trukcia<\/td>\n<td>DTD<\/td>\n<\/tr>\n<tr class=\"odd\">\n<td>N\u00f4\u017eky<\/td>\n<td>kov<\/td>\n<\/tr>\n<tr class=\"even\">\n<td>Obsahuje vank\u00fa\u0161e<\/td>\n<td>nie<\/td>\n<\/tr>\n<tr class=\"odd\">\n<td>Nastavenie opierok<\/td>\n<td>\u00e1no<\/td>\n<\/tr>\n<tr class=\"even\">\n<td>V\u00fdpl\u0148 seda\u010dky<\/td>\n<td>pena+ pru\u017eina<\/td>\n<\/tr>\n<\/tbody>\n<\/table>\n","protected":false},"excerpt":{"rendered":"<p>Prednosti, ktor\u00e9 m\u00e1 sedacia s\u00faprava EVANGELIN s\u00fa \u010dist\u00e9 l\u00ednie, v\u00fdnimo\u010dn\u00e9 prevedenie a prec\u00edzne vyhotovenie. P\u00fd\u0161i sa modern\u00fdm dizajnom, dokonal\u00fdmi detailmi a elegancie. Roz\u017eiari cel\u00fd priestor hor\u010dicovou farbou. Je celo\u010dal\u00fanen\u00e1 a je aj v sivom farebnom preveden\u00ed. V\u010faka jednoduchej funkcii rozkladu premen\u00edte seda\u010dku na pohodln\u00e9 l\u00f4\u017eko s plochou na spanie v rozmeroch 197x126cm. Tato seda\u010dka poskytuje&#8230;<\/p>\n","protected":false},"featured_media":123619,"comment_status":"closed","ping_status":"closed","template":"","meta":{"_seopress_robots_primary_cat":"140","_seopress_titles_title":"","_seopress_titles_desc":"","_seopress_robots_index":""},"product_brand":[],"product_cat":[255,140],"product_tag":[],"class_list":{"0":"post-65781","1":"product","2":"type-product","3":"status-publish","4":"has-post-thumbnail","6":"product_cat-rohove-supravy","7":"product_cat-sedacie-supravy","8":"pa_farba-horcicova","9":"pa_farba-siva","11":"first","12":"onbackorder","13":"shipping-taxable","14":"purchasable","15":"product-type-variable"},"_links":{"self":[{"href":"https:\/\/nabytoklaguna.sk\/sk\/wp-json\/wp\/v2\/product\/65781","targetHints":{"allow":["GET"]}}],"collection":[{"href":"https:\/\/nabytoklaguna.sk\/sk\/wp-json\/wp\/v2\/product"}],"about":[{"href":"https:\/\/nabytoklaguna.sk\/sk\/wp-json\/wp\/v2\/types\/product"}],"replies":[{"embeddable":true,"href":"https:\/\/nabytoklaguna.sk\/sk\/wp-json\/wp\/v2\/comments?post=65781"}],"wp:featuredmedia":[{"embeddable":true,"href":"https:\/\/nabytoklaguna.sk\/sk\/wp-json\/wp\/v2\/media\/123619"}],"wp:attachment":[{"href":"https:\/\/nabytoklaguna.sk\/sk\/wp-json\/wp\/v2\/media?parent=65781"}],"wp:term":[{"taxonomy":"product_brand","embeddable":true,"href":"https:\/\/nabytoklaguna.sk\/sk\/wp-json\/wp\/v2\/product_brand?post=65781"},{"taxonomy":"product_cat","embeddable":true,"href":"https:\/\/nabytoklaguna.sk\/sk\/wp-json\/wp\/v2\/product_cat?post=65781"},{"taxonomy":"product_tag","embeddable":true,"href":"https:\/\/nabytoklaguna.sk\/sk\/wp-json\/wp\/v2\/product_tag?post=65781"}],"curies":[{"name":"wp","href":"https:\/\/api.w.org\/{rel}","templated":true}]}}