{"id":68286,"date":"2021-04-30T11:04:14","date_gmt":"2021-04-30T09:04:14","guid":{"rendered":"https:\/\/nabytoklaguna.sk\/sk\/?post_type=product&#038;p=68286"},"modified":"2026-02-19T10:58:10","modified_gmt":"2026-02-19T09:58:10","slug":"tempo-kondela-kora-sosna-andersen","status":"publish","type":"product","link":"https:\/\/nabytoklaguna.sk\/sk\/produkt\/tempo-kondela-kora-sosna-andersen\/","title":{"rendered":"KORA &#8211; Sosna andersen"},"content":{"rendered":"<p>Rustik\u00e1lny sektorov\u00fd n\u00e1bytok, ktor\u00fd prinesie va\u0161ej ob\u00fdvacej izby, jed\u00e1ln\u00ed, sp\u00e1ln\u00ed \u010di pracovni luxusn\u00fd vzh\u013ead. Vyroben\u00e9 z DTD laminovanej a ozdobn\u00e9 li\u0161ty s\u00fa z MDF. Modern\u00fd look dod\u00e1vaj\u00fa aj kovov\u00e9 \u00fachytky. Farebn\u00e9 prevedenie Sosna andersen. Man\u017eelsk\u00e1 poste\u013e je dod\u00e1van\u00e1 s ro\u0161tom a bez matraca.<\/p>\n<p>&nbsp;<\/p>\n<p>Komoda KK2 \u2013\u00a0<b>Rozmery (\u0160xHxV):<\/b>\u00a0\u0160xHxV: 88x46x97 cm<br \/>\nKomoda KK1 \u2013\u00a0<b>Rozmery (\u0160xHxV):<\/b>\u00a088x46x97 cm.<br \/>\nKomoda rohov\u00e1 KKN1 \u2013\u00a0<b>Rozmery (\u0160xHxV):<\/b>\u00a075x75x97 cm<br \/>\nPC st\u00f4l KB \u2013\u00a0<b>Rozmery (\u0160xHxV):<\/b>\u00a0149x61x75 cm<br \/>\nRTV stol\u00edk KRT \u2013\u00a0<b>Rozmery (\u0160xHxV):<\/b>\u00a0108x56x77 cm<br \/>\nRTV stol\u00edk KRTN \u2013\u00a0<b>Rozmery (\u0160xHxV):<\/b>\u00a086x61x77 cm<br \/>\nKonf. stol\u00edk KL-\u00a0<b>Rozmery (\u0160xHxV):<\/b>\u00a0120x80x53 cm<br \/>\nKonf. stol\u00edk KL2 \u2013\u00a0<b>Rozmery (\u0160xHxV):<\/b>\u00a0125x65x53 cm<br \/>\nKomoda KK3 \u2013\u00a0<b>Rozmery (\u0160xHxV):<\/b>\u00a088x46x97 cm.<br \/>\nKomoda KK4 \u2013\u00a0<b>Rozmery (\u0160xHxV):<\/b>\u00a0168x46x97 cm<br \/>\nKomoda KK6 \u2013\u00a0<b>Rozmery (\u0160xHxV):<\/b>\u00a0158x46x117 cm<br \/>\nKomoda KK6P \u2013\u00a0<b>Rozmery (\u0160xHxV)<\/b>: 158x46x117 cm<br \/>\nKomoda KK7 \u2013\u00a0<b>Rozmery (\u0160xHxV):<\/b>\u00a0158x46x136 cm<br \/>\nBarov\u00e1 skrinka KK5 \u2013\u00a0<b>Rozmery (\u0160xHxV):<\/b>\u00a088x39x136 cm<br \/>\nZrkadlo KC2 \u2013\u00a0<b>Rozmery (\u0160xHxV):<\/b>\u00a0126x6x84 cm<br \/>\nNadstavec KN4 \u2013\u00a0<b>Rozmery (\u0160xHxV):<\/b>\u00a0128x40x97 cm<br \/>\nNadstavec KN5 \u2013\u00a0<b>Rozmery (\u0160xHxV):<\/b>\u00a0168x40x97 cm<br \/>\nSkri\u0148a dvojdverov\u00e1 KS1 \u2013\u00a0<b>Rozmery (\u0160xHxV):<\/b>\u00a088x49x193 cm<br \/>\nVitr\u00edna KRW2 \u2013\u00a0<b>Rozmery (\u0160xHxV):<\/b>\u00a088x40x193 cm<br \/>\nVitr\u00edna KRW1 \u2013\u00a0<b>Rozmery (\u0160xHxV):<\/b>\u00a058x40x193 cm<br \/>\nSkri\u0148a\u00a0 KRD1 \u2013\u00a0<b>Rozmery (\u0160xHxV):<\/b>\u00a058x40x193 cm<br \/>\nReg\u00e1l KR1 \u2013<b>Rozmery (\u0160xHxV):<\/b>\u00a068x40x193 cm<br \/>\nSkri\u0148a KS2 ve\u0161iakov\u00e1 s policami \u2013\u00a0<b>Rozmery (\u0160xHxV):<\/b>\u00a0158x62x193 cm<br \/>\nSkri\u0148a KS3 ve\u0161iakov\u00e1 s policami \u2013\u00a0<b>Rozmery (\u0160xHxV):<\/b>\u00a0208x62x210 cm<br \/>\nNadstavec KNN1 \u2013\u00a0<b>Rozmery (\u0160xHxV):<\/b>\u00a075x75x97 cm<br \/>\nNo\u010dn\u00fd stol\u00edk KSN \u2013\u00a0<b>Rozmery (\u0160xHxV):<\/b>\u00a058x40x68 cm<br \/>\nPoste\u013e KLS 160\u00d7200 \u2013\u00a0<b>Rozmery (\u0160xHxV):<\/b>\u00a0171x212x68 cm,\u00a0<b>Plocha na spanie (\u0160xD):<\/b>\u00a0160\u00d7200 cm<br \/>\nPoste\u013e KLD2 180\u00d7200 \u2013\u00a0<b>Rozmery (\u0160xHxV):<\/b>\u00a0191x212x68 cm,\u00a0<b>Plocha na spanie (\u0160xD):<\/b>\u00a0180\u00d7200 cm<br \/>\nJed\u00e1lensk\u00fd rozkladac\u00ed st\u00f4l ST \u2013\u00a0<b>Rozmery (\u0160xHxV):<\/b>\u00a0160-203x90x82 cm<br \/>\nRTV stol\u00edk KRT2 &#8211;\u00a0<b style=\"font-size: 15.008px;\">Rozmery (\u0160xHxV):<\/b><span style=\"font-size: 15.008px;\">\u00a0158x46x59 cm<\/span><\/p>\n","protected":false},"excerpt":{"rendered":"<p>Rustik\u00e1lny sektorov\u00fd n\u00e1bytok, ktor\u00fd prinesie va\u0161ej ob\u00fdvacej izby, jed\u00e1ln\u00ed, sp\u00e1ln\u00ed \u010di pracovni luxusn\u00fd vzh\u013ead. Vyroben\u00e9 z DTD laminovanej a ozdobn\u00e9 li\u0161ty s\u00fa z MDF. Modern\u00fd look dod\u00e1vaj\u00fa aj kovov\u00e9 \u00fachytky. Farebn\u00e9 prevedenie Sosna andersen. Man\u017eelsk\u00e1 poste\u013e je dod\u00e1van\u00e1 s ro\u0161tom a bez matraca. &nbsp; Komoda KK2 \u2013\u00a0Rozmery (\u0160xHxV):\u00a0\u0160xHxV: 88x46x97 cm Komoda KK1 \u2013\u00a0Rozmery (\u0160xHxV):\u00a088x46x97 cm&#8230;.<\/p>\n","protected":false},"featured_media":68336,"comment_status":"closed","ping_status":"closed","template":"","meta":{"_seopress_robots_primary_cat":"183","_seopress_titles_title":"","_seopress_titles_desc":"","_seopress_robots_index":""},"product_brand":[],"product_cat":[182,1109,183,824],"product_tag":[],"class_list":{"0":"post-68286","1":"product","2":"type-product","3":"status-publish","4":"has-post-thumbnail","6":"product_cat-obyvacie-steny","7":"product_cat-komody-k-obyvacim-stenam","8":"product_cat-sektorove-obyvacie-steny","9":"product_cat-rtv-stoliky","10":"pa_typ-produktu-barova-skrinka-kk5","11":"pa_typ-produktu-jedalensky-rozkladaci-stol-st","12":"pa_typ-produktu-komoda-kk1","13":"pa_typ-produktu-komoda-kk2","14":"pa_typ-produktu-komoda-kk3","15":"pa_typ-produktu-komoda-kk4","16":"pa_typ-produktu-komoda-kk6","17":"pa_typ-produktu-komoda-kk6p","18":"pa_typ-produktu-komoda-kk7","19":"pa_typ-produktu-komoda-rohova-kkn1","20":"pa_typ-produktu-konferencny-stolik-kl","21":"pa_typ-produktu-konferencny-stolik-kl2","22":"pa_typ-produktu-nadstavec-kn4","23":"pa_typ-produktu-nadstavec-kn5","24":"pa_typ-produktu-nadstavec-knn1","25":"pa_typ-produktu-nocny-stolik-ksn","26":"pa_typ-produktu-pc-stol-kb","27":"pa_typ-produktu-postel-kls","28":"pa_typ-produktu-postel-kls2","29":"pa_typ-produktu-regal-kr1","30":"pa_typ-produktu-rtv-stolik-krt","31":"pa_typ-produktu-rtv-stolik-krt2","32":"pa_typ-produktu-rtv-stolik-krtn","33":"pa_typ-produktu-skrina-dvojdverova-ks1","34":"pa_typ-produktu-skrina-krd1","35":"pa_typ-produktu-skrina-ks2-vesiakova-s-policami","36":"pa_typ-produktu-skrina-ks3-vesiakova-s-policami","37":"pa_typ-produktu-vitrina-krw1","38":"pa_typ-produktu-vitrina-krw2","39":"pa_typ-produktu-zrkadlo-kc2","41":"first","42":"onbackorder","43":"shipping-taxable","44":"purchasable","45":"product-type-variable"},"_links":{"self":[{"href":"https:\/\/nabytoklaguna.sk\/sk\/wp-json\/wp\/v2\/product\/68286","targetHints":{"allow":["GET"]}}],"collection":[{"href":"https:\/\/nabytoklaguna.sk\/sk\/wp-json\/wp\/v2\/product"}],"about":[{"href":"https:\/\/nabytoklaguna.sk\/sk\/wp-json\/wp\/v2\/types\/product"}],"replies":[{"embeddable":true,"href":"https:\/\/nabytoklaguna.sk\/sk\/wp-json\/wp\/v2\/comments?post=68286"}],"wp:featuredmedia":[{"embeddable":true,"href":"https:\/\/nabytoklaguna.sk\/sk\/wp-json\/wp\/v2\/media\/68336"}],"wp:attachment":[{"href":"https:\/\/nabytoklaguna.sk\/sk\/wp-json\/wp\/v2\/media?parent=68286"}],"wp:term":[{"taxonomy":"product_brand","embeddable":true,"href":"https:\/\/nabytoklaguna.sk\/sk\/wp-json\/wp\/v2\/product_brand?post=68286"},{"taxonomy":"product_cat","embeddable":true,"href":"https:\/\/nabytoklaguna.sk\/sk\/wp-json\/wp\/v2\/product_cat?post=68286"},{"taxonomy":"product_tag","embeddable":true,"href":"https:\/\/nabytoklaguna.sk\/sk\/wp-json\/wp\/v2\/product_tag?post=68286"}],"curies":[{"name":"wp","href":"https:\/\/api.w.org\/{rel}","templated":true}]}}