{"id":68377,"date":"2021-04-30T11:04:14","date_gmt":"2021-04-30T09:04:14","guid":{"rendered":"https:\/\/nabytoklaguna.sk\/sk\/?post_type=product&#038;p=68377"},"modified":"2025-02-25T12:31:47","modified_gmt":"2025-02-25T11:31:47","slug":"tempo-kondela-royal","status":"publish","type":"product","link":"https:\/\/nabytoklaguna.sk\/sk\/produkt\/tempo-kondela-royal\/","title":{"rendered":"K ROYAL"},"content":{"rendered":"<p>Elegantn\u00e1 sektorov\u00e1 zostava v provens\u00e1lskom \u0161t\u00fdle vhodn\u00fd na zariadenie ob\u00fdvac\u00edch izieb, jed\u00e1ln\u00ed \u010di sp\u00e1ln\u00ed. Na v\u00fdrobu korpusu je pou\u017eit\u00e1 DTD laminovan\u00e1. Zostava je vo farebnom preveden\u00ed biela sosna nordick\u00e1 v kombin\u00e1cii s dubom divok\u00fdm. Dvierka a \u0161upl\u00edky maj\u00fa kovov\u00e9 \u00fachytky.. Poste\u013e je dod\u00e1van\u00e1 s ro\u0161tom a bez matraca.<\/p>\n<p>Zostava obsahuje skri\u0148u S3D+poste\u013e +2x no\u010dn\u00fd stol\u00edk za cenu 789 EUR<\/p>\n<p>Ve\u0161iakov\u00e1 skri\u0148a S2D s policou &#8211;\u00a0<b style=\"font-size: 15.008px;\">Rozmery (\u0160xHxV):\u00a0<\/b><span style=\"font-size: 15.008px;\">97x49x187 cm<br \/>\n<\/span>Vitr\u00edna W1D &#8211;\u00a0<b style=\"font-size: 15.008px;\">Rozmery (\u0160xHxV):\u00a0<\/b><span style=\"font-size: 15.008px;\">57x39x187 cm<br \/>\n<\/span>Vitr\u00edna W2D &#8211;\u00a0<b style=\"font-size: 15.008px;\">Rozmery (\u0160xHxV):\u00a0<\/b><span style=\"font-size: 15.008px;\">127x39x187 cm<br \/>\n<\/span>Skri\u0148a S1D &#8211;\u00a0<b style=\"font-size: 15.008px;\">Rozmery (\u0160xHxV):\u00a0<\/b><span style=\"font-size: 15.008px;\">57x39x187 cm<br \/>\n<\/span>Reg\u00e1l RW &#8211;\u00a0<b style=\"font-size: 15.008px;\">Rozmery (\u0160xHxV):\u00a0<\/b><span style=\"font-size: 15.008px;\">68x39x187 cm<br \/>\n<\/span>Skri\u0148a ve\u0161iakov\u00e1 s policou S3D &#8211;\u00a0<b style=\"font-size: 15.008px;\">Rozmery (\u0160xHxV):\u00a0<\/b><span style=\"font-size: 15.008px;\">154x60x197 cm<br \/>\n<\/span>Vitr\u00edna WS &#8211;\u00a0<b style=\"font-size: 15.008px;\">Rozmery (\u0160xHxV):\u00a0<\/b><span style=\"font-size: 15.008px;\">87x39x187 cm<br \/>\n<\/span>Vitr\u00edna W4D &#8211;\u00a0<b style=\"font-size: 15.008px;\">Rozmery (\u0160xHxV):\u00a0<\/b><span style=\"font-size: 15.008px;\">87x39x187 cm<br \/>\n<\/span>No\u010dn\u00fd stol\u00edk SN<br \/>\nPoste\u013e L1 &#8211;\u00a0<b style=\"font-size: 15.008px;\">Rozmery (\u0160xHxV):\u00a0<\/b><span style=\"font-size: 15.008px;\">171x212x74 cm,<\/span><b style=\"font-size: 15.008px;\">V\u00fd\u0161ka po ro\u0161t:<\/b><span style=\"font-size: 15.008px;\">\u00a024 cm,<\/span><b style=\"font-size: 15.008px;\">V\u00fd\u0161ka podstavca:\u00a0<\/b><span style=\"font-size: 15.008px;\">9 cm,<\/span><b style=\"font-size: 15.008px;\">Rozmery plochy na spanie (\u0160xH):\u00a0<\/b><span style=\"font-size: 15.008px;\">160&#215;200 cm<br \/>\n<\/span>Zrkadlo LS &#8211;\u00a0<b style=\"font-size: 15.008px;\">Rozmery (\u0160xHxV):\u00a0<\/b><span style=\"font-size: 15.008px;\">120x7x80 cm<br \/>\n<\/span>Komoda KS5 &#8211;\u00a0<b style=\"font-size: 15.008px;\">Rozmery (\u0160xHxV):\u00a0<\/b><span style=\"font-size: 15.008px;\">57x46x98 cm<br \/>\n<\/span>Komoda K1S &#8211;\u00a0<b style=\"font-size: 15.008px;\">Rozmery (\u0160xHxV):\u00a0<\/b><span style=\"font-size: 15.008px;\">127x46x98 cm<br \/>\n<\/span>Komoda K2D &#8211;\u00a0<b style=\"font-size: 15.008px;\">Rozmery (\u0160xHxV):\u00a0<\/b><span style=\"font-size: 15.008px;\">127x46x98 cm<br \/>\n<\/span>RTV stol\u00edk RN &#8211;\u00a0<b style=\"font-size: 15.008px;\">Rozmery (\u0160xHxV):\u00a0<\/b><span style=\"font-size: 15.008px;\">127x46x75 cm<br \/>\n<\/span>RTV stol\u00edk RS &#8211;\u00a0<b style=\"font-size: 15.008px;\">Rozmery (\u0160xHxV):\u00a0<\/b><span style=\"font-size: 15.008px;\">127x46x75 cm<br \/>\n<\/span>Jed\u00e1lensk\u00fd rozkladac\u00ed st\u00f4l ST &#8211;\u00a0<strong>Rozmery (\u0160xVxH)<\/strong>: 160-203x82x90 cm.<br \/>\nKonferen\u010dn\u00fd stol\u00edk LN2 &#8211;\u00a0<b style=\"font-size: 15.008px;\">Rozmery (\u0160xHxV):\u00a0<\/b><span style=\"font-size: 15.008px;\">125x65x50 cm<br \/>\n<\/span>Konferen\u010dn\u00fd stol\u00edk LN &#8211;\u00a0<b style=\"font-size: 15.008px;\">Rozmery (\u0160xHxV):\u00a0<\/b><span style=\"font-size: 15.008px;\">90x60x50 cm<\/span><\/p>\n<p>&nbsp;<\/p>\n","protected":false},"excerpt":{"rendered":"<p>Elegantn\u00e1 sektorov\u00e1 zostava v provens\u00e1lskom \u0161t\u00fdle vhodn\u00fd na zariadenie ob\u00fdvac\u00edch izieb, jed\u00e1ln\u00ed \u010di sp\u00e1ln\u00ed. Na v\u00fdrobu korpusu je pou\u017eit\u00e1 DTD laminovan\u00e1. Zostava je vo farebnom preveden\u00ed biela sosna nordick\u00e1 v kombin\u00e1cii s dubom divok\u00fdm. Dvierka a \u0161upl\u00edky maj\u00fa kovov\u00e9 \u00fachytky.. Poste\u013e je dod\u00e1van\u00e1 s ro\u0161tom a bez matraca. Zostava obsahuje skri\u0148u S3D+poste\u013e +2x no\u010dn\u00fd stol\u00edk&#8230;<\/p>\n","protected":false},"featured_media":68397,"comment_status":"closed","ping_status":"closed","template":"","meta":{"_seopress_robots_primary_cat":"none","_seopress_titles_title":"","_seopress_titles_desc":"","_seopress_robots_index":""},"product_brand":[],"product_cat":[4012,1109,824],"product_tag":[],"class_list":{"0":"post-68377","1":"product","2":"type-product","3":"status-publish","4":"has-post-thumbnail","6":"product_cat-postele","7":"product_cat-komody-k-obyvacim-stenam","8":"product_cat-rtv-stoliky","9":"pa_typ-produktu-jedalensky-rozkladaci-stol","10":"pa_typ-produktu-komoda-k1s","11":"pa_typ-produktu-komoda-k2d","12":"pa_typ-produktu-komoda-ks5","13":"pa_typ-produktu-konferencny-stolik-ln","14":"pa_typ-produktu-konferencny-stolik-ln2","15":"pa_typ-produktu-nocny-stolik-sn","16":"pa_typ-produktu-postel-l1","17":"pa_typ-produktu-regal-rw","18":"pa_typ-produktu-rtv-stolik-rn","19":"pa_typ-produktu-rtv-stolik-rs","20":"pa_typ-produktu-skrina-s1d","21":"pa_typ-produktu-skrina-vesiakova-s-policou-s3d","22":"pa_typ-produktu-vesiakova-skrina-s2d-s-policou","23":"pa_typ-produktu-vitrina-w1d","24":"pa_typ-produktu-vitrina-w2d","25":"pa_typ-produktu-vitrina-w4d","26":"pa_typ-produktu-vitrina-ws","27":"pa_typ-produktu-zrkadlo-ls","29":"first","30":"onbackorder","31":"shipping-taxable","32":"purchasable","33":"product-type-variable"},"_links":{"self":[{"href":"https:\/\/nabytoklaguna.sk\/sk\/wp-json\/wp\/v2\/product\/68377","targetHints":{"allow":["GET"]}}],"collection":[{"href":"https:\/\/nabytoklaguna.sk\/sk\/wp-json\/wp\/v2\/product"}],"about":[{"href":"https:\/\/nabytoklaguna.sk\/sk\/wp-json\/wp\/v2\/types\/product"}],"replies":[{"embeddable":true,"href":"https:\/\/nabytoklaguna.sk\/sk\/wp-json\/wp\/v2\/comments?post=68377"}],"wp:featuredmedia":[{"embeddable":true,"href":"https:\/\/nabytoklaguna.sk\/sk\/wp-json\/wp\/v2\/media\/68397"}],"wp:attachment":[{"href":"https:\/\/nabytoklaguna.sk\/sk\/wp-json\/wp\/v2\/media?parent=68377"}],"wp:term":[{"taxonomy":"product_brand","embeddable":true,"href":"https:\/\/nabytoklaguna.sk\/sk\/wp-json\/wp\/v2\/product_brand?post=68377"},{"taxonomy":"product_cat","embeddable":true,"href":"https:\/\/nabytoklaguna.sk\/sk\/wp-json\/wp\/v2\/product_cat?post=68377"},{"taxonomy":"product_tag","embeddable":true,"href":"https:\/\/nabytoklaguna.sk\/sk\/wp-json\/wp\/v2\/product_tag?post=68377"}],"curies":[{"name":"wp","href":"https:\/\/api.w.org\/{rel}","templated":true}]}}