{"id":69754,"date":"2021-04-30T11:04:14","date_gmt":"2021-04-30T09:04:14","guid":{"rendered":"https:\/\/nabytoklaguna.sk\/sk\/?post_type=product&#038;p=69754"},"modified":"2025-08-18T14:25:42","modified_gmt":"2025-08-18T12:25:42","slug":"k-makira","status":"publish","type":"product","link":"https:\/\/nabytoklaguna.sk\/sk\/produkt\/k-makira\/","title":{"rendered":"K MAKIRA"},"content":{"rendered":"<p>Pochodov\u00e1 poste\u013e je ide\u00e1lnym rie\u0161en\u00edm v mal\u00fdch priestoroch alebo vo v\u00e4\u010d\u0161\u00edch rodin\u00e1ch.\u00a0Okrem toho, \u017ee \u0161etr\u00ed miesto, medzi s\u00farodencami vytv\u00e1ra u\u017e\u0161ie puto. Poste\u013e\u00a0<b>MAKIRA<\/b>\u00a0je vyroben\u00e1 z\u00a0<b>mas\u00edvneho dreva<\/b>\u00a0v kombin\u00e1cii s\u00a0<b>MDF<\/b>\u00a0vo farebnom preveden\u00ed\u00a0<b>dub<\/b>. S\u00fa\u010das\u0165ou postele s\u00fa\u00a0<b>latkov\u00e9 ro\u0161ty<\/b>, sta\u010d\u00ed u\u017e len zaobstara\u0165\u00a0<b>pohodln\u00fd matrac<\/b> a va\u0161e die\u0165atko sa m\u00f4\u017ee vyda\u0165 v \u00fastrety sladk\u00fdm snom.<\/p>\n<p>Z\u00e1suvn\u00fd kontajner MAKIRA v\u00e1m dod\u00e1 <strong>\u00falo\u017en\u00fd priestor<\/strong> \u010di pr\u00edpadne \u010fal\u0161ie miesto na spanie, m\u00f4\u017eete si ho doobjedna\u0165 k posteli za 99,- \u20ac<\/p>\n<ul>\n<li><b>Materi\u00e1l:<\/b>\u00a0mas\u00edvne drevo\/MDF<\/li>\n<li><b>Farba:<\/b>\u00a0dub<\/li>\n<li><b>Rozmery (\u0160xHxV):<\/b>\u00a0207&#215;95,6&#215;164,2 cm<\/li>\n<li><b>Rozmery z\u00e1suvn\u00e9ho kontajnera (\u0160xHxV):<\/b>\u00a094x198x23,6 cm<\/li>\n<li><b>Plocha na spanie (\u0160xH):<\/b>\u00a090&#215;200 cm<\/li>\n<li><b>Rozmery (\u0160xHxV):<\/b>\u00a094x198x23,6 cm<\/li>\n<li>Dod\u00e1van\u00e9 s latkov\u00fdmi ro\u0161tmi ZDARMA<\/li>\n<li><b>Maxim\u00e1lna v\u00fd\u0161ka matraca na horn\u00e9 l\u00f4\u017eko:<\/b>\u00a015 cm<\/li>\n<li>Mo\u017enos\u0165 dok\u00fapi\u0165 z\u00e1suvn\u00fd kontajner<\/li>\n<li>S rebr\u00edkom<\/li>\n<li>Dod\u00e1van\u00e9 v demonte<\/li>\n<\/ul>\n<table style=\"width: 99.7372%;\" border=\"0\" cellspacing=\"1\" cellpadding=\"1\">\n<tbody>\n<tr>\n<td style=\"width: 32.1945%;\"><img decoding=\"async\" src=\"https:\/\/shop.tempo-kondela.sk\/Files\/2521000\/2521873\/montana.png\" alt=\"Matrac, penov\u00fd, 90x200, MONTANA\" \/><\/td>\n<td style=\"width: 67.2799%;\"><u><strong>Matrac MONTANA:<\/strong><\/u><\/p>\n<p><a href=\"https:\/\/nabytoklaguna.sk\/sk\/obchod\/spalne\/matrace\/tempo-kondela-montana\/\">https:\/\/nabytoklaguna.sk\/sk\/obchod\/spalne\/matrace\/tempo-kondela-montana\/<\/a><\/p>\n<p>&nbsp;<\/p>\n<p>&nbsp;<\/td>\n<\/tr>\n<tr>\n<td style=\"width: 32.1945%;\"><img decoding=\"async\" src=\"https:\/\/nabytoklaguna.sk\/sk\/wp-content\/uploads\/2017\/11\/80x200-610x609.jpg\" \/><\/td>\n<td style=\"width: 67.2799%;\"><strong><u>Matrac BE KATARINA:<\/u><\/strong><\/p>\n<p><a href=\"https:\/\/nabytoklaguna.sk\/sk\/obchod\/spalne\/matrace\/tempo-kondela-katarina-10\/\">https:\/\/nabytoklaguna.sk\/sk\/obchod\/spalne\/matrace\/tempo-kondela-katarina-10\/<\/a><\/td>\n<\/tr>\n<\/tbody>\n<\/table>\n","protected":false},"excerpt":{"rendered":"<p>Pochodov\u00e1 poste\u013e je ide\u00e1lnym rie\u0161en\u00edm v mal\u00fdch priestoroch alebo vo v\u00e4\u010d\u0161\u00edch rodin\u00e1ch.\u00a0Okrem toho, \u017ee \u0161etr\u00ed miesto, medzi s\u00farodencami vytv\u00e1ra u\u017e\u0161ie puto. Poste\u013e\u00a0MAKIRA\u00a0je vyroben\u00e1 z\u00a0mas\u00edvneho dreva\u00a0v kombin\u00e1cii s\u00a0MDF\u00a0vo farebnom preveden\u00ed\u00a0dub. S\u00fa\u010das\u0165ou postele s\u00fa\u00a0latkov\u00e9 ro\u0161ty, sta\u010d\u00ed u\u017e len zaobstara\u0165\u00a0pohodln\u00fd matrac a va\u0161e die\u0165atko sa m\u00f4\u017ee vyda\u0165 v \u00fastrety sladk\u00fdm snom. Z\u00e1suvn\u00fd kontajner MAKIRA v\u00e1m dod\u00e1 \u00falo\u017en\u00fd priestor&#8230;<\/p>\n","protected":false},"featured_media":69759,"comment_status":"closed","ping_status":"closed","template":"","meta":{"_seopress_robots_primary_cat":"209","_seopress_titles_title":"","_seopress_titles_desc":"","_seopress_robots_index":""},"product_brand":[],"product_cat":[233,209],"product_tag":[],"class_list":{"0":"post-69754","1":"product","2":"type-product","3":"status-publish","4":"has-post-thumbnail","6":"product_cat-poschodove-postele","7":"product_cat-detske-izby","8":"pa_typ-produktu-s-matracmi-be-katarina-10-new-11","9":"pa_typ-produktu-s-matracmi-montana-11","10":"pa_typ-produktu-s-rostom-bez-matraca-2","12":"first","13":"onbackorder","14":"shipping-taxable","15":"purchasable","16":"product-type-variable"},"_links":{"self":[{"href":"https:\/\/nabytoklaguna.sk\/sk\/wp-json\/wp\/v2\/product\/69754","targetHints":{"allow":["GET"]}}],"collection":[{"href":"https:\/\/nabytoklaguna.sk\/sk\/wp-json\/wp\/v2\/product"}],"about":[{"href":"https:\/\/nabytoklaguna.sk\/sk\/wp-json\/wp\/v2\/types\/product"}],"replies":[{"embeddable":true,"href":"https:\/\/nabytoklaguna.sk\/sk\/wp-json\/wp\/v2\/comments?post=69754"}],"wp:featuredmedia":[{"embeddable":true,"href":"https:\/\/nabytoklaguna.sk\/sk\/wp-json\/wp\/v2\/media\/69759"}],"wp:attachment":[{"href":"https:\/\/nabytoklaguna.sk\/sk\/wp-json\/wp\/v2\/media?parent=69754"}],"wp:term":[{"taxonomy":"product_brand","embeddable":true,"href":"https:\/\/nabytoklaguna.sk\/sk\/wp-json\/wp\/v2\/product_brand?post=69754"},{"taxonomy":"product_cat","embeddable":true,"href":"https:\/\/nabytoklaguna.sk\/sk\/wp-json\/wp\/v2\/product_cat?post=69754"},{"taxonomy":"product_tag","embeddable":true,"href":"https:\/\/nabytoklaguna.sk\/sk\/wp-json\/wp\/v2\/product_tag?post=69754"}],"curies":[{"name":"wp","href":"https:\/\/api.w.org\/{rel}","templated":true}]}}