{"id":69816,"date":"2021-04-30T11:04:14","date_gmt":"2021-04-30T09:04:14","guid":{"rendered":"https:\/\/nabytoklaguna.sk\/sk\/?post_type=product&#038;p=69816"},"modified":"2025-08-18T14:21:03","modified_gmt":"2025-08-18T12:21:03","slug":"k-glamis","status":"publish","type":"product","link":"https:\/\/nabytoklaguna.sk\/sk\/produkt\/k-glamis\/","title":{"rendered":"K GLAMIS"},"content":{"rendered":"<p>Poste\u013e GLAMIS je vhodn\u00e1 do men\u0161ej izby. Modern\u00e1 poste\u013e je vyroben\u00e1 z kvalitn\u00e9ho borovicov\u00e9ho dreva v kombin\u00e1cii s MDF. Poste\u013e je dod\u00e1van\u00e1 s rolovan\u00fdmi ro\u0161tami.\u00a0<span style=\"font-size: 15.008px;\">K posteli odpor\u00fa\u010dame\u00a0<\/span>dok\u00fapi\u0165 matrace<span style=\"font-size: 15.008px;\">\u00a0z na\u0161ej ponuky\u00a0<\/span><a style=\"font-size: 15.008px;\" href=\"https:\/\/www.temponabytok.sk\/Search\/Fulltext?Query=matrac+90x200\">s rozmerom 90&#215;200 cm<\/a><span style=\"font-size: 15.008px;\">.\u00a0<\/span>Odpor\u00fa\u010dan\u00e1 maxim\u00e1lna v\u00fd\u0161ka matraca na pr\u00edstelku je max. 20 cm.<\/p>\n<ul>\n<li><b>Materi\u00e1l:<\/b>\u00a0borovicov\u00e9 drevo\/MDF\/preglejka<\/li>\n<li><b>Farba:<\/b>\u00a0biela<\/li>\n<li><b>Rozmery celej postele (\u0160xHxV):<\/b>\u00a0212x97x92 cm<\/li>\n<li><b>Rozmery plochy na spanie horn\u00e9ho l\u00f4\u017eka:<\/b>\u00a090&#215;200 cm<\/li>\n<li><b>Rozmery plochy na spanie doln\u00e9ho l\u00f4\u017eka:<\/b>\u00a090&#215;200 cm<\/li>\n<li><b>V\u00fd\u0161ka po ro\u0161t horn\u00e9ho l\u00f4\u017eka:<\/b>\u00a034 cm<\/li>\n<li><b>V\u00fd\u0161ka po ro\u0161t doln\u00e9ho l\u00f4\u017eka:<\/b>\u00a05 cm<\/li>\n<li><b>Maxim\u00e1lna v\u00fd\u0161ka matraca na pr\u00edstelku:<\/b>\u00a020 cm<\/li>\n<li>V\u00fdsuvn\u00e1 pr\u00edstelka<\/li>\n<li>Rolovan\u00e9 ro\u0161ty ZDARMA<\/li>\n<li>Dod\u00e1van\u00e9 v demonte<\/li>\n<\/ul>\n<table border=\"0\" cellspacing=\"1\" cellpadding=\"1\">\n<tbody>\n<tr>\n<td style=\"width: 245px;\"><img decoding=\"async\" src=\"https:\/\/shop.tempo-kondela.sk\/Files\/2521000\/2521873\/montana.png\" alt=\"Matrac, penov\u00fd, 90x200, MONTANA\" \/><\/td>\n<td style=\"width: 514px;\"><u><strong>Matrac MONTANA:<\/strong><\/u><\/p>\n<p><a href=\"https:\/\/nabytoklaguna.sk\/sk\/obchod\/spalne\/matrace\/tempo-kondela-montana\/\">https:\/\/nabytoklaguna.sk\/sk\/obchod\/spalne\/matrace\/tempo-kondela-montana\/<\/a><\/p>\n<p>&nbsp;<\/p>\n<p>&nbsp;<\/td>\n<\/tr>\n<tr>\n<td style=\"width: 245px;\"><img decoding=\"async\" src=\"https:\/\/nabytoklaguna.sk\/sk\/wp-content\/uploads\/2017\/11\/80x200-610x609.jpg\" \/><\/td>\n<td style=\"width: 514px;\"><strong><u>Matrac BE KATARINA:<\/u><\/strong><\/p>\n<p><a href=\"https:\/\/nabytoklaguna.sk\/sk\/obchod\/spalne\/matrace\/tempo-kondela-katarina-10\/\">https:\/\/nabytoklaguna.sk\/sk\/obchod\/spalne\/matrace\/tempo-kondela-katarina-10\/<\/a><\/td>\n<\/tr>\n<\/tbody>\n<\/table>\n","protected":false},"excerpt":{"rendered":"<p>Poste\u013e GLAMIS je vhodn\u00e1 do men\u0161ej izby. Modern\u00e1 poste\u013e je vyroben\u00e1 z kvalitn\u00e9ho borovicov\u00e9ho dreva v kombin\u00e1cii s MDF. Poste\u013e je dod\u00e1van\u00e1 s rolovan\u00fdmi ro\u0161tami.\u00a0K posteli odpor\u00fa\u010dame\u00a0dok\u00fapi\u0165 matrace\u00a0z na\u0161ej ponuky\u00a0s rozmerom 90&#215;200 cm.\u00a0Odpor\u00fa\u010dan\u00e1 maxim\u00e1lna v\u00fd\u0161ka matraca na pr\u00edstelku je max. 20 cm. Materi\u00e1l:\u00a0borovicov\u00e9 drevo\/MDF\/preglejka Farba:\u00a0biela Rozmery celej postele (\u0160xHxV):\u00a0212x97x92 cm Rozmery plochy na spanie horn\u00e9ho&#8230;<\/p>\n","protected":false},"featured_media":69817,"comment_status":"closed","ping_status":"closed","template":"","meta":{"_seopress_robots_primary_cat":"none","_seopress_titles_title":"","_seopress_titles_desc":"","_seopress_robots_index":""},"product_brand":[],"product_cat":[233,234,616],"product_tag":[],"class_list":{"0":"post-69816","1":"product","2":"type-product","3":"status-publish","4":"has-post-thumbnail","6":"product_cat-poschodove-postele","7":"product_cat-detske-postele","8":"product_cat-drevene-postele","9":"pa_typ-produktu-s-matracmi-be-katarina-10-new-11","10":"pa_typ-produktu-s-matracmi-montana-11","11":"pa_typ-produktu-s-rostom-bez-matraca-2","13":"first","14":"onbackorder","15":"shipping-taxable","16":"purchasable","17":"product-type-variable"},"_links":{"self":[{"href":"https:\/\/nabytoklaguna.sk\/sk\/wp-json\/wp\/v2\/product\/69816","targetHints":{"allow":["GET"]}}],"collection":[{"href":"https:\/\/nabytoklaguna.sk\/sk\/wp-json\/wp\/v2\/product"}],"about":[{"href":"https:\/\/nabytoklaguna.sk\/sk\/wp-json\/wp\/v2\/types\/product"}],"replies":[{"embeddable":true,"href":"https:\/\/nabytoklaguna.sk\/sk\/wp-json\/wp\/v2\/comments?post=69816"}],"wp:featuredmedia":[{"embeddable":true,"href":"https:\/\/nabytoklaguna.sk\/sk\/wp-json\/wp\/v2\/media\/69817"}],"wp:attachment":[{"href":"https:\/\/nabytoklaguna.sk\/sk\/wp-json\/wp\/v2\/media?parent=69816"}],"wp:term":[{"taxonomy":"product_brand","embeddable":true,"href":"https:\/\/nabytoklaguna.sk\/sk\/wp-json\/wp\/v2\/product_brand?post=69816"},{"taxonomy":"product_cat","embeddable":true,"href":"https:\/\/nabytoklaguna.sk\/sk\/wp-json\/wp\/v2\/product_cat?post=69816"},{"taxonomy":"product_tag","embeddable":true,"href":"https:\/\/nabytoklaguna.sk\/sk\/wp-json\/wp\/v2\/product_tag?post=69816"}],"curies":[{"name":"wp","href":"https:\/\/api.w.org\/{rel}","templated":true}]}}