{"id":7223,"date":"2021-02-13T11:35:32","date_gmt":"2021-02-13T10:35:32","guid":{"rendered":"http:\/\/nabytoklaguna.sk\/sk\/shop\/sedacie-supravy\/latkove-sedacie-supravy\/sedacie-supravy-u\/mello-u\/"},"modified":"2025-06-02T12:02:25","modified_gmt":"2025-06-02T10:02:25","slug":"mello-u","status":"publish","type":"product","link":"https:\/\/nabytoklaguna.sk\/sk\/produkt\/mello-u\/","title":{"rendered":"STG MELLO U"},"content":{"rendered":"<table id=\"parameters_table_above_spec\" class=\"comments detail_params_tables\" style=\"width: 4.39275%; height: 114px;\" cellspacing=\"0\" cellpadding=\"0\">\n<tbody>\n<tr id=\"parameter_row_368975\" class=\"dark params_row\" style=\"height: 52px;\">\n<td class=\"param_name_cells\" style=\"height: 52px;\"><\/td>\n<td class=\"param_value_cells\" style=\"height: 52px;\" colspan=\"3\" width=\"65%\"><\/td>\n<\/tr>\n<tr id=\"parameter_row_368976\" class=\"light params_row\" style=\"height: 52px;\">\n<td class=\"param_name_cells\" style=\"height: 52px;\"><\/td>\n<td class=\"param_value_cells\" style=\"height: 52px;\" colspan=\"3\" width=\"65%\"><\/td>\n<\/tr>\n<tr id=\"parameter_row_451152\" class=\"dark params_row\" style=\"height: 10px;\">\n<td class=\"param_name_cells\" style=\"height: 10px;\"><\/td>\n<td class=\"param_value_cells\" style=\"height: 10px;\" colspan=\"3\" width=\"65%\"><\/td>\n<\/tr>\n<\/tbody>\n<\/table>\n<p><strong>STAGRA MELLO Osb+3F+R+3sb:<br \/>\n<\/strong><\/p>\n<ul>\n<li>rozkladacia sedacia s\u00faprava<\/li>\n<li>s \u00falo\u017en\u00fdm priestorom<\/li>\n<li>pru\u017eina vlnovec<\/li>\n<li>kovov\u00e9 nohy<\/li>\n<\/ul>\n<p><strong>Ni\u010d nelimituje farebnos\u0165 rohovej sedacej s\u00fapravy MELLO \u2013 m\u00f4\u017ee by\u0165 v jedno- aj viacfarebnej podobe \u2013 z\u00e1le\u017e\u00ed to len od Teba.<\/strong><\/p>\n<p><strong>3 najd\u00f4le\u017eitej\u0161ie <\/strong>vlastnosti syst\u00e9mu MELLO<strong><br \/>\n<\/strong><\/p>\n<ul>\n<li>nov\u00e1, atrakt\u00edvna kolekcia po\u0165ahov<\/li>\n<li>mas\u00edvna kon\u0161trukcia<\/li>\n<li>\u0161irok\u00e9, pohodln\u00e9 lak\u0165ov\u00e9 opierky<\/li>\n<\/ul>\n<p>Syst\u00e9m MELLO<strong>\u00a0<\/strong>tvoria 2 pohovky a 3 z\u00e1kladn\u00e9 modely rohov\u00fdch sedac\u00edch s\u00faprav, ktor\u00e9 m\u00f4\u017eu by\u0165 ulo\u017een\u00e9 do 6 r\u00f4znych konfigur\u00e1ci\u00ed. Vo v\u0161etk\u00fdch modeloch <strong>, <\/strong>podobne ako v mnoh\u00fdch \u010fal\u0161\u00edch v\u00fdrobkoch\u00a0 mo\u017eno vo\u013ene kombinova\u0165 a mie\u0161a\u0165 po\u0165ahy.<\/p>\n<ul>\n<li>pohodln\u00e1 <strong>funkcia na spanie<\/strong><\/li>\n<li>priestrann\u00e9 <strong>miesto na poste\u013en\u00fa bielize\u0148<\/strong><\/li>\n<\/ul>\n<p><strong>VZORKOVN\u00cdK L\u00c1TOK<\/strong><\/p>\n<p><a href=\"https:\/\/nabytoklaguna.sk\/sk\/wp-content\/uploads\/2021\/02\/STG-Potahove-latky.pdf\"><img loading=\"lazy\" decoding=\"async\" class=\"alignnone wp-image-100592 size-full\" src=\"https:\/\/nabytoklaguna.sk\/sk\/wp-content\/uploads\/2021\/01\/tlacidlo-vzorkovnik-latok-2.jpg\" alt=\"tlacidlo vzorkovnik latok (2)\" width=\"100\" height=\"100\" \/>Ceny s\u00fa platn\u00e9 pre l\u00e1tky v cenovej skupine 0.<\/a><\/p>\n<p>&nbsp;<\/p>\n<h3 class=\"page-product-heading\">VLASTNOSTI<\/h3>\n<table class=\"table-data-sheet\">\n<tbody>\n<tr class=\"odd\">\n<td>H\u013abka<\/td>\n<td>190\/280 cm<\/td>\n<\/tr>\n<tr class=\"even\">\n<td>\u0160\u00edrka<\/td>\n<td>350 cm<\/td>\n<\/tr>\n<tr class=\"odd\">\n<td>V\u00fd\u0161ka<\/td>\n<td>73-84 cm<\/td>\n<\/tr>\n<tr class=\"even\">\n<td>Vhodn\u00e1 miestnos\u0165<\/td>\n<td>ob\u00fdva\u010dka, spolo\u010densk\u00e1 miestnos\u0165, hotely, kaviarne<\/td>\n<\/tr>\n<tr class=\"odd\">\n<td>Typ n\u00e1bytku<\/td>\n<td>sedacia s\u00faprava v tvare U<\/td>\n<\/tr>\n<tr class=\"even\">\n<td>\u0160t\u00fdl n\u00e1bytku<\/td>\n<td>modern\u00fd<\/td>\n<\/tr>\n<tr class=\"odd\">\n<td>Z\u00e1ruka<\/td>\n<td>2 roky<\/td>\n<\/tr>\n<tr class=\"even\">\n<td>Sp\u00f4sob dodania<\/td>\n<td>demont v troch bal\u00edkoch<\/td>\n<\/tr>\n<tr class=\"odd\">\n<td>Hmotnos\u0165<\/td>\n<td>202 kg<\/td>\n<\/tr>\n<tr class=\"even\">\n<td>\u00dalo\u017en\u00fd priestor<\/td>\n<td>\u00e1no<\/td>\n<\/tr>\n<tr class=\"odd\">\n<td>Rohov\u00e9 prevedenie<\/td>\n<td>\u00e1no<\/td>\n<\/tr>\n<tr class=\"even\">\n<td>V\u00fd\u0161ka sed\u00e1ka<\/td>\n<td>41 cm<\/td>\n<\/tr>\n<tr class=\"odd\">\n<td>V\u00fd\u0161ka zadn\u00e9ho \u010dela<\/td>\n<td>max. 84 cm<\/td>\n<\/tr>\n<tr class=\"even\">\n<td>Mo\u017enos\u0165 rozkladania<\/td>\n<td>\u00e1no<\/td>\n<\/tr>\n<tr class=\"odd\">\n<td>Plocha po rozlo\u017een\u00ed<\/td>\n<td>131&#215;270 cm<\/td>\n<\/tr>\n<tr class=\"even\">\n<td>Kon\u0161trukcia<\/td>\n<td>mas\u00edv<\/td>\n<\/tr>\n<tr class=\"odd\">\n<td>N\u00f4\u017eky<\/td>\n<td>kov<\/td>\n<\/tr>\n<tr class=\"even\">\n<td>Obsahuje vank\u00fa\u0161e<\/td>\n<td>nie<\/td>\n<\/tr>\n<tr class=\"odd\">\n<td>Nastavenie opierok<\/td>\n<td>nie<\/td>\n<\/tr>\n<tr class=\"even\">\n<td>V\u00fdpl\u0148 seda\u010dky<\/td>\n<td>pena+ pru\u017eina<\/td>\n<\/tr>\n<\/tbody>\n<\/table>\n<p style=\"text-align: left;\">\n","protected":false},"excerpt":{"rendered":"<p>STAGRA MELLO Osb+3F+R+3sb: rozkladacia sedacia s\u00faprava s \u00falo\u017en\u00fdm priestorom pru\u017eina vlnovec kovov\u00e9 nohy Ni\u010d nelimituje farebnos\u0165 rohovej sedacej s\u00fapravy MELLO \u2013 m\u00f4\u017ee by\u0165 v jedno- aj viacfarebnej podobe \u2013 z\u00e1le\u017e\u00ed to len od Teba. 3 najd\u00f4le\u017eitej\u0161ie vlastnosti syst\u00e9mu MELLO nov\u00e1, atrakt\u00edvna kolekcia po\u0165ahov mas\u00edvna kon\u0161trukcia \u0161irok\u00e9, pohodln\u00e9 lak\u0165ov\u00e9 opierky Syst\u00e9m MELLO\u00a0tvoria 2 pohovky a 3&#8230;<\/p>\n","protected":false},"featured_media":56231,"comment_status":"closed","ping_status":"closed","template":"","meta":{"_seopress_robots_primary_cat":"140","_seopress_titles_title":"","_seopress_titles_desc":"","_seopress_robots_index":""},"product_brand":[],"product_cat":[140,254],"product_tag":[],"class_list":{"0":"post-7223","1":"product","2":"type-product","3":"status-publish","4":"has-post-thumbnail","6":"product_cat-sedacie-supravy","7":"product_cat-sedacie-supravy-u","9":"first","10":"onbackorder","11":"shipping-taxable","12":"purchasable","13":"product-type-variable"},"_links":{"self":[{"href":"https:\/\/nabytoklaguna.sk\/sk\/wp-json\/wp\/v2\/product\/7223","targetHints":{"allow":["GET"]}}],"collection":[{"href":"https:\/\/nabytoklaguna.sk\/sk\/wp-json\/wp\/v2\/product"}],"about":[{"href":"https:\/\/nabytoklaguna.sk\/sk\/wp-json\/wp\/v2\/types\/product"}],"replies":[{"embeddable":true,"href":"https:\/\/nabytoklaguna.sk\/sk\/wp-json\/wp\/v2\/comments?post=7223"}],"wp:featuredmedia":[{"embeddable":true,"href":"https:\/\/nabytoklaguna.sk\/sk\/wp-json\/wp\/v2\/media\/56231"}],"wp:attachment":[{"href":"https:\/\/nabytoklaguna.sk\/sk\/wp-json\/wp\/v2\/media?parent=7223"}],"wp:term":[{"taxonomy":"product_brand","embeddable":true,"href":"https:\/\/nabytoklaguna.sk\/sk\/wp-json\/wp\/v2\/product_brand?post=7223"},{"taxonomy":"product_cat","embeddable":true,"href":"https:\/\/nabytoklaguna.sk\/sk\/wp-json\/wp\/v2\/product_cat?post=7223"},{"taxonomy":"product_tag","embeddable":true,"href":"https:\/\/nabytoklaguna.sk\/sk\/wp-json\/wp\/v2\/product_tag?post=7223"}],"curies":[{"name":"wp","href":"https:\/\/api.w.org\/{rel}","templated":true}]}}