{"id":83853,"date":"2021-05-30T13:46:44","date_gmt":"2021-05-30T11:46:44","guid":{"rendered":"https:\/\/nabytoklaguna.sk\/sk\/?post_type=product&#038;p=83853"},"modified":"2026-02-18T08:33:13","modified_gmt":"2026-02-18T07:33:13","slug":"dpv-wendy-matrac","status":"publish","type":"product","link":"https:\/\/nabytoklaguna.sk\/sk\/produkt\/dpv-wendy-matrac\/","title":{"rendered":"DPV VENDY matrac"},"content":{"rendered":"<p>&nbsp;<\/p>\n<p><img loading=\"lazy\" decoding=\"async\" class=\"alignnone size-full wp-image-12919\" src=\"https:\/\/nabytoklaguna.sk\/sk\/wp-content\/uploads\/2017\/03\/zdravotn%C3%BD-matrac.png\" alt=\"\" width=\"39\" height=\"47\" \/><img loading=\"lazy\" decoding=\"async\" class=\"alignnone size-full wp-image-12920\" src=\"https:\/\/nabytoklaguna.sk\/sk\/wp-content\/uploads\/2017\/03\/%C4%8Desk%C3%BD-v%C3%BDrobca.png\" alt=\"\" width=\"39\" height=\"47\" \/><img loading=\"lazy\" decoding=\"async\" class=\"alignnone size-full wp-image-12922\" src=\"https:\/\/nabytoklaguna.sk\/sk\/wp-content\/uploads\/2017\/03\/osved%C4%8Denie-matrace.jpg\" alt=\"\" width=\"167\" height=\"141\" \/><\/p>\n<table>\n<tbody>\n<tr>\n<td><strong>Tuhos\u0165:<\/strong><\/td>\n<td>3 a 4<\/td>\n<\/tr>\n<tr>\n<td><strong>V\u00e1hov\u00e1 kateg\u00f3ria:<\/strong><\/td>\n<td>do 130 kg<\/td>\n<\/tr>\n<tr>\n<td><strong>Po\u010det z\u00f3n:<\/strong><\/td>\n<td>5<\/td>\n<\/tr>\n<tr>\n<td><strong>Materi\u00e1l:<\/strong><\/td>\n<td>PUR pena<\/td>\n<\/tr>\n<tr>\n<td><strong>Po\u0165ah:<\/strong><\/td>\n<td>ALOE VERA, sn\u00edmate\u013en\u00fd a prate\u013en\u00fd pri 60 stup\u0148och<\/td>\n<\/tr>\n<tr>\n<td><strong>Typ matraca<\/strong>:<\/td>\n<td>obojstrann\u00fd<\/td>\n<\/tr>\n<tr>\n<td><strong>V\u00fd\u0161ka matraca:<\/strong><\/td>\n<td>23 cm<\/td>\n<\/tr>\n<tr>\n<td><strong>V\u00fdrobca:<\/strong><\/td>\n<td>\u010cesko<\/td>\n<\/tr>\n<\/tbody>\n<\/table>\n<p>&nbsp;<\/p>\n<p>&nbsp;<\/p>\n<p>&nbsp;<\/p>\n<p>Vysoko kvalitn\u00fd matrac VENDY\u00a0\u00a0je vhodn\u00fd na lamelov\u00fd ro\u0161t pevn\u00fd aj polohovate\u013en\u00fd a je ur\u010den\u00fd pre v\u00e1hov\u00fa kateg\u00f3riu do 130 kg. Celkov\u00e1 v\u00fd\u0161ka matraca je\u00a0 a\u017e 23 cm. Po\u0165ah je z ALOE VERA. Po\u0165ah je prate\u013en\u00fd na 60\u00a0\u00baC. Mo\u017enos\u0165 objedn\u00e1vky ne\u0161tandardn\u00fdch rozmerov. Uveden\u00e1 cena je za rozmer 80&#215;200 a 90&#215;200 cm<\/p>\n","protected":false},"excerpt":{"rendered":"<p>&nbsp; Tuhos\u0165: 3 a 4 V\u00e1hov\u00e1 kateg\u00f3ria: do 130 kg Po\u010det z\u00f3n: 5 Materi\u00e1l: PUR pena Po\u0165ah: ALOE VERA, sn\u00edmate\u013en\u00fd a prate\u013en\u00fd pri 60 stup\u0148och Typ matraca: obojstrann\u00fd V\u00fd\u0161ka matraca: 23 cm V\u00fdrobca: \u010cesko &nbsp; &nbsp; &nbsp; Vysoko kvalitn\u00fd matrac VENDY\u00a0\u00a0je vhodn\u00fd na lamelov\u00fd ro\u0161t pevn\u00fd aj polohovate\u013en\u00fd a je ur\u010den\u00fd pre v\u00e1hov\u00fa kateg\u00f3riu do&#8230;<\/p>\n","protected":false},"featured_media":83855,"comment_status":"closed","ping_status":"closed","template":"","meta":{"_seopress_robots_primary_cat":"229","_seopress_titles_title":"","_seopress_titles_desc":"","_seopress_robots_index":""},"product_brand":[],"product_cat":[1101,227,229],"product_tag":[],"class_list":{"0":"post-83853","1":"product","2":"type-product","3":"status-publish","4":"has-post-thumbnail","6":"product_cat-luxusne","7":"product_cat-rosty-matrace","8":"product_cat-matrace","10":"first","11":"onbackorder","12":"shipping-taxable","13":"purchasable","14":"product-type-variable"},"_links":{"self":[{"href":"https:\/\/nabytoklaguna.sk\/sk\/wp-json\/wp\/v2\/product\/83853","targetHints":{"allow":["GET"]}}],"collection":[{"href":"https:\/\/nabytoklaguna.sk\/sk\/wp-json\/wp\/v2\/product"}],"about":[{"href":"https:\/\/nabytoklaguna.sk\/sk\/wp-json\/wp\/v2\/types\/product"}],"replies":[{"embeddable":true,"href":"https:\/\/nabytoklaguna.sk\/sk\/wp-json\/wp\/v2\/comments?post=83853"}],"wp:featuredmedia":[{"embeddable":true,"href":"https:\/\/nabytoklaguna.sk\/sk\/wp-json\/wp\/v2\/media\/83855"}],"wp:attachment":[{"href":"https:\/\/nabytoklaguna.sk\/sk\/wp-json\/wp\/v2\/media?parent=83853"}],"wp:term":[{"taxonomy":"product_brand","embeddable":true,"href":"https:\/\/nabytoklaguna.sk\/sk\/wp-json\/wp\/v2\/product_brand?post=83853"},{"taxonomy":"product_cat","embeddable":true,"href":"https:\/\/nabytoklaguna.sk\/sk\/wp-json\/wp\/v2\/product_cat?post=83853"},{"taxonomy":"product_tag","embeddable":true,"href":"https:\/\/nabytoklaguna.sk\/sk\/wp-json\/wp\/v2\/product_tag?post=83853"}],"curies":[{"name":"wp","href":"https:\/\/api.w.org\/{rel}","templated":true}]}}