{"id":89836,"date":"2021-05-30T13:46:44","date_gmt":"2021-05-30T11:46:44","guid":{"rendered":"https:\/\/nabytoklaguna.sk\/sk\/?post_type=product&#038;p=89836"},"modified":"2025-06-03T15:36:16","modified_gmt":"2025-06-03T13:36:16","slug":"stg-kalma","status":"publish","type":"product","link":"https:\/\/nabytoklaguna.sk\/sk\/produkt\/stg-kalma\/","title":{"rendered":"STG KALMA"},"content":{"rendered":"<p><strong>Luxusn\u00e1 rohov\u00e1<\/strong> sedacia s\u00faprava <strong>KALMA<\/strong>, ktor\u00e1 je v\u010faka svoj\u00edm rozmerom vhodn\u00e1 aj do men\u0161\u00edch priestorov. Sedenie<strong> je v\u00fdrazne pre\u0161\u00edvan\u00e9<\/strong> \u010do dod\u00e1va sedacej s\u00faprave <strong>eleganciu<\/strong>. S\u00fa\u010das\u0165ou sedacej s\u00fapravy je jeden <strong>z\u00e1hlavn\u00edk<\/strong>. Sedenie je <strong>stredne m\u00e4kk\u00e9<\/strong>, v\u010faka pru\u017eine <strong>FALISTA<\/strong> a Pur pene. Sez\u00f3nne veci odlo\u017e\u00edte do <strong>\u00falo\u017en\u00e9ho priestoru,<\/strong> ktor\u00fdm sedacia s\u00faprava disponuje. Jednoduch\u00fdmi krokmi sedaciu s\u00fapravu <strong>rozlo\u017e\u00edte<\/strong>, \u010d\u00edm V\u00e1m vznikne plnohodnotn\u00e1 <strong>plocha na<\/strong> <strong>pr\u00edle\u017eitostn\u00e9 spanie.<\/strong> Mo\u017enos\u0165 v\u00fdberu prav\u00e9ho a \u013eav\u00e9ho prevedenia.<\/p>\n<p>K sedacej s\u00faprave je mo\u017en\u00e9 dok\u00fapi\u0165 z\u00e1hlavn\u00edk, cena 1ks\/49 Eur. Fotka je len ilustra\u010dn\u00e1.<\/p>\n<p><strong>VZORKOVN\u00cdK L\u00c1TOK<\/strong><\/p>\n<p><a href=\"https:\/\/nabytoklaguna.sk\/sk\/wp-content\/uploads\/2021\/02\/STG-Potahove-latky.pdf\"><img loading=\"lazy\" decoding=\"async\" class=\"alignnone wp-image-100592 size-full\" src=\"https:\/\/nabytoklaguna.sk\/sk\/wp-content\/uploads\/2021\/01\/tlacidlo-vzorkovnik-latok-2.jpg\" alt=\"tlacidlo vzorkovnik latok (2)\" width=\"100\" height=\"100\" \/><\/a><\/p>\n<p><a href=\"https:\/\/nabytoklaguna.sk\/sk\/wp-content\/uploads\/2021\/02\/STG-Potahove-latky.pdf\">Ceny s\u00fa platn\u00e9 pre l\u00e1tky v cenovej skupine 0.<\/a><\/p>\n<p>&nbsp;<\/p>\n<table class=\"table-data-sheet\">\n<tbody>\n<tr class=\"odd\">\n<td>H\u013abka<\/td>\n<td>150 cm<\/td>\n<\/tr>\n<tr class=\"even\">\n<td>\u0160\u00edrka<\/td>\n<td>225 cm<\/td>\n<\/tr>\n<tr class=\"odd\">\n<td><\/td>\n<td><\/td>\n<\/tr>\n<tr class=\"even\">\n<td>Vhodn\u00e1 miestnos\u0165<\/td>\n<td>ob\u00fdva\u010dka, spolo\u010densk\u00e1 miestnos\u0165, hotely, kaviarne<\/td>\n<\/tr>\n<tr class=\"odd\">\n<td>Typ n\u00e1bytku<\/td>\n<td>rohov\u00e1 sedacia s\u00faprava<\/td>\n<\/tr>\n<tr class=\"even\">\n<td>\u0160t\u00fdl n\u00e1bytku<\/td>\n<td>modern\u00fd<\/td>\n<\/tr>\n<tr class=\"odd\">\n<td>Z\u00e1ruka<\/td>\n<td>2 roky<\/td>\n<\/tr>\n<tr class=\"even\">\n<td>Sp\u00f4sob dodania<\/td>\n<td>demont v dvoch bal\u00edkoch<\/td>\n<\/tr>\n<tr class=\"odd\">\n<td>Hmotnos\u0165<\/td>\n<td>130 kg<\/td>\n<\/tr>\n<tr class=\"even\">\n<td>\u00dalo\u017en\u00fd priestor<\/td>\n<td>\u00e1no<\/td>\n<\/tr>\n<tr class=\"odd\">\n<td>Rohov\u00e9 prevedenie<\/td>\n<td>\u00e1no<\/td>\n<\/tr>\n<tr class=\"even\">\n<td><\/td>\n<td><\/td>\n<\/tr>\n<tr class=\"odd\">\n<td><\/td>\n<td><\/td>\n<\/tr>\n<tr class=\"even\">\n<td>Mo\u017enos\u0165 rozkladania<\/td>\n<td>\u00e1no<\/td>\n<\/tr>\n<tr class=\"odd\">\n<td>Plocha na spanie<\/td>\n<td>120x200cm<\/td>\n<\/tr>\n<tr class=\"even\">\n<td>Kon\u0161trukcia<\/td>\n<td>DTD<\/td>\n<\/tr>\n<tr class=\"odd\">\n<td>N\u00f4\u017eky<\/td>\n<td>kov<\/td>\n<\/tr>\n<tr class=\"even\">\n<td>Obsahuje vank\u00fa\u0161e<\/td>\n<td>nie<\/td>\n<\/tr>\n<tr class=\"odd\">\n<td>Nastavenie opierok<\/td>\n<td>nie<\/td>\n<\/tr>\n<tr class=\"even\">\n<td>V\u00fdpl\u0148 seda\u010dky<\/td>\n<td>pena+ pru\u017eina<\/td>\n<\/tr>\n<\/tbody>\n<\/table>\n<p><img loading=\"lazy\" decoding=\"async\" class=\"alignnone size-medium wp-image-89844\" src=\"https:\/\/nabytoklaguna.sk\/sk\/wp-content\/uploads\/2020\/12\/lukka-500x296.gif\" alt=\"\" width=\"500\" height=\"296\" \/><\/p>\n","protected":false},"excerpt":{"rendered":"<p>Luxusn\u00e1 rohov\u00e1 sedacia s\u00faprava KALMA, ktor\u00e1 je v\u010faka svoj\u00edm rozmerom vhodn\u00e1 aj do men\u0161\u00edch priestorov. Sedenie je v\u00fdrazne pre\u0161\u00edvan\u00e9 \u010do dod\u00e1va sedacej s\u00faprave eleganciu. S\u00fa\u010das\u0165ou sedacej s\u00fapravy je jeden z\u00e1hlavn\u00edk. Sedenie je stredne m\u00e4kk\u00e9, v\u010faka pru\u017eine FALISTA a Pur pene. Sez\u00f3nne veci odlo\u017e\u00edte do \u00falo\u017en\u00e9ho priestoru, ktor\u00fdm sedacia s\u00faprava disponuje. Jednoduch\u00fdmi krokmi sedaciu s\u00fapravu rozlo\u017e\u00edte,&#8230;<\/p>\n","protected":false},"featured_media":89838,"comment_status":"closed","ping_status":"closed","template":"","meta":{"_seopress_robots_primary_cat":"none","_seopress_titles_title":"","_seopress_titles_desc":"","_seopress_robots_index":""},"product_brand":[],"product_cat":[255,140],"product_tag":[],"class_list":{"0":"post-89836","1":"product","2":"type-product","3":"status-publish","4":"has-post-thumbnail","6":"product_cat-rohove-supravy","7":"product_cat-sedacie-supravy","9":"first","10":"onbackorder","11":"shipping-taxable","12":"purchasable","13":"product-type-variable"},"_links":{"self":[{"href":"https:\/\/nabytoklaguna.sk\/sk\/wp-json\/wp\/v2\/product\/89836","targetHints":{"allow":["GET"]}}],"collection":[{"href":"https:\/\/nabytoklaguna.sk\/sk\/wp-json\/wp\/v2\/product"}],"about":[{"href":"https:\/\/nabytoklaguna.sk\/sk\/wp-json\/wp\/v2\/types\/product"}],"replies":[{"embeddable":true,"href":"https:\/\/nabytoklaguna.sk\/sk\/wp-json\/wp\/v2\/comments?post=89836"}],"wp:featuredmedia":[{"embeddable":true,"href":"https:\/\/nabytoklaguna.sk\/sk\/wp-json\/wp\/v2\/media\/89838"}],"wp:attachment":[{"href":"https:\/\/nabytoklaguna.sk\/sk\/wp-json\/wp\/v2\/media?parent=89836"}],"wp:term":[{"taxonomy":"product_brand","embeddable":true,"href":"https:\/\/nabytoklaguna.sk\/sk\/wp-json\/wp\/v2\/product_brand?post=89836"},{"taxonomy":"product_cat","embeddable":true,"href":"https:\/\/nabytoklaguna.sk\/sk\/wp-json\/wp\/v2\/product_cat?post=89836"},{"taxonomy":"product_tag","embeddable":true,"href":"https:\/\/nabytoklaguna.sk\/sk\/wp-json\/wp\/v2\/product_tag?post=89836"}],"curies":[{"name":"wp","href":"https:\/\/api.w.org\/{rel}","templated":true}]}}