{"id":90002,"date":"2021-05-30T13:46:44","date_gmt":"2021-05-30T11:46:44","guid":{"rendered":"https:\/\/nabytoklaguna.sk\/sk\/?post_type=product&#038;p=90002"},"modified":"2025-06-11T10:38:33","modified_gmt":"2025-06-11T08:38:33","slug":"stg-algeria","status":"publish","type":"product","link":"https:\/\/nabytoklaguna.sk\/sk\/produkt\/stg-algeria\/","title":{"rendered":"STG ALGERIA"},"content":{"rendered":"<p><strong>Elegantn\u00e1 rohov\u00e1<\/strong> sedacia s\u00faprava <strong>ALGERIA <\/strong>sa stane dominantn\u00fdm prvkom Va\u0161ej dom\u00e1cnosti. Seda\u010dka nem\u00e1 \u00falo\u017en\u00fd priestor a nem\u00e1 ani funkciu rozkladu. Vn\u00fatro seda\u010dky tvor\u00ed pru\u017eina<strong> FALISTA<\/strong> v kombin\u00e1cii s polyuret\u00e1novou penou. V\u010faka tejto v\u00fdplne bude <strong>sedenie pohodln\u00e9-stredne m\u00e4kk\u00e9.<\/strong><\/p>\n<p>Seda\u010dku <strong>ALGERIA <\/strong>je mo\u017en\u00e9 dotvori\u0165 podla svojich predst\u00e1v.Na v\u00fdber s\u00fa modern\u00e9 <strong>kovov\u00e9 nohy \u010di klasick\u00e9 dreven\u00e9<\/strong>, u\u017e je na V\u00e1s ktor\u00e9 si zvol\u00edte. Taktie\u017e je mo\u017en\u00e9 vybra\u0165 si pre\u0161\u00edvanie zakon\u010den\u00e9 gomb\u00edkmi alebo kry\u0161t\u00e1lmi(pros\u00edm uvies\u0165 do objedn\u00e1vky). V\u00fdhodou sedacej s\u00fapravy\u00a0 <strong>ALGERIA<\/strong> je<strong> \u010dal\u00fanen\u00fd chrb\u00e1t<\/strong> a tak je mo\u017en\u00e9 pohovku umiestni\u0165 do priestoru. Fotka je len\u00a0ilustra\u010dn\u00e1.<\/p>\n<p><strong>VZORKOVN\u00cdK L\u00c1TOK<\/strong><\/p>\n<p><a href=\"https:\/\/nabytoklaguna.sk\/sk\/wp-content\/uploads\/2021\/02\/STG-Potahove-latky.pdf\"><img loading=\"lazy\" decoding=\"async\" class=\"alignnone wp-image-100592 size-full\" src=\"https:\/\/nabytoklaguna.sk\/sk\/wp-content\/uploads\/2021\/01\/tlacidlo-vzorkovnik-latok-2.jpg\" alt=\"tlacidlo vzorkovnik latok (2)\" width=\"100\" height=\"100\" \/>Ceny s\u00fa platn\u00e9 pre l\u00e1tky v cenovej skupine 0.<\/a><\/p>\n<h3 class=\"page-product-heading\">VLASTNOSTI<\/h3>\n<table class=\"table-data-sheet\">\n<tbody>\n<tr class=\"odd\">\n<td>H\u013abka<\/td>\n<td>180 cm<\/td>\n<\/tr>\n<tr class=\"even\">\n<td>\u0160\u00edrka<\/td>\n<td>260 cm<\/td>\n<\/tr>\n<tr class=\"odd\">\n<td>V\u00fd\u0161ka<\/td>\n<td>80-85 cm<\/td>\n<\/tr>\n<tr class=\"even\">\n<td>Vhodn\u00e1 miestnos\u0165<\/td>\n<td>ob\u00fdva\u010dka, spolo\u010densk\u00e1 miestnos\u0165, hotely, kaviarne<\/td>\n<\/tr>\n<tr class=\"odd\">\n<td>Typ n\u00e1bytku<\/td>\n<td>rohov\u00e1 sedacia s\u00faprava<\/td>\n<\/tr>\n<tr class=\"even\">\n<td>\u0160t\u00fdl n\u00e1bytku<\/td>\n<td>modern\u00fd<\/td>\n<\/tr>\n<tr class=\"odd\">\n<td>Z\u00e1ruka<\/td>\n<td>2 roky<\/td>\n<\/tr>\n<tr class=\"even\">\n<td>Sp\u00f4sob dodania<\/td>\n<td>demont v dvoch bal\u00edkoch<\/td>\n<\/tr>\n<tr class=\"odd\">\n<td>Hmotnos\u0165<\/td>\n<td>130 kg<\/td>\n<\/tr>\n<tr class=\"even\">\n<td>\u00dalo\u017en\u00fd priestor<\/td>\n<td>nie<\/td>\n<\/tr>\n<tr class=\"odd\">\n<td>Rohov\u00e9 prevedenie<\/td>\n<td>\u00e1no<\/td>\n<\/tr>\n<tr class=\"even\">\n<td>V\u00fd\u0161ka sed\u00e1ka<\/td>\n<td>44 cm<\/td>\n<\/tr>\n<tr class=\"odd\">\n<td>V\u00fd\u0161ka zadn\u00e9ho \u010dela<\/td>\n<td>max. 85 cm<\/td>\n<\/tr>\n<tr class=\"even\">\n<td>Mo\u017enos\u0165 rozkladania<\/td>\n<td>nie<\/td>\n<\/tr>\n<tr class=\"odd\">\n<td>Plocha po rozlo\u017een\u00ed<\/td>\n<td><\/td>\n<\/tr>\n<tr class=\"even\">\n<td>Kon\u0161trukcia<\/td>\n<td>DTD<\/td>\n<\/tr>\n<tr class=\"odd\">\n<td>N\u00f4\u017eky<\/td>\n<td>dreven\u00e9\/kov<\/td>\n<\/tr>\n<tr class=\"even\">\n<td>Obsahuje vank\u00fa\u0161e<\/td>\n<td>nie<\/td>\n<\/tr>\n<tr class=\"odd\">\n<td>Nastavenie opierok<\/td>\n<td>nie<\/td>\n<\/tr>\n<tr class=\"even\">\n<td>V\u00fdpl\u0148 seda\u010dky<\/td>\n<td>pena+ pru\u017eina<\/td>\n<\/tr>\n<\/tbody>\n<\/table>\n","protected":false},"excerpt":{"rendered":"<p>Elegantn\u00e1 rohov\u00e1 sedacia s\u00faprava ALGERIA sa stane dominantn\u00fdm prvkom Va\u0161ej dom\u00e1cnosti. Seda\u010dka nem\u00e1 \u00falo\u017en\u00fd priestor a nem\u00e1 ani funkciu rozkladu. Vn\u00fatro seda\u010dky tvor\u00ed pru\u017eina FALISTA v kombin\u00e1cii s polyuret\u00e1novou penou. V\u010faka tejto v\u00fdplne bude sedenie pohodln\u00e9-stredne m\u00e4kk\u00e9. Seda\u010dku ALGERIA je mo\u017en\u00e9 dotvori\u0165 podla svojich predst\u00e1v.Na v\u00fdber s\u00fa modern\u00e9 kovov\u00e9 nohy \u010di klasick\u00e9 dreven\u00e9, u\u017e je&#8230;<\/p>\n","protected":false},"featured_media":90003,"comment_status":"closed","ping_status":"closed","template":"","meta":{"_seopress_robots_primary_cat":"140","_seopress_titles_title":"","_seopress_titles_desc":"","_seopress_robots_index":""},"product_brand":[],"product_cat":[255,140],"product_tag":[],"class_list":{"0":"post-90002","1":"product","2":"type-product","3":"status-publish","4":"has-post-thumbnail","6":"product_cat-rohove-supravy","7":"product_cat-sedacie-supravy","9":"first","10":"onbackorder","11":"shipping-taxable","12":"purchasable","13":"product-type-variable"},"_links":{"self":[{"href":"https:\/\/nabytoklaguna.sk\/sk\/wp-json\/wp\/v2\/product\/90002","targetHints":{"allow":["GET"]}}],"collection":[{"href":"https:\/\/nabytoklaguna.sk\/sk\/wp-json\/wp\/v2\/product"}],"about":[{"href":"https:\/\/nabytoklaguna.sk\/sk\/wp-json\/wp\/v2\/types\/product"}],"replies":[{"embeddable":true,"href":"https:\/\/nabytoklaguna.sk\/sk\/wp-json\/wp\/v2\/comments?post=90002"}],"wp:featuredmedia":[{"embeddable":true,"href":"https:\/\/nabytoklaguna.sk\/sk\/wp-json\/wp\/v2\/media\/90003"}],"wp:attachment":[{"href":"https:\/\/nabytoklaguna.sk\/sk\/wp-json\/wp\/v2\/media?parent=90002"}],"wp:term":[{"taxonomy":"product_brand","embeddable":true,"href":"https:\/\/nabytoklaguna.sk\/sk\/wp-json\/wp\/v2\/product_brand?post=90002"},{"taxonomy":"product_cat","embeddable":true,"href":"https:\/\/nabytoklaguna.sk\/sk\/wp-json\/wp\/v2\/product_cat?post=90002"},{"taxonomy":"product_tag","embeddable":true,"href":"https:\/\/nabytoklaguna.sk\/sk\/wp-json\/wp\/v2\/product_tag?post=90002"}],"curies":[{"name":"wp","href":"https:\/\/api.w.org\/{rel}","templated":true}]}}