{"id":92276,"date":"2021-01-26T15:59:06","date_gmt":"2021-01-26T14:59:06","guid":{"rendered":"https:\/\/nabytoklaguna.sk\/sk\/?post_type=product&#038;p=92276"},"modified":"2025-11-06T12:34:56","modified_gmt":"2025-11-06T11:34:56","slug":"tempo-kondela-zirkon","status":"publish","type":"product","link":"https:\/\/nabytoklaguna.sk\/sk\/produkt\/tempo-kondela-zirkon\/","title":{"rendered":"K ZIRKON"},"content":{"rendered":"<p>Pohodln\u00e9 kreslo ZIRKON si zamilujete na prv\u00fd poh\u013ead. V\u00e1\u0161mu oku neunikne dekorat\u00edvne pre\u0161itie kresla, \u010do p\u00f4sob\u00ed ve\u013emi luxusne. \u010cal\u00fanen\u00e9 je pr\u00edjemnou l\u00e1tkou VELVET vo viacer\u00fdch farebn\u00fdch prevedeniach. Kreslo stoj\u00ed na \u0161tyroch \u010diernych kovov\u00fdch no\u017ei\u010dk\u00e1ch. ktor\u00e9 zaru\u010duj\u00fa stabilitu. Doprajte si zasl\u00fa\u017een\u00fd oddych s kreslom ZIRKON<\/p>\n<p><strong>VLASTNOSTI<\/strong><\/p>\n<div class=\"text\">\n<ul>\n<li><b>Materi\u00e1l:<\/b>\u00a0l\u00e1tka Velvet\/kov<\/li>\n<li><b>Farba:<\/b> smaragdov\u00e1\/\u010dierna, sivohned\u00e1 taupe\/\u010dierna, ru\u017eovohned\u00e1\/\u010diena, siv\u00e1\/\u010dierna<\/li>\n<li><b>Rozmery (\u0160xHxV):<\/b>\u00a056x55x82 cm<\/li>\n<li><b>V\u00fd\u0161ka sedu:<\/b>\u00a046 cm<\/li>\n<li><b>H\u013abka sedu:<\/b>\u00a042 cm<\/li>\n<li><b>Nosnos\u0165:<\/b>\u00a0130 kg<\/li>\n<li>Dod\u00e1van\u00e9 v demonte<\/li>\n<\/ul>\n<\/div>\n","protected":false},"excerpt":{"rendered":"<p>Pohodln\u00e9 kreslo ZIRKON si zamilujete na prv\u00fd poh\u013ead. V\u00e1\u0161mu oku neunikne dekorat\u00edvne pre\u0161itie kresla, \u010do p\u00f4sob\u00ed ve\u013emi luxusne. \u010cal\u00fanen\u00e9 je pr\u00edjemnou l\u00e1tkou VELVET vo viacer\u00fdch farebn\u00fdch prevedeniach. Kreslo stoj\u00ed na \u0161tyroch \u010diernych kovov\u00fdch no\u017ei\u010dk\u00e1ch. ktor\u00e9 zaru\u010duj\u00fa stabilitu. Doprajte si zasl\u00fa\u017een\u00fd oddych s kreslom ZIRKON VLASTNOSTI Materi\u00e1l:\u00a0l\u00e1tka Velvet\/kov Farba: smaragdov\u00e1\/\u010dierna, sivohned\u00e1 taupe\/\u010dierna, ru\u017eovohned\u00e1\/\u010diena, siv\u00e1\/\u010dierna Rozmery (\u0160xHxV):\u00a056x55x82&#8230;<\/p>\n","protected":false},"featured_media":92279,"comment_status":"closed","ping_status":"closed","template":"","meta":{"_seopress_robots_primary_cat":"none","_seopress_titles_title":"","_seopress_titles_desc":"","_seopress_robots_index":""},"product_brand":[],"product_cat":[239,237],"product_tag":[],"class_list":{"0":"post-92276","1":"product","2":"type-product","3":"status-publish","4":"has-post-thumbnail","6":"product_cat-kovove-stolicky","7":"product_cat-stolicky","8":"pa_farba-ruzovohneda","9":"pa_farba-sivohneda-taupe","10":"pa_farba-siva","11":"pa_farba-smaragdova","13":"first","14":"onbackorder","15":"shipping-taxable","16":"purchasable","17":"product-type-variable"},"_links":{"self":[{"href":"https:\/\/nabytoklaguna.sk\/sk\/wp-json\/wp\/v2\/product\/92276","targetHints":{"allow":["GET"]}}],"collection":[{"href":"https:\/\/nabytoklaguna.sk\/sk\/wp-json\/wp\/v2\/product"}],"about":[{"href":"https:\/\/nabytoklaguna.sk\/sk\/wp-json\/wp\/v2\/types\/product"}],"replies":[{"embeddable":true,"href":"https:\/\/nabytoklaguna.sk\/sk\/wp-json\/wp\/v2\/comments?post=92276"}],"wp:featuredmedia":[{"embeddable":true,"href":"https:\/\/nabytoklaguna.sk\/sk\/wp-json\/wp\/v2\/media\/92279"}],"wp:attachment":[{"href":"https:\/\/nabytoklaguna.sk\/sk\/wp-json\/wp\/v2\/media?parent=92276"}],"wp:term":[{"taxonomy":"product_brand","embeddable":true,"href":"https:\/\/nabytoklaguna.sk\/sk\/wp-json\/wp\/v2\/product_brand?post=92276"},{"taxonomy":"product_cat","embeddable":true,"href":"https:\/\/nabytoklaguna.sk\/sk\/wp-json\/wp\/v2\/product_cat?post=92276"},{"taxonomy":"product_tag","embeddable":true,"href":"https:\/\/nabytoklaguna.sk\/sk\/wp-json\/wp\/v2\/product_tag?post=92276"}],"curies":[{"name":"wp","href":"https:\/\/api.w.org\/{rel}","templated":true}]}}