{"id":93499,"date":"2021-02-16T16:17:55","date_gmt":"2021-02-16T15:17:55","guid":{"rendered":"https:\/\/nabytoklaguna.sk\/sk\/?post_type=product&#038;p=93499"},"modified":"2022-11-03T15:17:15","modified_gmt":"2022-11-03T14:17:15","slug":"tempo-kondela-elisia","status":"publish","type":"product","link":"https:\/\/nabytoklaguna.sk\/sk\/produkt\/tempo-kondela-elisia\/","title":{"rendered":"Tempo Kondela ELISIA"},"content":{"rendered":"<p><b>Poste\u013e ELISIA<\/b> je snom ka\u017ed\u00e9ho ka\u017ed\u00e9ho die\u0165a\u0165a. Jej <b>vzdu\u0161n\u00fd vzh\u013ead<\/b>\u00a0a\u00a0<b>dom\u010dekov\u00e9\u00a0<\/b>prevedenie vytvor\u00ed ide\u00e1lne miesto pre mno\u017estvo detsk\u00fdch hier. Poste\u013e Elisia pom\u00e1ha<b>\u00a0rozv\u00edja\u0165 fant\u00e1ziu<\/b> die\u0165a\u0165a a napom\u00e1ha z\u00edska\u0165 ve\u013ea zru\u010dnost\u00ed, na ktor\u00e9 pr\u00edde samo pri v\u0161etk\u00fdch t\u00fdch dobrodru\u017estv\u00e1ch. <b>Stabilitu a\u00a0trv\u00e1cnos\u0165<\/b>\u00a0zaru\u010duje\u00a0<b>borovicov\u00fd mas\u00edv<\/b>\u00a0a\u00a0<b>biele<\/b>\u00a0prevedenie jednoducho zakomponujete do ka\u017ed\u00e9ho detskej izbi\u010dky.\u00a0<b>Dva<\/b>\u00a0z\u00e1suvn\u00e9 kontajnery vyu\u017eijete na odkladanie drobnost\u00ed, ale aj veci, na ktor\u00fdch mu z\u00e1le\u017e\u00ed. S\u00a0naj\u00fa\u017easnej\u0161ou\u00a0<b>poste\u013eou Elisia\u00a0<\/b>vytvor\u00edte dokonal\u00e9 detsk\u00e9 kr\u00e1\u013eovstvo.<\/p>\n<div class=\"text\">\n<ul>\n<li><b>Materi\u00e1l:<\/b>\u00a0borovicov\u00fd mas\u00edv\/preglejka(ro\u0161t)<\/li>\n<li><b>Farba:<\/b>\u00a0biela<\/li>\n<li><b>Rozmery (\u0160xHxV):<\/b>\u00a0208x96x148 cm<\/li>\n<li><b>Rozmery l\u00f4\u017eka (\u0160xH):<\/b>\u00a090&#215;200 cm<\/li>\n<li>Dod\u00e1van\u00e1 s rolovan\u00fdm ro\u0161tom ZDARMA<\/li>\n<li><b>V\u00fd\u0161ka po ro\u0161t:<\/b>\u00a027,5 cm<\/li>\n<li>S \u00falo\u017en\u00fdm priestorom<\/li>\n<li>2-z\u00e1suvn\u00e9 kontajnery<\/li>\n<li><b>Kontajner (\u0160xHxV):<\/b>\u00a099x92x22 cm<\/li>\n<li>Dod\u00e1van\u00e9 bez matraca<\/li>\n<li>Mo\u017enos\u0165 zak\u00fapi\u0165 matrace z na\u0161ej ponuky<\/li>\n<li>Dod\u00e1van\u00e9 v demonte<\/li>\n<\/ul>\n<table border=\"0\" cellspacing=\"1\" cellpadding=\"1\">\n<tbody>\n<tr>\n<td style=\"width: 245px\"><img decoding=\"async\" src=\"https:\/\/shop.tempo-kondela.sk\/Files\/2521000\/2521873\/montana.png\" alt=\"Matrac, penov\u00fd, 90x200, MONTANA\" \/><\/td>\n<td style=\"width: 514px\"><u><strong>Matrac MONTANA:<\/strong><\/u><\/p>\n<p><a href=\"https:\/\/nabytoklaguna.sk\/sk\/obchod\/spalne\/matrace\/tempo-kondela-montana\/\">https:\/\/nabytoklaguna.sk\/sk\/obchod\/spalne\/matrace\/tempo-kondela-montana\/<\/a><\/p>\n<p>&nbsp;<\/p>\n<p>&nbsp;<\/td>\n<\/tr>\n<tr>\n<td style=\"width: 245px\"><img decoding=\"async\" src=\"https:\/\/nabytoklaguna.sk\/sk\/wp-content\/uploads\/2017\/11\/80x200-610x609.jpg\" \/><\/td>\n<td style=\"width: 514px\"><strong><u>Matrac BE KATARINA:<\/u><\/strong><\/p>\n<p><a href=\"https:\/\/nabytoklaguna.sk\/sk\/obchod\/spalne\/matrace\/tempo-kondela-katarina-10\/\">https:\/\/nabytoklaguna.sk\/sk\/obchod\/spalne\/matrace\/tempo-kondela-katarina-10\/<\/a><\/td>\n<\/tr>\n<\/tbody>\n<\/table>\n<\/div>\n","protected":false},"excerpt":{"rendered":"<p>Poste\u013e ELISIA je snom ka\u017ed\u00e9ho ka\u017ed\u00e9ho die\u0165a\u0165a. Jej vzdu\u0161n\u00fd vzh\u013ead\u00a0a\u00a0dom\u010dekov\u00e9\u00a0prevedenie vytvor\u00ed ide\u00e1lne miesto pre mno\u017estvo detsk\u00fdch hier. Poste\u013e Elisia pom\u00e1ha\u00a0rozv\u00edja\u0165 fant\u00e1ziu die\u0165a\u0165a a napom\u00e1ha z\u00edska\u0165 ve\u013ea zru\u010dnost\u00ed, na ktor\u00e9 pr\u00edde samo pri v\u0161etk\u00fdch t\u00fdch dobrodru\u017estv\u00e1ch. Stabilitu a\u00a0trv\u00e1cnos\u0165\u00a0zaru\u010duje\u00a0borovicov\u00fd mas\u00edv\u00a0a\u00a0biele\u00a0prevedenie jednoducho zakomponujete do ka\u017ed\u00e9ho detskej izbi\u010dky.\u00a0Dva\u00a0z\u00e1suvn\u00e9 kontajnery vyu\u017eijete na odkladanie drobnost\u00ed, ale aj veci, na ktor\u00fdch mu&#8230;<\/p>\n","protected":false},"featured_media":93504,"comment_status":"closed","ping_status":"closed","template":"","meta":{"_seopress_robots_primary_cat":"none","_seopress_titles_title":"                                    ","_seopress_titles_desc":"                                    ","_seopress_robots_index":""},"product_brand":[],"product_cat":[234,209],"product_tag":[],"class_list":{"0":"post-93499","1":"product","2":"type-product","3":"status-publish","4":"has-post-thumbnail","6":"product_cat-detske-postele","7":"product_cat-detske-izby","8":"pa_typ-produktu-s-matracom-be-katarina-10-new","9":"pa_typ-produktu-s-matracom-montana","10":"pa_typ-produktu-s-rostom-bez-matraca-2","12":"first","13":"onbackorder","14":"shipping-taxable","15":"purchasable","16":"product-type-variable"},"_links":{"self":[{"href":"https:\/\/nabytoklaguna.sk\/sk\/wp-json\/wp\/v2\/product\/93499","targetHints":{"allow":["GET"]}}],"collection":[{"href":"https:\/\/nabytoklaguna.sk\/sk\/wp-json\/wp\/v2\/product"}],"about":[{"href":"https:\/\/nabytoklaguna.sk\/sk\/wp-json\/wp\/v2\/types\/product"}],"replies":[{"embeddable":true,"href":"https:\/\/nabytoklaguna.sk\/sk\/wp-json\/wp\/v2\/comments?post=93499"}],"wp:featuredmedia":[{"embeddable":true,"href":"https:\/\/nabytoklaguna.sk\/sk\/wp-json\/wp\/v2\/media\/93504"}],"wp:attachment":[{"href":"https:\/\/nabytoklaguna.sk\/sk\/wp-json\/wp\/v2\/media?parent=93499"}],"wp:term":[{"taxonomy":"product_brand","embeddable":true,"href":"https:\/\/nabytoklaguna.sk\/sk\/wp-json\/wp\/v2\/product_brand?post=93499"},{"taxonomy":"product_cat","embeddable":true,"href":"https:\/\/nabytoklaguna.sk\/sk\/wp-json\/wp\/v2\/product_cat?post=93499"},{"taxonomy":"product_tag","embeddable":true,"href":"https:\/\/nabytoklaguna.sk\/sk\/wp-json\/wp\/v2\/product_tag?post=93499"}],"curies":[{"name":"wp","href":"https:\/\/api.w.org\/{rel}","templated":true}]}}