{"id":95834,"date":"2021-03-19T13:29:18","date_gmt":"2021-03-19T12:29:18","guid":{"rendered":"https:\/\/nabytoklaguna.sk\/sk\/?post_type=product&#038;p=95834"},"modified":"2026-01-14T10:48:47","modified_gmt":"2026-01-14T09:48:47","slug":"k-kastler-typ3","status":"publish","type":"product","link":"https:\/\/nabytoklaguna.sk\/sk\/produkt\/k-kastler-typ3\/","title":{"rendered":"K KASTLER typ 3"},"content":{"rendered":"<p>Potrebujete nov\u00fd konferen\u010dn\u00fd stol\u00edk no neviete si vybra\u0165? A \u010do tak namiesto jedn\u00e9ho rovno tri? Pon\u00fakame V\u00e1m set troch konferen\u010dn\u00fdch stol\u00edkov KASTLER TYP 3. Tieto stol\u00edky V\u00e1s dostan\u00fa hne\u010f na prv\u00fd poh\u013ead. S\u00fa ve\u013emi praktick\u00e9, mo\u017eete ich ma\u0165 umiestnen\u00e9 ved\u013ea seba, oddelen\u00e9 od seba alebo ich jednoducho zasuniete do seba. Vyroben\u00e9 s\u00fa\u00a0 z laminovanej MDF vo farebnom preveden\u00ed biely mat, dub sonoma \u010di orech. R\u00e1m je z kovu v \u010diernej farbe. Dopl\u0148te Va\u0161u dom\u00e1cnos\u0165 t\u00fdmto zauj\u00edmav\u00fdm k\u00faskom<\/p>\n<p>VLASTNOSI<\/p>\n<div class=\"text\">\n<ul>\n<li><b>Materi\u00e1l:<\/b>\u00a0MDF laminovan\u00e1\/kov<\/li>\n<li><b>Farba:<\/b> biela matn\u00e1\/\u010dierna, dub sonoma\/\u010dierna, orech\/\u010dierna<\/li>\n<li><b>V\u00e4\u010d\u0161\u00ed stol\u00edk (\u0160xHxV):<\/b>\u00a040x40x42 cm<\/li>\n<li><b>Stredn\u00fd stol\u00edk (\u0160xHxV):<\/b>\u00a035x35x39 cm<\/li>\n<li><b>Men\u0161\u00ed stol\u00edk (\u0160xHxV):<\/b>\u00a030x30x36 cm<\/li>\n<li><b>Hr\u00fabka materi\u00e1lu:<\/b>\u00a015 mm<\/li>\n<li>Set troch konferen\u010dn\u00fdch stol\u00edkov<\/li>\n<li>Dod\u00e1van\u00e9 v demonte<\/li>\n<\/ul>\n<\/div>\n","protected":false},"excerpt":{"rendered":"<p>Potrebujete nov\u00fd konferen\u010dn\u00fd stol\u00edk no neviete si vybra\u0165? A \u010do tak namiesto jedn\u00e9ho rovno tri? Pon\u00fakame V\u00e1m set troch konferen\u010dn\u00fdch stol\u00edkov KASTLER TYP 3. Tieto stol\u00edky V\u00e1s dostan\u00fa hne\u010f na prv\u00fd poh\u013ead. S\u00fa ve\u013emi praktick\u00e9, mo\u017eete ich ma\u0165 umiestnen\u00e9 ved\u013ea seba, oddelen\u00e9 od seba alebo ich jednoducho zasuniete do seba. Vyroben\u00e9 s\u00fa\u00a0 z laminovanej MDF&#8230;<\/p>\n","protected":false},"featured_media":95836,"comment_status":"closed","ping_status":"closed","template":"","meta":{"_seopress_robots_primary_cat":"none","_seopress_titles_title":"","_seopress_titles_desc":"","_seopress_robots_index":""},"product_brand":[],"product_cat":[221],"product_tag":[],"class_list":{"0":"post-95834","1":"product","2":"type-product","3":"status-publish","4":"has-post-thumbnail","6":"product_cat-konferencne-stoliky","8":"first","9":"onbackorder","10":"shipping-taxable","11":"purchasable","12":"product-type-variable"},"_links":{"self":[{"href":"https:\/\/nabytoklaguna.sk\/sk\/wp-json\/wp\/v2\/product\/95834","targetHints":{"allow":["GET"]}}],"collection":[{"href":"https:\/\/nabytoklaguna.sk\/sk\/wp-json\/wp\/v2\/product"}],"about":[{"href":"https:\/\/nabytoklaguna.sk\/sk\/wp-json\/wp\/v2\/types\/product"}],"replies":[{"embeddable":true,"href":"https:\/\/nabytoklaguna.sk\/sk\/wp-json\/wp\/v2\/comments?post=95834"}],"wp:featuredmedia":[{"embeddable":true,"href":"https:\/\/nabytoklaguna.sk\/sk\/wp-json\/wp\/v2\/media\/95836"}],"wp:attachment":[{"href":"https:\/\/nabytoklaguna.sk\/sk\/wp-json\/wp\/v2\/media?parent=95834"}],"wp:term":[{"taxonomy":"product_brand","embeddable":true,"href":"https:\/\/nabytoklaguna.sk\/sk\/wp-json\/wp\/v2\/product_brand?post=95834"},{"taxonomy":"product_cat","embeddable":true,"href":"https:\/\/nabytoklaguna.sk\/sk\/wp-json\/wp\/v2\/product_cat?post=95834"},{"taxonomy":"product_tag","embeddable":true,"href":"https:\/\/nabytoklaguna.sk\/sk\/wp-json\/wp\/v2\/product_tag?post=95834"}],"curies":[{"name":"wp","href":"https:\/\/api.w.org\/{rel}","templated":true}]}}