{"id":99956,"date":"2021-06-08T15:09:54","date_gmt":"2021-06-08T13:09:54","guid":{"rendered":"https:\/\/nabytoklaguna.sk\/sk\/?post_type=product&#038;p=99956"},"modified":"2025-09-24T12:02:56","modified_gmt":"2025-09-24T10:02:56","slug":"k-ferata","status":"publish","type":"product","link":"https:\/\/nabytoklaguna.sk\/sk\/produkt\/k-ferata\/","title":{"rendered":"K FERATA"},"content":{"rendered":"<p>Luxusn\u00e1 boxspringov\u00e1 <b>poste\u013e FERATA<\/b> sa postar\u00e1 o maxim\u00e1lne pohodlie. \u010cist\u00fd dizajn a prec\u00edzne spracovanie spolu s\u00a0 neutr\u00e1lnou sivou farbou predur\u010duj\u00fa poste\u013e FERATA sta\u0165 sa dominantou Va\u0161ej sp\u00e1lne. Poste\u013e je \u010dal\u00fanen\u00e1 je <b>l\u00e1tkou Colet<\/b>\u00a0v\u00a0<b>svetlosivej farbe<\/b>. Dokonal\u00fd odpo\u010dinok zabezpe\u010duje kvalitn\u00fd matrac z bonelov\u00fdch pru\u017e\u00edn. Kon\u0161trukcia postele je dreven\u00e1, pevn\u00e1 a zaru\u010duje\u00a0<b>nosnos\u0165 na jedno l\u00f4\u017eko a\u017e 120 kg.<\/b> <b>Vysok\u00e9 \u010delo<\/b>\u00a0p\u00f4sob\u00ed v\u010faka obl\u00fdm hran\u00e1m m\u00e4kko a ne\u017ene. \u010cal\u00fanenie je\u00a0<b>dekorat\u00edvne pre\u0161it\u00e9<\/b>, \u010do dod\u00e1va posteli n\u00e1dych elegancie.\u00a0<b>Spodn\u00e1 kon\u0161trukcia je dreven\u00e1<\/b>, \u010dal\u00fanen\u00e1 l\u00e1tkou, nahr\u00e1dza klasick\u00fd lamelov\u00fd ro\u0161t. Na nej je matrac, ktor\u00fd obsahuje\u00a0<b>kvalitn\u00e9 jadro z bonelov\u00fdch pru\u017e\u00edn<\/b>. Ur\u010dite ocen\u00edte aj <b>\u00falo\u017en\u00fd priestor<\/b>, ktor\u00fd je s\u00fa\u010das\u0165ou postele. Dostanete sa k nemu vyklopen\u00edm ro\u0161tovej dosky s matracom. Pri posteliach s rozmerom 120 a 140 cm je \u00falo\u017en\u00fd priestor pr\u00edstupn\u00fd od n\u00f4h, postele 160 a 180 cm maj\u00fa \u00falo\u017en\u00fd priestor pr\u00edstupn\u00fd zboku postele. Pon\u00fakame v\u00e1m mo\u017enos\u0165 objednania aj v in\u00fdch farebn\u00fdch prevedeniach l\u00e1tky Colet. <b>Cena<\/b>\u00a0postele sa\u00a0<b>nemen\u00ed<\/b>. Vyberajte pod\u013ea vzorkovn\u00edka. Svoj v\u00fdber pozna\u010dte priamo do pozn\u00e1mky v objedn\u00e1vkovom formul\u00e1ri.<\/p>\n<div class=\"text\">\n<ul>\n<li><b>Materi\u00e1l:<\/b>\u00a0l\u00e1tka Colet 04<\/li>\n<li><b>Farba:<\/b>\u00a0svetlosiv\u00e1<\/li>\n<li><b>Rozmery (\u0160xHxV):<\/b> 180x215x90 cm, <b>Plocha na spanie (\u0160xD):<\/b>\u00a0180&#215;200 cm<\/li>\n<li><b>Rozmery (\u0160xHxV):<\/b> 160x215x90 cm, <b>Plocha na spanie (\u0160xD):<\/b> 160&#215;200 cm<\/li>\n<li><b>Rozmery (\u0160xHxV):<\/b> 140x215x90 cm, <b>Plocha na spanie (\u0160xD):<\/b> 140&#215;200 cm<\/li>\n<li><b>Rozmery (\u0160xHxV):<\/b> 120x215x90 cm, <b>Plocha na spanie (\u0160xD):<\/b> 120&#215;200 cm<\/li>\n<li><b>V\u00fd\u0161ka l\u00f4\u017eka:<\/b>\u00a049 cm<\/li>\n<li><b>Nosnos\u0165:<\/b>120 kg na jedno l\u00f4\u017eko<\/li>\n<li>Dod\u00e1van\u00e9 s matracom<\/li>\n<li>Matrac s jadrom z bonelov\u00fdch pru\u017e\u00edn<\/li>\n<li>Pevn\u00e1 spodn\u00e1 dreven\u00e1 kon\u0161trukcia \u010dal\u00fanen\u00e1 l\u00e1tkou<\/li>\n<li>Bez pr\u00eddavnej krycej podlo\u017eky<\/li>\n<li>S \u00falo\u017en\u00fdm priestorom<\/li>\n<li>Dod\u00e1van\u00e9 v demonte<\/li>\n<\/ul>\n<\/div>\n","protected":false},"excerpt":{"rendered":"<p>Luxusn\u00e1 boxspringov\u00e1 poste\u013e FERATA sa postar\u00e1 o maxim\u00e1lne pohodlie. \u010cist\u00fd dizajn a prec\u00edzne spracovanie spolu s\u00a0 neutr\u00e1lnou sivou farbou predur\u010duj\u00fa poste\u013e FERATA sta\u0165 sa dominantou Va\u0161ej sp\u00e1lne. Poste\u013e je \u010dal\u00fanen\u00e1 je l\u00e1tkou Colet\u00a0v\u00a0svetlosivej farbe. Dokonal\u00fd odpo\u010dinok zabezpe\u010duje kvalitn\u00fd matrac z bonelov\u00fdch pru\u017e\u00edn. Kon\u0161trukcia postele je dreven\u00e1, pevn\u00e1 a zaru\u010duje\u00a0nosnos\u0165 na jedno l\u00f4\u017eko a\u017e 120 kg&#8230;.<\/p>\n","protected":false},"featured_media":92031,"comment_status":"closed","ping_status":"closed","template":"","meta":{"_seopress_robots_primary_cat":"617","_seopress_titles_title":"","_seopress_titles_desc":"","_seopress_robots_index":""},"product_brand":[],"product_cat":[4012,617],"product_tag":[],"class_list":{"0":"post-99956","1":"product","2":"type-product","3":"status-publish","4":"has-post-thumbnail","6":"product_cat-postele","7":"product_cat-boxspring-postele","9":"first","10":"onbackorder","11":"shipping-taxable","12":"purchasable","13":"product-type-variable"},"_links":{"self":[{"href":"https:\/\/nabytoklaguna.sk\/sk\/wp-json\/wp\/v2\/product\/99956","targetHints":{"allow":["GET"]}}],"collection":[{"href":"https:\/\/nabytoklaguna.sk\/sk\/wp-json\/wp\/v2\/product"}],"about":[{"href":"https:\/\/nabytoklaguna.sk\/sk\/wp-json\/wp\/v2\/types\/product"}],"replies":[{"embeddable":true,"href":"https:\/\/nabytoklaguna.sk\/sk\/wp-json\/wp\/v2\/comments?post=99956"}],"wp:featuredmedia":[{"embeddable":true,"href":"https:\/\/nabytoklaguna.sk\/sk\/wp-json\/wp\/v2\/media\/92031"}],"wp:attachment":[{"href":"https:\/\/nabytoklaguna.sk\/sk\/wp-json\/wp\/v2\/media?parent=99956"}],"wp:term":[{"taxonomy":"product_brand","embeddable":true,"href":"https:\/\/nabytoklaguna.sk\/sk\/wp-json\/wp\/v2\/product_brand?post=99956"},{"taxonomy":"product_cat","embeddable":true,"href":"https:\/\/nabytoklaguna.sk\/sk\/wp-json\/wp\/v2\/product_cat?post=99956"},{"taxonomy":"product_tag","embeddable":true,"href":"https:\/\/nabytoklaguna.sk\/sk\/wp-json\/wp\/v2\/product_tag?post=99956"}],"curies":[{"name":"wp","href":"https:\/\/api.w.org\/{rel}","templated":true}]}}